{"id":9648,"date":"2020-09-28T17:32:00","date_gmt":"2020-09-28T15:32:00","guid":{"rendered":"http:\/\/lemotdujour.fr\/?page_id=9648"},"modified":"2020-11-12T21:35:32","modified_gmt":"2020-11-12T20:35:32","slug":"franz-schubert-lannee-1828","status":"publish","type":"page","link":"https:\/\/lemotdujour.fr\/?page_id=9648","title":{"rendered":"Franz Schubert : l&rsquo;ann\u00e9e 1828"},"content":{"rendered":"<p><span style=\"color: purple; font-family: Arial; font-size: 12pt;\"><em> Il peut para\u00eetre paradoxal d&rsquo;avoir consacr\u00e9 une s\u00e9rie de mots du jour \u00e0 Schubert et \u00e0 ses derni\u00e8res \u0153uvres, l&rsquo;ann\u00e9e 2020 qui est celle des 250 ans de la naissance de Beethoven.<br \/><\/em><\/span><\/p>\n<p><span style=\"color: purple; font-family: Arial; font-size: 12pt;\"><em> <img loading=\"lazy\" decoding=\"async\" class=\"size-full wp-image-9642 alignleft\" src=\"https:\/\/lemotdujour.fr\/wp-content\/uploads\/2020\/09\/schubert_piano_franz.jpg\" alt=\"\" width=\"220\" height=\"210\" \/>A l&rsquo;analyse, je devais probablement acquitter ma dette envers Franz Schubert le musicien de l&rsquo;ombre mais qui pour moi a toujours \u00e9t\u00e9 le musicien de l&rsquo;\u00e9motion et de l&rsquo;\u00e9vidence, avant de pouvoir passer au monument Beethoven.<br \/><\/em><\/span><\/p>\n<p><span style=\"color: purple; font-family: Arial; font-size: 12pt;\"><em> Schubert qui croisa Beethoven \u00e0 Vienne sans jamais oser l&rsquo;aborder car il se sentait trop petit pour ce g\u00e9ant.<br \/><\/em><\/span><\/p>\n<p><span style=\"color: purple; font-family: Arial; font-size: 12pt;\"><em> Pourtant il semble, comme le rappelait Olivier Bellamy dans un article du Monde de la musique de mai 2007, que Beethoven aurait dit sur son lit de mort \u00e0 la lecture de lieder de Schubert : \u00ab<strong>Dans la musique de ce Schubert, il y a une \u00e9tincelle divine<\/strong>.\u00bb<br \/><\/em><\/span><\/p>\n<p><span style=\"color: purple; font-family: Arial; font-size: 12pt;\"><em> Il est bien certain que si Beethoven a eu acc\u00e8s aux \u0153uvres de Schubert, il n&rsquo;est pas envisageable qu&rsquo;il n&rsquo;ait pas \u00e9t\u00e9 saisi, comme nous, par cette extraordinaire capacit\u00e9 de toucher imm\u00e9diatement au plus profond de notre \u00eatre.<br \/><\/em><\/span><\/p>\n<p><span style=\"color: purple; font-family: Arial; font-size: 12pt;\"><em> Il a fallu des circonstances particuli\u00e8res pour que cette entreprise, d&rsquo;\u00e9crire une s\u00e9rie de mots du jour sur les ultimes \u0153uvres de Schubert, puisse prosp\u00e9rer : Un confinement in\u00e9dit et sid\u00e9rant qui nous a oblig\u00e9 \u00e0 garder la chambre ou au moins l&rsquo;appartement pendant plusieurs mois.<br \/><\/em><\/span><\/p>\n<p><span style=\"color: purple; font-family: Arial; font-size: 12pt;\"><em> La demande de mon ami Jean-Fran\u00e7ois de Dijon d&rsquo;\u00e9crire dans ces conditions aussi un mot du jour le Weekend.<br \/><\/em><\/span><\/p>\n<p><span style=\"color: purple; font-family: Arial; font-size: 12pt;\"><em> La qu\u00eate de ces mots du jour particuliers et l&rsquo;\u00e9coute de la Fantaisie pour piano \u00e0 quatre mains D. 940 qui m&rsquo;a conduit \u00e0 en faire un mot du jour.<br \/><\/em><\/span><\/p>\n<p><span style=\"color: purple; font-family: Arial; font-size: 12pt;\"><em> Et au moment de l&rsquo;\u00e9criture, le souvenir d&rsquo;une phrase de Benjamin Britten entendue dans une \u00e9mission d&rsquo;une radio suisse, il y a quelques ann\u00e9es.<br \/><\/em><\/span><\/p>\n<p><span style=\"color: purple; font-family: Arial; font-size: 12pt;\"><em> Britten disait que l<strong>&lsquo;ann\u00e9e 1828 avait \u00e9t\u00e9 la plus f\u00e9conde de toute l&rsquo;histoire de la musique occidentale parce qu&rsquo;elle fut la derni\u00e8re de la courte vie de Schubert et qu&rsquo;elle fut l&rsquo;ann\u00e9e d&rsquo;un nombre incroyable de chefs d&rsquo;\u0153uvre<\/strong>.<br \/><\/em><\/span><\/p>\n<p><span style=\"color: purple; font-family: Arial; font-size: 12pt;\"><em> C&rsquo;est ainsi que m&rsquo;est venu cette id\u00e9e d&rsquo;\u00e9couter, de r\u00e9\u00e9couter et de d\u00e9couvrir celles des \u0153uvres que je ne connaissais pas encore de l&rsquo;ann\u00e9e 1828 et d&rsquo;interroger l&rsquo;affirmation de Benjamin Britten.<br \/><\/em><\/span><\/p>\n<p><span style=\"color: purple; font-family: Arial; font-size: 12pt;\"><em> Ce fut un travail exhaustif, exaltant et contraignant que j&rsquo;ai ainsi r\u00e9alis\u00e9.<br \/><\/em><\/span><\/p>\n<p><span style=\"color: purple; font-family: Arial; font-size: 12pt;\"><em> Ma conclusion est sans ambig\u00fcit\u00e9, Benjamin Britten avait raison.<br \/><\/em><\/span><\/p>\n<p><span style=\"color: purple; font-family: Arial; font-size: 12pt;\"><em> Ce fut une ann\u00e9e miraculeuse, pendant laquelle un jeune homme ayant \u00e0 peine 30 ans, se sachant condamn\u00e9, m\u00eame s&rsquo;il ignorait que ce fusse si court, va se jeter dans une course contre la montre et la mort pour tenter de donner au monde des vivants le maximum de ce que son g\u00e9nie \u00e9tait capable de produire en dix mois.<br \/><\/em><\/span><\/p>\n<p><span style=\"color: purple; font-family: Arial; font-size: 12pt;\"><em> J&rsquo;ai donc \u00e9crit dix mots du jour consacr\u00e9s chacun \u00e0 un monument de la musique. Et puis un onzi\u00e8me qui \u00e9num\u00e9rait les 18 autres pi\u00e8ces compos\u00e9es et non perdues pour en souligner encore quelques merveilles.<br \/><\/em><\/span><\/p>\n<p><span style=\"color: purple; font-family: Arial; font-size: 12pt;\"><em> Ce travail \u00e9minemment personnel peut d\u00e9border la capacit\u00e9 d&rsquo;\u00e9coute, d&rsquo;attention ou simplement le temps que vous pouvez y consacrer.<br \/><\/em><\/span><\/p>\n<p><span style=\"color: purple; font-family: Arial; font-size: 12pt;\"><em> Mais je crois que c&rsquo;est ainsi que fonctionne le mot du jour : j&rsquo;entends, j&rsquo;approfondis, j&rsquo;essaye de comprendre ou simplement comme ici d&rsquo;\u00eatre en mesure de capter l&rsquo;indicible et puis partager ce que je suis capable de partager.<br \/><\/em><\/span><\/p>\n<p><span style=\"color: purple; font-family: Arial; font-size: 12pt;\"><em> A Chacun, alors de recueillir ce qu&rsquo;il est capable de recevoir.<br \/><\/em><\/span><\/p>\n<p><span style=\"color: purple; font-family: Arial; font-size: 12pt;\"><em> Dans ces 11 mots du jour il en est encore plus personnel que les autres, celui consacr\u00e9 au <strong>quintette en ut pour 2 violoncelles D. 956<\/strong>, l&rsquo;opus magnum de la musique de chambre a dit Christine Mondon que je citais et dont je trouve la formule si juste.<br \/><\/em><\/span><\/p>\n<p><span style=\"color: purple; font-family: Arial; font-size: 12pt;\"><em> Et si cet opus magnum vous effraie et vous semble hors de port\u00e9e, entrez dans la musique de Schubert simplement par le <strong>Klavierstucke N\u00b0 2 D. 946<\/strong>, en fran\u00e7ais \u00abmorceau de musique de piano\u00bb.<br \/><\/em><\/span><\/p>\n<p><span style=\"color: purple; font-family: Arial; font-size: 12pt;\"><em> D&rsquo;abord une petite m\u00e9lodie simple, romantique presque insouciante mais au bout de 2 minutes, les touches graves du piano annoncent tout autre chose et viennent confronter dans la profondeur de l&rsquo;\u00e2me humaine toute la complexit\u00e9 de nos sentiments et de notre vie.<br \/><\/em><\/span><\/p>\n<p><span style=\"color: purple; font-family: Arial; font-size: 12pt;\"><em> Il faut \u00e9couter cette pi\u00e8ce par la pianiste portugaise Maria Joao Pires qui par sa sensibilit\u00e9 rend chaque note de Schubert \u00e9vidente, de sorte qu&rsquo;il ne s&rsquo;agit plus de notes mais de la Musique. <\/em><\/span><span style=\"color: purple; font-family: Arial; font-size: 12pt;\"><em><span style=\"color: #0000ff;\"><a style=\"color: #0000ff;\" href=\"https:\/\/www.youtube.com\/watch?v=MPpI_Bvn8OU\"> &lt;c&rsquo;est ici&gt; <\/a><\/span><br \/>Cette page et ces articles sont ici pour un certain temps. Vous pouvez y venir ou y revenir aussi souvent que vous le souhaiterez et surtout vous remplir ici ou ailleurs de la musique de ce g\u00e9nie qui avait pour nom Franz Schubert et qui est mort \u00e0 31 ans.<br \/><\/em><\/span><\/p>\n<div>\n<table style=\"border-collapse: collapse;\" border=\"0\"><colgroup> <col style=\"width: 34px;\" \/> <col style=\"width: 331px;\" \/> <col style=\"width: 209px;\" \/><\/colgroup>\n<tbody valign=\"top\">\n<tr style=\"height: 19px; background: #f2dbdb;\">\n<td style=\"padding-left: 7px; padding-right: 7px; border: solid #bfbfbf 0.5pt;\" valign=\"middle\"><span style=\"color: black; font-family: Arial;\"><strong>Nr<\/strong><\/span>\u00a0<\/td>\n<td style=\"padding-left: 7px; padding-right: 7px; border-top: solid #bfbfbf 0.5pt; border-left: none; border-bottom: solid #bfbfbf 0.5pt; border-right: solid #bfbfbf 0.5pt;\" valign=\"middle\">\n<p style=\"text-align: center;\"><span style=\"color: black; font-family: Arial;\"><strong>\u0152uvres<\/strong><\/span>\u00a0<\/p>\n<\/td>\n<td style=\"padding-left: 7px; padding-right: 7px; border-top: solid #bfbfbf 0.5pt; border-left: none; border-bottom: solid #bfbfbf 0.5pt; border-right: solid #bfbfbf 0.5pt;\" valign=\"middle\">\n<p style=\"text-align: center;\"><span style=\"color: black; font-family: Arial;\"><strong>Lien<\/strong><\/span><\/p>\n<\/td>\n<\/tr>\n<tr style=\"height: 19px;\">\n<td style=\"padding-left: 7px; padding-right: 7px; border-top: none; border-left: solid #bfbfbf 0.5pt; border-bottom: solid #bfbfbf 0.5pt; border-right: solid #bfbfbf 0.5pt;\"><span style=\"color: navy; font-family: Arial;\"><strong>1<\/strong><\/span>\u00a0<\/td>\n<td style=\"padding-left: 7px; padding-right: 7px; border-top: none; border-left: none; border-bottom: solid #bfbfbf 0.5pt; border-right: solid #bfbfbf 0.5pt;\"><span style=\"color: navy; font-family: Arial;\"><strong>Fantaisie D. 940 pour piano \u00e0 quatre mains.<\/strong><\/span>\u00a0<\/td>\n<td style=\"padding-left: 7px; padding-right: 7px; border-top: none; border-left: none; border-bottom: solid #bfbfbf 0.5pt; border-right: solid #bfbfbf 0.5pt;\"><a href=\"https:\/\/lemotdujour.fr\/?p=8663\"><span style=\"color: blue; font-family: Arial; text-decoration: underline;\">Samedi 25 avril 2020<\/span><\/a>\u00a0<\/td>\n<\/tr>\n<tr style=\"height: 19px;\">\n<td style=\"padding-left: 7px; padding-right: 7px; border-top: none; border-left: solid #bfbfbf 0.5pt; border-bottom: solid #bfbfbf 0.5pt; border-right: solid #bfbfbf 0.5pt;\"><span style=\"color: navy; font-family: Arial;\"><strong>2<\/strong><\/span>\u00a0<\/td>\n<td style=\"padding-left: 7px; padding-right: 7px; border-top: none; border-left: none; border-bottom: solid #bfbfbf 0.5pt; border-right: solid #bfbfbf 0.5pt;\"><span style=\"color: navy; font-family: Arial;\"><strong>Symphonie no 9 en ut \u00ab\u00a0La Grande\u00a0\u00bb D. 944<\/strong><\/span><\/td>\n<td style=\"padding-left: 7px; padding-right: 7px; border-top: none; border-left: none; border-bottom: solid #bfbfbf 0.5pt; border-right: solid #bfbfbf 0.5pt;\"><a href=\"https:\/\/lemotdujour.fr\/?p=8733\"><span style=\"color: blue; font-family: Arial; text-decoration: underline;\">Samedi 2 mai 2020<\/span>\u00a0<\/a><\/td>\n<\/tr>\n<tr style=\"height: 19px;\">\n<td style=\"padding-left: 7px; padding-right: 7px; border-top: none; border-left: solid #bfbfbf 0.5pt; border-bottom: solid #bfbfbf 0.5pt; border-right: solid #bfbfbf 0.5pt;\"><span style=\"color: navy; font-family: Arial;\"><strong>3<\/strong><\/span>\u00a0<\/td>\n<td style=\"padding-left: 7px; padding-right: 7px; border-top: none; border-left: none; border-bottom: solid #bfbfbf 0.5pt; border-right: solid #bfbfbf 0.5pt;\"><span style=\"color: navy; font-family: Arial;\"><strong>Sonate pour piano N\u00b019 D. 958<\/strong><\/span>\u00a0<\/td>\n<td style=\"padding-left: 7px; padding-right: 7px; border-top: none; border-left: none; border-bottom: solid #bfbfbf 0.5pt; border-right: solid #bfbfbf 0.5pt;\"><a href=\"https:\/\/lemotdujour.fr\/?p=8819\"><span style=\"color: blue; font-family: Arial; text-decoration: underline;\">Vendredi 8 mai 2020<\/span><\/a>\u00a0<\/td>\n<\/tr>\n<tr style=\"height: 19px;\">\n<td style=\"padding-left: 7px; padding-right: 7px; border-top: none; border-left: solid #bfbfbf 0.5pt; border-bottom: solid #bfbfbf 0.5pt; border-right: solid #bfbfbf 0.5pt;\"><span style=\"color: navy; font-family: Arial;\"><strong>4<\/strong><\/span>\u00a0<\/td>\n<td style=\"padding-left: 7px; padding-right: 7px; border-top: none; border-left: none; border-bottom: solid #bfbfbf 0.5pt; border-right: solid #bfbfbf 0.5pt;\"><span style=\"color: navy; font-family: Arial;\"><strong>Sonate pour piano N\u00b020 D. 959<\/strong><\/span>\u00a0<\/td>\n<td style=\"padding-left: 7px; padding-right: 7px; border-top: none; border-left: none; border-bottom: solid #bfbfbf 0.5pt; border-right: solid #bfbfbf 0.5pt;\"><a href=\"https:\/\/lemotdujour.fr\/?p=8831\"><span style=\"color: blue; font-family: Arial; text-decoration: underline;\">Samedi 9 mai 2020<\/span>\u00a0<\/a><\/td>\n<\/tr>\n<tr style=\"height: 19px;\">\n<td style=\"padding-left: 7px; padding-right: 7px; border-top: none; border-left: solid #bfbfbf 0.5pt; border-bottom: solid #bfbfbf 0.5pt; border-right: solid #bfbfbf 0.5pt;\"><span style=\"color: navy; font-family: Arial;\"><strong>5<\/strong><\/span>\u00a0<\/td>\n<td style=\"padding-left: 7px; padding-right: 7px; border-top: none; border-left: none; border-bottom: solid #bfbfbf 0.5pt; border-right: solid #bfbfbf 0.5pt;\"><span style=\"color: navy; font-family: Arial;\"><strong>Sonate pour piano N\u00b021 D. 960<\/strong><\/span>\u00a0<\/td>\n<td style=\"padding-left: 7px; padding-right: 7px; border-top: none; border-left: none; border-bottom: solid #bfbfbf 0.5pt; border-right: solid #bfbfbf 0.5pt;\"><a href=\"https:\/\/lemotdujour.fr\/?p=8840\"><span style=\"color: blue; font-family: Arial; text-decoration: underline;\">Dimanche 10 mai 2020<\/span><\/a>\u00a0<\/td>\n<\/tr>\n<tr style=\"height: 19px;\">\n<td style=\"padding-left: 7px; padding-right: 7px; border-top: none; border-left: solid #bfbfbf 0.5pt; border-bottom: solid #bfbfbf 0.5pt; border-right: solid #bfbfbf 0.5pt;\"><span style=\"color: navy; font-family: Arial;\"><strong>6<\/strong><\/span>\u00a0<\/td>\n<td style=\"padding-left: 7px; padding-right: 7px; border-top: none; border-left: none; border-bottom: solid #bfbfbf 0.5pt; border-right: solid #bfbfbf 0.5pt;\"><span style=\"color: navy; font-family: Arial;\"><strong>Le chant du cygne D. 957<\/strong><\/span>\u00a0<\/td>\n<td style=\"padding-left: 7px; padding-right: 7px; border-top: none; border-left: none; border-bottom: solid #bfbfbf 0.5pt; border-right: solid #bfbfbf 0.5pt;\"><a href=\"https:\/\/lemotdujour.fr\/?p=9468\"><span style=\"color: blue; font-family: Arial; text-decoration: underline;\">Lundi 24 ao\u00fbt 2020<\/span><\/a>\u00a0<\/td>\n<\/tr>\n<tr style=\"height: 19px;\">\n<td style=\"padding-left: 7px; padding-right: 7px; border-top: none; border-left: solid #bfbfbf 0.5pt; border-bottom: solid #bfbfbf 0.5pt; border-right: solid #bfbfbf 0.5pt;\"><span style=\"color: navy; font-family: Arial;\"><strong>7<\/strong><\/span>\u00a0<\/td>\n<td style=\"padding-left: 7px; padding-right: 7px; border-top: none; border-left: none; border-bottom: solid #bfbfbf 0.5pt; border-right: solid #bfbfbf 0.5pt;\"><span style=\"color: navy; font-family: Arial;\"><strong>Messe N\u00b06 en mi mineur D. 950<\/strong><\/span><\/td>\n<td style=\"padding-left: 7px; padding-right: 7px; border-top: none; border-left: none; border-bottom: solid #bfbfbf 0.5pt; border-right: solid #bfbfbf 0.5pt;\"><a href=\"https:\/\/lemotdujour.fr\/?p=9475\"><span style=\"color: blue; font-family: Arial; text-decoration: underline;\">Mercredi 26 ao\u00fbt 2020<\/span>\u00a0<\/a><\/td>\n<\/tr>\n<tr style=\"height: 19px;\">\n<td style=\"padding-left: 7px; padding-right: 7px; border-top: none; border-left: solid #bfbfbf 0.5pt; border-bottom: solid #bfbfbf 0.5pt; border-right: solid #bfbfbf 0.5pt;\"><span style=\"color: navy; font-family: Arial;\"><strong>8<\/strong><\/span>\u00a0<\/td>\n<td style=\"padding-left: 7px; padding-right: 7px; border-top: none; border-left: none; border-bottom: solid #bfbfbf 0.5pt; border-right: solid #bfbfbf 0.5pt;\"><span style=\"color: navy; font-family: Arial;\"><strong>Klavierst\u00fccke D 946<\/strong><\/span>\u00a0<\/td>\n<td style=\"padding-left: 7px; padding-right: 7px; border-top: none; border-left: none; border-bottom: solid #bfbfbf 0.5pt; border-right: solid #bfbfbf 0.5pt;\"><a href=\"https:\/\/lemotdujour.fr\/?p=9515\"><span style=\"color: blue; font-family: Arial; text-decoration: underline;\">Jeudi 27 ao\u00fbt 2020<\/span>\u00a0<\/a><\/td>\n<\/tr>\n<tr style=\"height: 19px;\">\n<td style=\"padding-left: 7px; padding-right: 7px; border-top: none; border-left: solid #bfbfbf 0.5pt; border-bottom: solid #bfbfbf 0.5pt; border-right: solid #bfbfbf 0.5pt;\"><span style=\"color: navy; font-family: Arial;\"><strong>9<\/strong><\/span>\u00a0<\/td>\n<td style=\"padding-left: 7px; padding-right: 7px; border-top: none; border-left: none; border-bottom: solid #bfbfbf 0.5pt; border-right: solid #bfbfbf 0.5pt;\"><span style=\"color: navy; font-family: Arial;\"><strong>La derni\u00e8re \u0153uvre de Schubert D 965<\/strong><\/span>\u00a0<\/td>\n<td style=\"padding-left: 7px; padding-right: 7px; border-top: none; border-left: none; border-bottom: solid #bfbfbf 0.5pt; border-right: solid #bfbfbf 0.5pt;\"><a href=\"https:\/\/lemotdujour.fr\/?p=9531\"><span style=\"color: blue; font-family: Arial; text-decoration: underline;\">Vendredi 28 ao\u00fbt 2020<\/span>\u00a0<\/a><\/td>\n<\/tr>\n<tr style=\"height: 19px;\">\n<td style=\"padding-left: 7px; padding-right: 7px; border-top: none; border-left: solid #bfbfbf 0.5pt; border-bottom: solid #bfbfbf 0.5pt; border-right: solid #bfbfbf 0.5pt;\"><span style=\"color: navy; font-family: Arial;\"><strong>10<\/strong><\/span>\u00a0<\/td>\n<td style=\"padding-left: 7px; padding-right: 7px; border-top: none; border-left: none; border-bottom: solid #bfbfbf 0.5pt; border-right: solid #bfbfbf 0.5pt;\"><span style=\"color: navy; font-family: Arial;\"><strong>Le quintette \u00e0 cordes D 956<\/strong><\/span>\u00a0<\/td>\n<td style=\"padding-left: 7px; padding-right: 7px; border-top: none; border-left: none; border-bottom: solid #bfbfbf 0.5pt; border-right: solid #bfbfbf 0.5pt;\"><a href=\"https:\/\/lemotdujour.fr\/?p=9555\"><span style=\"color: blue; font-family: Arial; text-decoration: underline;\">Mardi 1 septembre 2020<\/span><\/a>\u00a0<\/td>\n<\/tr>\n<tr style=\"height: 19px;\">\n<td style=\"padding-left: 7px; padding-right: 7px; border-top: none; border-left: solid #bfbfbf 0.5pt; border-bottom: solid #bfbfbf 0.5pt; border-right: solid #bfbfbf 0.5pt;\"><span style=\"color: navy; font-family: Arial;\"><strong>11<\/strong><\/span>\u00a0<\/td>\n<td style=\"padding-left: 7px; padding-right: 7px; border-top: none; border-left: none; border-bottom: solid #bfbfbf 0.5pt; border-right: solid #bfbfbf 0.5pt;\"><span style=\"color: navy; font-family: Arial;\"><strong>Les autres \u0153uvres de 1828<\/strong><\/span><\/td>\n<td style=\"padding-left: 7px; padding-right: 7px; border-top: none; border-left: none; border-bottom: solid #bfbfbf 0.5pt; border-right: solid #bfbfbf 0.5pt;\"><a href=\"https:\/\/lemotdujour.fr\/?p=9564\"><span style=\"color: blue; font-family: Arial; text-decoration: underline;\">Vendredi 4 septembre 2020<\/span>\u00a0<\/a><\/td>\n<\/tr>\n<\/tbody>\n<\/table>\n<\/div>\n\n\n<p><\/p>\n","protected":false},"excerpt":{"rendered":"<p>Il peut para\u00eetre paradoxal d&rsquo;avoir consacr\u00e9 une s\u00e9rie de mots du jour \u00e0 Schubert et \u00e0 ses derni\u00e8res \u0153uvres, l&rsquo;ann\u00e9e 2020 qui est celle des 250 ans de la naissance de Beethoven. A l&rsquo;analyse, je devais probablement acquitter ma dette<\/p>\n","protected":false},"author":1,"featured_media":0,"parent":2543,"menu_order":1,"comment_status":"closed","ping_status":"closed","template":"","meta":{"footnotes":""},"class_list":["post-9648","page","type-page","status-publish","hentry"],"_links":{"self":[{"href":"https:\/\/lemotdujour.fr\/index.php?rest_route=\/wp\/v2\/pages\/9648","targetHints":{"allow":["GET"]}}],"collection":[{"href":"https:\/\/lemotdujour.fr\/index.php?rest_route=\/wp\/v2\/pages"}],"about":[{"href":"https:\/\/lemotdujour.fr\/index.php?rest_route=\/wp\/v2\/types\/page"}],"author":[{"embeddable":true,"href":"https:\/\/lemotdujour.fr\/index.php?rest_route=\/wp\/v2\/users\/1"}],"replies":[{"embeddable":true,"href":"https:\/\/lemotdujour.fr\/index.php?rest_route=%2Fwp%2Fv2%2Fcomments&post=9648"}],"version-history":[{"count":10,"href":"https:\/\/lemotdujour.fr\/index.php?rest_route=\/wp\/v2\/pages\/9648\/revisions"}],"predecessor-version":[{"id":10069,"href":"https:\/\/lemotdujour.fr\/index.php?rest_route=\/wp\/v2\/pages\/9648\/revisions\/10069"}],"up":[{"embeddable":true,"href":"https:\/\/lemotdujour.fr\/index.php?rest_route=\/wp\/v2\/pages\/2543"}],"wp:attachment":[{"href":"https:\/\/lemotdujour.fr\/index.php?rest_route=%2Fwp%2Fv2%2Fmedia&parent=9648"}],"curies":[{"name":"wp","href":"https:\/\/api.w.org\/{rel}","templated":true}]}}