{"id":9106,"date":"2020-06-11T22:50:21","date_gmt":"2020-06-11T20:50:21","guid":{"rendered":"http:\/\/lemotdujour.fr\/?page_id=9106"},"modified":"2020-06-11T22:59:29","modified_gmt":"2020-06-11T20:59:29","slug":"comprendre-le-monde-entretiens-de-la-revue-xxi","status":"publish","type":"page","link":"https:\/\/lemotdujour.fr\/?page_id=9106","title":{"rendered":"Comprendre le monde &#8211; Entretiens de la revue XXI"},"content":{"rendered":"<p><span style=\"color: purple; font-family: Arial; font-size: 12pt;\"><em>En pleine p\u00e9riode de confinement du COVID-19, alors que toute l&rsquo;actualit\u00e9 et le bruit m\u00e9diatique \u00e9taient concentr\u00e9s sur la pand\u00e9mie, j&rsquo;ai souhait\u00e9 faire un pas de c\u00f4t\u00e9 et parler r\u00e9solument d&rsquo;autre chose.<br \/>\n<\/em><\/span><\/p>\n<p><img loading=\"lazy\" decoding=\"async\" class=\"wp-image-8757 alignleft\" src=\"https:\/\/lemotdujour.fr\/wp-content\/uploads\/2020\/05\/050320_1752_Lundi4mai203.jpg\" alt=\"\" width=\"261\" height=\"341\" srcset=\"https:\/\/lemotdujour.fr\/wp-content\/uploads\/2020\/05\/050320_1752_Lundi4mai203.jpg 479w, https:\/\/lemotdujour.fr\/wp-content\/uploads\/2020\/05\/050320_1752_Lundi4mai203-230x300.jpg 230w\" sizes=\"auto, (max-width: 261px) 100vw, 261px\" \/><\/p>\n<p><span style=\"color: purple; font-family: Arial; font-size: 12pt;\"><em>Pour ce faire j&rsquo;ai repris un livre qui nous avait \u00e9t\u00e9 offert il y a d\u00e9j\u00e0 longtemps, probablement en 2017. <\/em><\/span><span style=\"color: purple; font-family: Arial; font-size: 12pt;\"><em>En effet, un jour une amie, lectrice du mot du jour, est venue \u00e0 la maison avec ce livre.<br \/>\n<\/em><\/span><\/p>\n<p><span style=\"color: purple; font-family: Arial; font-size: 12pt;\"><em>Elle nous a dit que ce livre pourrait nous int\u00e9resser Annie comme moi et que je pourrais m\u00eame y trouver mati\u00e8re \u00e0 mot du jour. <\/em><\/span><span style=\"color: purple; font-family: Arial; font-size: 12pt;\"><em>Il a fallu le temps de la maturation pour suivre ce sage conseil.<br \/>\n<\/em><\/span><\/p>\n<p><span style=\"color: purple; font-family: Arial; font-size: 12pt;\"><em>Ce livre a pour titre \u00ab Comprendre le monde \u00bb, il se trouve encore mais difficilement.<br \/>\n<\/em><\/span><\/p>\n<p><span style=\"color: purple; font-family: Arial; font-size: 12pt;\"><em>Ce titre fait sens avec l\u2019exergue g\u00e9n\u00e9ral que j\u2019ai mis sur la page d\u2019accueil de mon blog : \u00ab Comprendre le monde c\u2019est d\u00e9j\u00e0 le transformer \u00bb<br \/>\n<\/em><\/span><\/p>\n<p><span style=\"color: purple; font-family: Arial; font-size: 12pt;\"><em>Il s&rsquo;agit d&rsquo;un livre qui reprend des grands entretiens qui ont \u00e9t\u00e9 publi\u00e9s dans la revue XXI avant 2016<br \/>\n<\/em><\/span><\/p>\n<p><span style=\"color: purple; font-family: Arial; font-size: 12pt;\"><em>J&rsquo;en ai choisi 11 qui entraient en r\u00e9sonance avec moi et j&rsquo;ai \u00e9crit un article introductif qui pr\u00e9sente la revue XXI.<br \/>\n<\/em><\/span><\/p>\n<p style=\"margin-left: 14pt;\"><span style=\"color: navy; font-family: Verdana; font-size: 12pt;\"><strong>01. \u00abLa revue XXI\u00bb<br \/>\n<\/strong><\/span><span style=\"color: maroon; font-family: Arial; font-size: 12pt;\">Mook fond\u00e9 par Laurent Beccaria et Patrick de Saint-Exup\u00e9ry<br \/>\n<\/span><\/p>\n<p style=\"margin-left: 14pt;\"><span style=\"color: #7030a0; font-family: Arial;\"><em>mot du jour du lundi 4 mai 2020<br \/>\n<\/em><\/span><\/p>\n<p><span style=\"color: #777777; font-family: Arial;\">\u00ab <strong>XXI<\/strong> \u00bb est une revue trimestrielle fran\u00e7aise de journalisme de r\u00e9cit. Elle a \u00e9t\u00e9 cr\u00e9\u00e9e en janvier 2008, par Laurent Beccaria et Patrick de Saint-Exup\u00e9ry<br \/>\n<\/span><\/p>\n<p><span style=\"color: #777777; font-family: Arial;\">C\u2019est plut\u00f4t un livre qu\u2019un journal, elle est vendue en librairie et sur abonnement.<br \/>\n<\/span><\/p>\n<p><span style=\"color: #777777; font-family: Arial;\">Ce concept a \u00e9t\u00e9 d\u00e9sign\u00e9 sous le nom de \u00ab Mook \u00bb, (contraction de \u201cmagazine\u201d et de \u201cbook\u201d, livre en anglais).<br \/>\n<\/span><\/p>\n<p><span style=\"color: #777777; font-family: Arial;\">Le nom de la revue, XXI, fait r\u00e9f\u00e9rence au XXIe si\u00e8cle. Selon Wikipedia, elle est diffus\u00e9e \u00e0 22 000 exemplaires en moyenne.<br \/>\n<\/span><\/p>\n<p><span style=\"color: #777777; font-family: Arial;\">Le choix est celui de la qualit\u00e9 et du refus de la publicit\u00e9.<br \/>\n<\/span><\/p>\n<p><a style=\"color: #0000ff;\" title=\"lundi 04\/05\/2020\" href=\"https:\/\/lemotdujour.fr\/?p=8758\">Lire l&rsquo;article<\/a><\/p>\n<p style=\"margin-left: 14pt;\"><span style=\"color: navy; font-family: Verdana; font-size: 12pt;\"><strong>02. \u00abJ\u2019ai compris que je suis le monde. Tout ce que je vois, tout ce que je vis, tout ce que je mange, fait partie de mon univers, de mes cr\u00e9ations, c\u2019est r\u00e9el et infini.\u00bb<br \/>\n<\/strong><\/span><span style=\"color: maroon; font-family: Arial; font-size: 12pt;\">Xu Ge Fei<br \/>\n<\/span><\/p>\n<p style=\"margin-left: 14pt;\"><span style=\"color: #7030a0; font-family: Arial;\"><em>mot du jour du mardi 5 mai 2020<br \/>\n<\/em><\/span><\/p>\n<p><span style=\"color: #777777; font-family: Arial;\">Et le premier entretien qui m\u2019a marqu\u00e9, il faut \u00eatre juste c\u2019est Annie qui l\u2019a lu en premier et m\u2019a imm\u00e9diatement incit\u00e9 \u00e0 le lire, concernait une jeune chinoise n\u00e9e en 1979 et qui est devenue \u00e9ditrice de bande dessin\u00e9es \u00e0 Paris : <strong>Xu Ge Fei.<\/strong><br \/>\n<\/span><\/p>\n<p><span style=\"color: #777777; font-family: Arial;\">Lorsqu\u2019elle \u00e9tait enfant en Mandchourie, son grand p\u00e8re lui r\u00e9p\u00e9tait qu\u2019elle n\u2019\u00e9tait rien que \u00ab de l\u2019eau sur le sable, puisqu\u2019elle \u00e9tait une fille \u00bb.<br \/>\n<\/span><\/p>\n<p><span style=\"color: #777777; font-family: Arial;\">Et depuis ce temps-l\u00e0 elle portait en elle le d\u00e9sir de faire lire des livres pour les jeunes filles.<br \/>\n<\/span><\/p>\n<p><span style=\"color: #777777; font-family: Arial;\">Son histoire est \u00e9tonnante, pleine de volont\u00e9, d\u2019impr\u00e9vue et de hasard qu\u2019elle raconte dans son autobiographie : \u00ab Petite Fleur de Mandchourie\u00bb.<br \/>\n<\/span><\/p>\n<p><span style=\"color: #777777; font-family: Arial;\">C&rsquo;est \u00e0 la fois un conte de f\u00e9e et une histoire pleine d&#8217;embuches et d&rsquo;\u00e9preuves.<br \/>\n<\/span><\/p>\n<p><a style=\"color: #0000ff;\" title=\"mardi 05\/05\/2020\" href=\"https:\/\/lemotdujour.fr\/?p=8778\">Lire l&rsquo;article<\/a><\/p>\n<p style=\"margin-left: 14pt;\"><span style=\"color: navy; font-family: Verdana; font-size: 12pt;\"><strong>03. \u00abFace \u00e0 un islam fondamentaliste, il s\u2019agit de proposer un islam moderne, actif, r\u00e9actif, une religion compatible avec le vivre ensemble et le temps pr\u00e9sent, mais aussi avec les raffinements exquis qu\u2019elle a invent\u00e9s\u00bb<br \/>\n<\/strong><\/span><span style=\"color: maroon; font-family: Arial; font-size: 12pt;\">Malek Chebel<br \/>\n<\/span><\/p>\n<p style=\"margin-left: 14pt;\"><span style=\"color: #7030a0; font-family: Arial;\"><em>mot du jour du mercredi 6 mai 2020<br \/>\n<\/em><\/span><\/p>\n<p><span style=\"color: #777777; font-family: Arial;\">Le second entretien que j\u2019ai choisi est consacr\u00e9 \u00e0 un intellectuel alg\u00e9rien qui donnait une vision lumineuse du monde de l\u2019Islam : <strong>Malek Chebel.<\/strong><br \/>\n<\/span><\/p>\n<p><span style=\"color: #777777; font-family: Arial;\">Il \u00e9tait d\u2019ailleurs le d\u00e9fenseur de l\u2019Islam des lumi\u00e8res. Il \u00e9tait, puisqu\u2019il est mort le 12 novembre 2016 \u00e0 Paris, d\u2019un cancer.<br \/>\n<\/span><\/p>\n<p><span style=\"color: #777777; font-family: Arial;\">C\u2019\u00e9tait un anthropologue des religions qui a aussi \u00e9tudi\u00e9 la psychanalyse.<br \/>\n<\/span><\/p>\n<p><span style=\"color: #777777; font-family: Arial;\">Il a beaucoup explor\u00e9 la sensualit\u00e9, l\u2019\u00e9rotisme et le corps dans la culture islamique, mais aussi la vie intellectuelle et la soci\u00e9t\u00e9 de l\u2019Islam.<br \/>\n<\/span><\/p>\n<p><span style=\"color: #777777; font-family: Arial;\">Sa voix douce et son \u00e9rudition se trouvaient assez souvent sur les plateaux de t\u00e9l\u00e9vision. Moi je l\u2019ai surtout \u00e9cout\u00e9 sur les ondes de France Culture.<br \/>\n<\/span><\/p>\n<p><a style=\"color: #0000ff;\" title=\"mercredi 06\/05\/2020\" href=\"https:\/\/lemotdujour.fr\/?p=8804\">Lire l&rsquo;article<\/a><\/p>\n<p style=\"margin-left: 14pt;\"><span style=\"color: navy; font-family: Verdana; font-size: 12pt;\"><strong>04. \u00abRendre lisible un texte du VIIe si\u00e8cle \u00e0 un lecteur du XXIe si\u00e8cle en usant d\u2019une langue simple.\u00bb<br \/>\n<\/strong><\/span><span style=\"color: maroon; font-family: Arial; font-size: 12pt;\">Qu\u00eate poursuivie par Malek Chebel dans sa traduction du Coran<br \/>\n<\/span><\/p>\n<p style=\"margin-left: 14pt;\"><span style=\"color: #7030a0; font-family: Arial;\"><em>mot du jour du jeudi 7 mai 2020<br \/>\n<\/em><\/span><\/p>\n<p><span style=\"color: #777777; font-family: Arial;\"><strong>Malek Chebel<\/strong> a r\u00e9dig\u00e9 une traduction du <strong>Coran<\/strong> et lors de l&rsquo;entretien auquel il a r\u00e9pondu, il est revenu assez longuement sur ce travail.<br \/>\n<\/span><\/p>\n<p><span style=\"color: #777777; font-family: Arial;\">J\u2019ai trouv\u00e9 plus op\u00e9rant de faire, de cette partie, un mot du jour sp\u00e9cifique.<br \/>\n<\/span><\/p>\n<p><span style=\"color: #777777; font-family: Arial;\">Je dispose de sa traduction du Coran sur ma tablette. Mon objectif n\u2019est pas de lire ou de m\u2019approprier le Coran.<br \/>\n<\/span><\/p>\n<p><span style=\"color: #777777; font-family: Arial;\">Mais \u00e0 plusieurs reprises j\u2019ai \u00e9prouv\u00e9 le besoin d\u2019aller v\u00e9rifier ce qu\u2019il y avait vraiment d\u2019\u00e9crit dans ce livre sur un sujet particulier ou plus encore v\u00e9rifier quand on se r\u00e9f\u00e9rait pr\u00e9cis\u00e9ment \u00e0 une sourate du Coran.<br \/>\n<\/span><\/p>\n<p><span style=\"color: #777777; font-family: Arial;\">Il me fallait donc disposer d\u2019une traduction en laquelle je pouvais avoir confiance. Confiance que j\u2019accorde \u00e0 Malek Chebel.<br \/>\n<\/span><\/p>\n<p><a style=\"color: #0000ff;\" title=\"jeudi 07\/05\/2020\" href=\"https:\/\/lemotdujour.fr\/?p=8813\">Lire l&rsquo;article<\/a><\/p>\n<p style=\"margin-left: 14pt;\"><span style=\"color: navy; font-family: Verdana; font-size: 12pt;\"><strong>05. \u00abJ\u2019ai vu un chef d\u2019\u00c9tat affirmer ses id\u00e9es et agir en cons\u00e9quence\u00bb<br \/>\n<\/strong><\/span><span style=\"color: maroon; font-family: Arial; font-size: 12pt;\">Curtis Roosevelt \u00e0 propos de l\u2019action de son grand-p\u00e8re Franklin D. Roosevelt<br \/>\n<\/span><\/p>\n<p style=\"margin-left: 14pt;\"><span style=\"color: #7030a0; font-family: Arial;\"><em>mot du jour du mardi 12 mai 2020<br \/>\n<\/em><\/span><\/p>\n<p><span style=\"color: #777777; font-family: Arial;\">Cette fois il s&rsquo;agit d&rsquo;un entretien avec <strong>Curtis Roosevelt<\/strong> qui \u00e9tait le petit-fils du pr\u00e9sident des Etats-Unis lors de la seconde guerre mondiale. <\/span><span style=\"color: #777777; font-family: Arial;\">L&rsquo;ensemble de l&rsquo;entretien concernait l&rsquo;action de Franklin D. Roosevelt<br \/>\n<\/span><\/p>\n<p><span style=\"color: #777777; font-family: Arial;\">Curtis Roosevelt est n\u00e9 en 1930 \u00e0 New York, un an apr\u00e8s le krach financier d\u2019octobre 1929 et en pleine Grande D\u00e9pression, Avec sa s\u0153ur et sa m\u00e8re, il v\u00e9cut douze ans \u00e0 la Maison Blanche en compagnie de ses grands parents.<br \/>\n<\/span><\/p>\n<p><span style=\"color: #777777; font-family: Arial;\">Il participa, en mars 2012, \u00e0 la constitution du Collectif Roosevelt qui plaidait pour une relance de l\u2019\u00e9conomie fran\u00e7aise, par des r\u00e9formes \u00e9conomiques et sociales et qui fut fond\u00e9 par St\u00e9phane Hessel, Susan George, Pierre Larrouturou, Edgar Morin et Cynthia Fleury. Michel Rocard y participa aussi.<br \/>\n<\/span><\/p>\n<p><span style=\"color: #777777; font-family: Arial;\">L\u2019entretien date de 2013, depuis Curtis Roosevelt est d\u00e9c\u00e9d\u00e9, le 26 septembre 2016 \u00e0 Saint-Bonnet-du-Gard.<br \/>\n<\/span><\/p>\n<p><a style=\"color: #0000ff;\" title=\"mardi 12\/05\/2020\" href=\"https:\/\/lemotdujour.fr\/?p=8871\">Lire l&rsquo;article<\/a><\/p>\n<p style=\"margin-left: 14pt;\"><span style=\"color: navy; font-family: Verdana; font-size: 12pt;\"><strong>06. \u00abRendre leur Histoire aux femmes\u00bb<br \/>\n<\/strong><\/span><span style=\"color: maroon; font-family: Arial; font-size: 12pt;\">Michelle Perrot<br \/>\n<\/span><\/p>\n<p style=\"margin-left: 14pt;\"><span style=\"color: #7030a0; font-family: Arial;\"><em>mot du jour du mercredi 13 mai 2020<br \/>\n<\/em><\/span><\/p>\n<p><span style=\"color: #777777; font-family: Arial;\">L\u2019entretien concernait l\u2019historienne <strong>Michelle Perrot<\/strong> et avait pour titre \u00ab Rendre leur Histoire aux femmes \u00bb.<br \/>\n<\/span><\/p>\n<p><span style=\"color: #777777; font-family: Arial;\">J\u2019ai plusieurs fois cit\u00e9 Michelle Perrot et je lui ai consacr\u00e9 deux mots du jour.<br \/>\n<\/span><\/p>\n<p><span style=\"color: #777777; font-family: Arial;\">Le premier concluait la s\u00e9rie sur les violences faites aux femmes dans l\u2019espace public : \u00ab La conqu\u00eate de l\u2019espace public par les femmes est tr\u00e8s important. Le fait de pouvoir sortir seule, le soir, la nuit ce qui est encore consid\u00e9r\u00e9 comme un danger pour les femmes, c\u2019est quelque chose qui doit cesser, partout ! \u00bb<br \/>\n<\/span><\/p>\n<p><span style=\"color: #777777; font-family: Arial;\">La seconde fois \u00e9tait au cours de la s\u00e9rie sur Mai 68 :<br \/>\n<\/span><\/p>\n<p><span style=\"color: #777777; font-family: Arial;\">Michelle Perrot est n\u00e9e \u00e0 Paris le 18 mai 1928. Elle a d\u2019abord travaill\u00e9 sur l\u2019histoire du mouvement ouvrier, et sur le syst\u00e8me carc\u00e9ral fran\u00e7ais avant de devenir vraiment l\u2019historienne de l\u2019Histoire des femmes.<br \/>\n<\/span><\/p>\n<p><a style=\"color: #0000ff;\" title=\"mercredi 13\/05\/2020\" href=\"https:\/\/lemotdujour.fr\/?p=8882\">Lire l&rsquo;article<\/a><\/p>\n<p style=\"margin-left: 14pt;\"><span style=\"color: navy; font-family: Verdana; font-size: 12pt;\"><strong>07. \u00abIl est plus facile d\u2019unifier des \u00e9conomies et des administrations que d\u2019unifier des m\u00e9moires\u00bb<br \/>\n<\/strong><\/span><span style=\"color: maroon; font-family: Arial; font-size: 12pt;\">Bronislaw Geremek parlant des m\u00e9moires diff\u00e9rentes de l\u2019Europe de l\u2019Ouest et de l\u2019Est<br \/>\n<\/span><\/p>\n<p style=\"margin-left: 14pt;\"><span style=\"color: #7030a0; font-family: Arial;\"><em>mot du jour du jeudi 14 mai 2020<br \/>\n<\/em><\/span><\/p>\n<p><span style=\"color: #777777; font-family: Arial;\">En Pologne, Lech Walesa s&rsquo;appuyaient sur deux hommes qui le conseillaient : Tadeusz Mazowiecki et Bronislaw Geremek. <\/span><span style=\"color: #777777; font-family: Arial;\">L\u2019entretien dont il est question ici, concerne ce dernier homme politique : <strong>Bronislaw Geremek<\/strong><br \/>\n<\/span><\/p>\n<p><span style=\"color: #777777; font-family: Arial;\">Le titre de cet article qui a \u00e9t\u00e9 repris dans le livre \u00ab Comprendre le monde \u00bb \u00e9tait : \u00ab L\u2019Europe pour nous \u00e0 l\u2019Est, c\u2019\u00e9tait un id\u00e9al \u00bb<br \/>\n<\/span><\/p>\n<p><span style=\"color: #777777; font-family: Arial;\">La journaliste a introduit son article par la phrase suivante : <\/span><span style=\"color: #777777; font-family: Arial;\">\u00ab Il a consacr\u00e9 sa vie \u00e0 chercher des raisons de vivre ensemble \u00bb.<br \/>\n<\/span><\/p>\n<p><a style=\"color: #0000ff;\" title=\"jeudi 14\/05\/2020\" href=\"https:\/\/lemotdujour.fr\/?p=8900\">Lire l&rsquo;article<\/a><\/p>\n<p style=\"margin-left: 14pt;\"><span style=\"color: navy; font-family: Verdana; font-size: 12pt;\"><strong>08. \u00abEt je me suis lanc\u00e9e dans le combat contre le brevetage du vivant que je juge ill\u00e9gal, non scientifique, immoral et injuste.\u00bb<br \/>\n<\/strong><\/span><span style=\"color: maroon; font-family: Arial; font-size: 12pt;\">Vandana Shiva<br \/>\n<\/span><\/p>\n<p style=\"margin-left: 14pt;\"><span style=\"color: #7030a0; font-family: Arial;\"><em>mot du jour du lundi 18 mai 2020<br \/>\n<\/em><\/span><\/p>\n<p><span style=\"color: #777777; font-family: Arial;\"><strong>Vandana Shiva<\/strong> est une formidable femme indienne qui se bat depuis de longues ann\u00e9es contre le brevetage du vivant.<br \/>\n<\/span><\/p>\n<p><span style=\"color: #777777; font-family: Arial;\">L\u2019article a pour titre \u00ab L\u2019ill\u00e9gal brevetage du vivant \u00bb.<br \/>\n<\/span><\/p>\n<p><span style=\"color: #777777; font-family: Arial;\">Vandana Shiva est n\u00e9e le 5 novembre 1952 \u00e0 Dehradun en Inde. Elle \u00e9tudie successivement la physique, la philosophie des sciences. Puis elle r\u00e9oriente ensuite ses recherches dans le domaine des politiques environnementales.<br \/>\n<\/span><\/p>\n<p><span style=\"color: #777777; font-family: Arial;\">Elle est l\u2019une des chefs de file des \u00e9cologistes de terrain et des altermondialistes au niveau mondial, notamment pour la promotion de l\u2019agriculture paysanne traditionnelle et biologique.<br \/>\n<\/span><\/p>\n<p><span style=\"color: #777777; font-family: Arial;\">Elle s&rsquo;oppose \u00e0 la politique d\u2019expansion des multinationales agro-alimentaires et au g\u00e9nie g\u00e9n\u00e9tique. Elle lutte contre le brevetage du vivant et la bio-piraterie.<br \/>\n<\/span><\/p>\n<p><a style=\"color: #0000ff;\" title=\"lundi 18\/05\/2020\" href=\"https:\/\/lemotdujour.fr\/?p=8913\">Lire l&rsquo;article<\/a><\/p>\n<p style=\"margin-left: 14pt;\"><span style=\"color: navy; font-family: Verdana; font-size: 12pt;\"><strong>09. \u00abJe veux redonner la parole aux gens, moi qui ai tellement capt\u00e9 leur image.\u00bb<br \/>\n<\/strong><\/span><span style=\"color: maroon; font-family: Arial; font-size: 12pt;\">Raymond Depardon<br \/>\n<\/span><\/p>\n<p style=\"margin-left: 14pt;\"><span style=\"color: #7030a0; font-family: Arial;\"><em>mot du jour du mercredi 27 mai 2020<br \/>\n<\/em><\/span><\/p>\n<p><span style=\"color: #777777; font-family: Arial;\"><strong>Raymond Depardon<\/strong> est n\u00e9 dans le d\u00e9partement du Rh\u00f4ne, en 1942, \u00e0 Villefranche-sur-Sa\u00f4ne. Il \u00e9tait fils de cultivateurs du Beaujolais<br \/>\n<\/span><\/p>\n<p><span style=\"color: #777777; font-family: Arial;\">Il est consid\u00e9r\u00e9 comme l\u2019un des ma\u00eetres du film documentaire.<br \/>\n<\/span><\/p>\n<p><span style=\"color: #777777; font-family: Arial;\">Il est \u00e0 la fois photographe, r\u00e9alisateur, journaliste et sc\u00e9nariste.<br \/>\n<\/span><\/p>\n<p><span style=\"color: #777777; font-family: Arial;\">Il a cr\u00e9\u00e9 l\u2019agence photographique Gamma en 1966 et est membre de Magnum Photos depuis 1979.<br \/>\n<\/span><\/p>\n<p><span style=\"color: #777777; font-family: Arial;\">Selon lui, c\u2019est son origine paysanne qui va malgr\u00e9 sa timidit\u00e9 lui permettre, dans ses premiers ann\u00e9es, de devenir un photographe t\u00e9m\u00e9raire et opini\u00e2tre.<br \/>\n<\/span><\/p>\n<p><a style=\"color: #0000ff;\" title=\"mercredi 27\/05\/2020\" href=\"https:\/\/lemotdujour.fr\/?p=8961\">Lire l&rsquo;article<\/a><\/p>\n<p style=\"margin-left: 14pt;\"><span style=\"color: navy; font-family: Verdana; font-size: 12pt;\"><strong>10. \u00abPour ma part, j\u2019en suis s\u00fbr : le sens de la solidarit\u00e9 nous vient du fond des \u00e2ges, il est profond\u00e9ment ancr\u00e9 dans notre nature.\u00bb<br \/>\n<\/strong><\/span><span style=\"color: maroon; font-family: Arial; font-size: 12pt;\">Frans de Waal<br \/>\n<\/span><\/p>\n<p style=\"margin-left: 14pt;\"><span style=\"color: #7030a0; font-family: Arial;\"><em>mot du jour du jeudi 28 mai 2020<br \/>\n<\/em><\/span><\/p>\n<p><span style=\"color: #777777; font-family: Arial;\"><strong>Frans de Waal<\/strong> est n\u00e9 en 1948 aux Pays-Bas. C\u2019est un primatologue et un \u00e9thologue.<br \/>\n<\/span><\/p>\n<p><span style=\"color: #777777; font-family: Arial;\">La primatologie est la discipline qui \u00e9tudie les esp\u00e8ces de l\u2019ordre des Primates donc essentiellement les singes, les humains et leurs anc\u00eatres.<br \/>\n<\/span><\/p>\n<p><span style=\"color: #777777; font-family: Arial;\">L\u2019\u00e9thologie est l\u2019\u00e9tude scientifique du comportement des esp\u00e8ces animales, incluant l\u2019humain, dans leur milieu naturel ou dans un environnement exp\u00e9rimental, par des m\u00e9thodes scientifiques d\u2019observation et de quantification des comportements animaux.<br \/>\n<\/span><\/p>\n<p><span style=\"color: #777777; font-family: Arial;\">Dans son introduction le journaliste pr\u00e9sente Frans de Waal de la mani\u00e8re suivante :<br \/>\n<\/span><\/p>\n<p><span style=\"color: #777777; font-family: Arial;\">\u00ab L\u2019homme descend du singe ? alors observons les singes pour mieux comprendre l\u2019homme ! Tel est le point de d\u00e9part du travail consid\u00e9rable abattu par Frans de Waal.<br \/>\n<\/span><\/p>\n<p><a style=\"color: #0000ff;\" title=\"jeudi 28\/05\/2020\" href=\"https:\/\/lemotdujour.fr\/?p=8970\">Lire l&rsquo;article<\/a><\/p>\n<p style=\"margin-left: 14pt;\"><span style=\"color: navy; font-family: Verdana; font-size: 12pt;\"><strong>11. \u00abQuelle est votre richesse ? Qui \u00eates-vous que je ne suis pas ? est la seule question qui vaille\u00bb<br \/>\n<\/strong><\/span><span style=\"color: maroon; font-family: Arial; font-size: 12pt;\">Tobie Nathan<br \/>\n<\/span><\/p>\n<p style=\"margin-left: 14pt;\"><span style=\"color: #7030a0; font-family: Arial;\"><em>mot du jour du vendredi 29 mai 2020<br \/>\n<\/em><\/span><\/p>\n<p><span style=\"color: #777777; font-family: Arial;\">Plusieurs fois \u00e0 travers les \u00e9missions que j\u2019\u00e9coute ou les articles que je lis, j\u2019ai rencontr\u00e9 la route de <strong>Tobie Nathan<\/strong>.<br \/>\n<\/span><\/p>\n<p><span style=\"color: #777777; font-family: Arial;\">Chaque fois j\u2019ai \u00e9t\u00e9 happ\u00e9 par son humanisme, son intelligence, son ouverture d\u2019esprit.<br \/>\n<\/span><\/p>\n<p><span style=\"color: #777777; font-family: Arial;\">C\u2019est un homme \u00e0 l\u2019\u00e9coute de l\u2019alt\u00e9rit\u00e9 qui ne croit pas tout savoir.<br \/>\n<\/span><\/p>\n<p><span style=\"color: #777777; font-family: Arial;\">Qui est \u00e0 la recherche de l\u2019autre, du monde de l\u2019autre, de ce qui explique l\u2019autre, de ce qui peut le soigner.<br \/>\n<\/span><\/p>\n<p><span style=\"color: #777777; font-family: Arial;\">L\u2019entretien de la revue XXI consacr\u00e9e \u00e0 Tobie Nathan \u00e9tait un hors-s\u00e9rie \u00ab Les d\u00e9racin\u00e9s \u00bb paru en f\u00e9vrier 2016. Ce num\u00e9ro explicitait son titre par cette d\u00e9finition : \u00ab Ils vivent ailleurs que l\u00e0 o\u00f9 ils sont n\u00e9s \u00bb.<br \/>\n<\/span><\/p>\n<p><a style=\"color: #0000ff;\" title=\"vendredi 29\/05\/2020\" href=\"https:\/\/lemotdujour.fr\/?p=8985\">Lire l&rsquo;article<\/a><\/p>\n<p style=\"margin-left: 14pt;\"><span style=\"color: navy; font-family: Verdana; font-size: 12pt;\"><strong>12. \u00abLa premi\u00e8re attitude indispensable est d\u2019\u00eatre capable de se mettre \u00e0 la place de l\u2019autre. Si je peux me mettre \u00e0 la place de l\u2019autre, alors nous pouvons r\u00e9fl\u00e9chir ensemble.\u00bb<br \/>\n<\/strong><\/span><span style=\"color: maroon; font-family: Arial; font-size: 12pt;\">Amin Maalouf<br \/>\n<\/span><\/p>\n<p style=\"margin-left: 14pt;\"><span style=\"color: #7030a0; font-family: Arial;\"><em>mot du jour du vendredi 5 juin 2020<br \/>\n<\/em><\/span><\/p>\n<p><span style=\"color: #777777; font-family: Arial;\"><strong>Amin Maalouf<\/strong> est n\u00e9 en 1949 \u00e0 Beyrouth, dans une famille d\u2019intellectuels de confession melkite, c\u2019est-\u00e0-dire une petite communaut\u00e9 chr\u00e9tienne du Liban.<br \/>\n<\/span><\/p>\n<p><span style=\"color: #777777; font-family: Arial;\">Il a d\u2019abord \u00e9t\u00e9 journaliste comme son p\u00e8re, puis il est devenu \u00e9crivain.<br \/>\n<\/span><\/p>\n<p><span style=\"color: #777777; font-family: Arial;\">Pour ma part j\u2019ai d\u00e9couvert cet auteur par l\u2019essai \u00ab Les Croisades vues par les Arabes \u00bb qu\u2019il a publi\u00e9 en 1983 qui a \u00e9t\u00e9 \u00e0 la fois une r\u00e9v\u00e9lation et un choc pour moi.<br \/>\n<\/span><\/p>\n<p><span style=\"color: #777777; font-family: Arial;\">Dans cet essai Amin Maalouf s\u2019inspire des historiens et des chroniqueurs arabes de l\u2019\u00e9poque pour raconter comment fut ressenti, dans la civilisation islamique raffin\u00e9e et sophistiqu\u00e9e de cette \u00e9poque, l\u2019arriv\u00e9e des chr\u00e9tiens pillant, massacrant et ne reculant devant aucune horreur par rapport \u00e0 \u00ab l\u2019autre \u00bb qui \u00e9tait \u00ab l\u2019infid\u00e8le \u00bb celui qui ne partageait pas la m\u00eame religion.<br \/>\n<\/span><\/p>\n<p><span style=\"color: #777777; font-family: Arial;\">L\u2019entretien a \u00e9t\u00e9 publi\u00e9 dans le N\u00b026 de la revue XXI paru au printemps 2014. Il avait pour titre \u00ab Se mettre \u00e0 la place de l\u2019autre \u00bb<br \/>\n<\/span><\/p>\n<p><a style=\"color: #0000ff;\" title=\"vendredi 05\/06\/2020\" href=\"https:\/\/lemotdujour.fr\/?p=9099\">Lire l&rsquo;article<\/a><\/p>\n","protected":false},"excerpt":{"rendered":"<p>En pleine p\u00e9riode de confinement du COVID-19, alors que toute l&rsquo;actualit\u00e9 et le bruit m\u00e9diatique \u00e9taient concentr\u00e9s sur la pand\u00e9mie, j&rsquo;ai souhait\u00e9 faire un pas de c\u00f4t\u00e9 et parler r\u00e9solument d&rsquo;autre chose. Pour ce faire j&rsquo;ai repris un livre qui<\/p>\n","protected":false},"author":1,"featured_media":0,"parent":2543,"menu_order":0,"comment_status":"closed","ping_status":"closed","template":"","meta":{"footnotes":""},"class_list":["post-9106","page","type-page","status-publish","hentry"],"_links":{"self":[{"href":"https:\/\/lemotdujour.fr\/index.php?rest_route=\/wp\/v2\/pages\/9106","targetHints":{"allow":["GET"]}}],"collection":[{"href":"https:\/\/lemotdujour.fr\/index.php?rest_route=\/wp\/v2\/pages"}],"about":[{"href":"https:\/\/lemotdujour.fr\/index.php?rest_route=\/wp\/v2\/types\/page"}],"author":[{"embeddable":true,"href":"https:\/\/lemotdujour.fr\/index.php?rest_route=\/wp\/v2\/users\/1"}],"replies":[{"embeddable":true,"href":"https:\/\/lemotdujour.fr\/index.php?rest_route=%2Fwp%2Fv2%2Fcomments&post=9106"}],"version-history":[{"count":12,"href":"https:\/\/lemotdujour.fr\/index.php?rest_route=\/wp\/v2\/pages\/9106\/revisions"}],"predecessor-version":[{"id":9149,"href":"https:\/\/lemotdujour.fr\/index.php?rest_route=\/wp\/v2\/pages\/9106\/revisions\/9149"}],"up":[{"embeddable":true,"href":"https:\/\/lemotdujour.fr\/index.php?rest_route=\/wp\/v2\/pages\/2543"}],"wp:attachment":[{"href":"https:\/\/lemotdujour.fr\/index.php?rest_route=%2Fwp%2Fv2%2Fmedia&parent=9106"}],"curies":[{"name":"wp","href":"https:\/\/api.w.org\/{rel}","templated":true}]}}