{"id":7839,"date":"2020-01-23T23:41:56","date_gmt":"2020-01-23T22:41:56","guid":{"rendered":"http:\/\/lemotdujour.fr\/?page_id=7839"},"modified":"2020-01-23T23:55:35","modified_gmt":"2020-01-23T22:55:35","slug":"michel-serres-le-moraliste-espiegle","status":"publish","type":"page","link":"https:\/\/lemotdujour.fr\/?page_id=7839","title":{"rendered":"Michel Serres, le moraliste espi\u00e8gle."},"content":{"rendered":"<p><span style=\"color: purple; font-family: Arial; font-size: 12pt;\"><em> Michel Serres a \u00e9t\u00e9 souvent cit\u00e9 dans les mots du jour.<br \/>\n<\/em><\/span><\/p>\n<p><span style=\"color: purple; font-family: Arial; font-size: 12pt;\"><em> <img loading=\"lazy\" decoding=\"async\" class=\"wp-image-7859 alignleft\" src=\"https:\/\/lemotdujour.fr\/wp-content\/uploads\/2020\/01\/Michel-Serres.jpg\" alt=\"\" width=\"255\" height=\"179\" srcset=\"https:\/\/lemotdujour.fr\/wp-content\/uploads\/2020\/01\/Michel-Serres.jpg 712w, https:\/\/lemotdujour.fr\/wp-content\/uploads\/2020\/01\/Michel-Serres-300x211.jpg 300w\" sizes=\"auto, (max-width: 255px) 100vw, 255px\" \/>Il a \u00e9t\u00e9 tr\u00e8s inspirant pour moi, j&rsquo;aimais ses fulgurances, sa vision d\u00e9cal\u00e9e et surtout son art de raconter et ses qualit\u00e9s p\u00e9dagogiques.<br \/>\n<\/em><\/span><\/p>\n<p><span style=\"color: purple; font-family: Arial; font-size: 12pt;\"><em> Suite \u00e0 une \u00e9mission de la cha\u00eene catholique KTO qui l&rsquo;avait interview\u00e9 \u00e0 l&rsquo;occasion de la publication de son livre \u00abDarwin, Bonaparte et le samaritain\u00bb et la republication de deux autres de ses livres, j&rsquo;ai voulu faire une s\u00e9rie de mots du jour autour de cette \u00e9mission et de ces 3 livres.<br \/>\n<\/em><\/span><\/p>\n<p><span style=\"color: purple; font-family: Arial; font-size: 12pt;\"><em> J&rsquo;ai \u00e9crit ainsi 15 mots du jour au mois de mars 2017.<br \/>\n<\/em><\/span><\/p>\n<p><span style=\"color: purple; font-family: Arial; font-size: 12pt;\"><em> Mais sur cette page je vais y ajouter trois autres.<br \/>\n<\/em><\/span><\/p>\n<p><span style=\"color: purple; font-family: Arial; font-size: 12pt;\"><em> Le dimanche 26 mai 2019, Michel Serres avait \u00e9t\u00e9 invit\u00e9 \u00e0 France Inter par Ali Baddou. Et comme toujours, il a \u00e9t\u00e9 lumineux pour pr\u00e9senter son dernier livre : \u00abMorales espi\u00e8gles\u00a0\u00bb<br \/>\n<\/em><\/span><\/p>\n<p><span style=\"color: purple; font-family: Arial; font-size: 12pt;\"><em> J&rsquo;en avais fait le mot du jour du mercredi 29 mai, veille du week end prolong\u00e9 de l&rsquo;ascension.<br \/>\n<\/em><\/span><\/p>\n<p><span style=\"color: purple; font-family: Arial; font-size: 12pt;\"><em> Week end pendant lequel, le samedi 1er juin \u00e0 19 heures, Michel Serres a quitt\u00e9 la communaut\u00e9 des vivants.<br \/>\n<\/em><\/span><\/p>\n<p><span style=\"color: purple; font-family: Arial; font-size: 12pt;\"><em> Le lendemain de ce week end, le mot du jour portait pour exergue : \u00ab Le moraliste espi\u00e8gle s\u2019en est all\u00e9 \u2026 \u00bb<br \/>\n<\/em><\/span><\/p>\n<p><span style=\"color: purple; font-family: Arial; font-size: 12pt;\"><em> Et le mercredi qui a suivi, j&rsquo;ai encore donn\u00e9 la parole \u00e0 Michel Serres qui expliquait l&rsquo;origine de l&rsquo;appellation \u00abdes marques\u00bb qui jouent un si grand r\u00f4le dans le commerce et l&rsquo;imaginaire mondiale.<br \/>\n<\/em><\/span><\/p>\n<p><span style=\"color: purple; font-family: Arial; font-size: 12pt;\"><em> Cette page regroupe donc 18 mots du jour consacr\u00e9s aux r\u00e9flexions et aux inspirations de cet homme si intelligent et si attachant.<br \/>\n<\/em><\/span><\/p>\n<p><span style=\"color: purple; font-family: Arial; font-size: 12pt;\"><em> Edgar Morin au moment de son d\u00e9c\u00e8s a publi\u00e9 sur twitter : \u00abMichel Serres \u00e9tait un exemple rarissime de vraie culture, qui lie au lieu de dissocier culture scientifique et culture des humanit\u00e9s. La cr\u00e9ativit\u00e9 de sa pens\u00e9e associait raison et po\u00e9sie. Il pensait son si\u00e8cle, non d\u2019une tour d\u2019ivoire mais en le vivant intens\u00e9ment.\u00bb<br \/>\n<\/em><\/span><\/p>\n<p style=\"margin-left: 14pt;\"><span style=\"color: navy; font-family: Verdana; font-size: 12pt;\"><strong> 1. \u00ab&nbsp;Les gens qui nous permettent de nous ressourcer et les gens qui nous vident de notre \u00e9nergie&nbsp;\u00bb<br \/>\n<\/strong><\/span><span style=\"color: maroon; font-family: Arial; font-size: 12pt;\"> R\u00e9flexions personnelles pour pr\u00e9senter des livres et des \u00e9missions de Michel Serres<br \/>\n<\/span><\/p>\n<p style=\"margin-left: 14pt;\"><span style=\"color: #7030a0; font-family: Arial;\"><em> mot du jour du lundi 27\/02\/2017<br \/>\n<\/em><\/span><\/p>\n<p><span style=\"color: #777777; font-family: Arial;\"> Pour introduire cette s\u00e9rie, j&rsquo;ai d\u00e9velopp\u00e9 d&rsquo;abord une pens\u00e9e personnelle qui s&rsquo;appuyait sur un constat.<br \/>\n<\/span><\/p>\n<p><span style=\"color: #777777; font-family: Arial;\"> Ce constat \u00e9tait que lorsque j&rsquo;\u00e9coutais Michel Serres ou que je le lisais cela me faisait du bien. J&rsquo;utilisais cette expression qu&rsquo;il me permettait de me ressourcer, revenir \u00e0 la source.<br \/>\n<\/span><\/p>\n<p><span style=\"color: #777777; font-family: Arial;\"> Ce qui me conduisait \u00e0 analyser que dans la vie on rencontre des gens qui nous \u00abressourcent&nbsp;\u00bb et d&rsquo;autres qui nous \u00abvident&nbsp;\u00bb<br \/>\n<\/span><\/p>\n<p><span style=\"color: #777777; font-family: Arial;\"> Et que s&rsquo;il \u00e9tait possible d&rsquo;aider et de soutenir quelqu&rsquo;un qui \u00e9tait remporairement dans un moment difficile en lui apportant du temps, de l&rsquo;\u00e9nergie, de l&rsquo;aide, il ne me semblait pas possible de le r\u00e9aliser sur un temps long de fa\u00e7on unilat\u00e9rale.<br \/>\n<\/span><\/p>\n<p><span style=\"color: #777777; font-family: Arial;\"> Et que parall\u00e8lement nous avons besoin de reconna\u00eetre et d&rsquo;aller vers des personnes qui nous ressourcent.<br \/>\n<\/span><\/p>\n<p><span style=\"color: #0000ff;\"><a style=\"color: #0000ff;\" title=\" lundi 27\/02\/2017 \" href=\"https:\/\/lemotdujour.fr\/?p= 446=\">Lire l&rsquo;article<\/a><\/span><span style=\"font-family: Arial;\"><br \/>\n<\/span><\/p>\n<p style=\"margin-left: 14pt;\"><span style=\"color: navy; font-family: Verdana; font-size: 12pt;\"><strong> 2. \u00ab&nbsp;Je n\u2019enseigne point, je raconte&nbsp;\u00bb<br \/>\n<\/strong><\/span><span style=\"color: maroon; font-family: Arial; font-size: 12pt;\"> \u00ab\u00a0Michel de Montaigne<br \/>\nEssais \u2013 Livre III \u2013 Chapitre II \u00a0\u00bb<br \/>\n<\/span><\/p>\n<p style=\"margin-left: 14pt;\"><span style=\"color: #7030a0; font-family: Arial;\"><em> mot du jour du mardi 28\/02\/2017<br \/>\n<\/em><\/span><\/p>\n<p><span style=\"color: #777777; font-family: Arial;\"> C&rsquo;est une parole de Montaigne, mais que Michel Serres mettait merveilleusement en \u0153uvre.<br \/>\n<\/span><\/p>\n<p><span style=\"color: #777777; font-family: Arial;\"> Avant d&rsquo;\u00eatre philosophe, il \u00e9tait conteur et il racontait ce qu&rsquo;il avait \u00e0 dire.<br \/>\n<\/span><\/p>\n<p><span style=\"color: #777777; font-family: Arial;\"> Mais ce second article \u00e9tait aussi consacr\u00e9 \u00e0 l&rsquo;art de l&rsquo;interview. Car je trouvais \u00e0 la journaliste de l&rsquo;\u00e9mission de KTO une qualit\u00e9 rare.<br \/>\n<\/span><\/p>\n<p><span style=\"color: #777777; font-family: Arial;\"> Celle de savoir mettre en valeur la personne interview\u00e9e.<br \/>\n<\/span><\/p>\n<p><span style=\"color: #777777; font-family: Arial;\"> Cette qualit\u00e9 ne me semblant pas particuli\u00e8rement partag\u00e9e.<br \/>\n<\/span><\/p>\n<p><span style=\"color: #0000ff;\"><a style=\"color: #0000ff;\" title=\" mardi 28\/02\/2017 \" href=\"https:\/\/lemotdujour.fr\/?p= 448=\">Lire l&rsquo;article<\/a><\/span><span style=\"font-family: Arial;\"><br \/>\n<\/span><\/p>\n<p style=\"margin-left: 14pt;\"><span style=\"color: navy; font-family: Verdana; font-size: 12pt;\"><strong> 3. \u00ab&nbsp;Une philosophie de l\u2019Histoire&nbsp;\u00bb<br \/>\n<\/strong><\/span><span style=\"color: maroon; font-family: Arial; font-size: 12pt;\"> Michel Serres<br \/>\n<\/span><\/p>\n<p style=\"margin-left: 14pt;\"><span style=\"color: #7030a0; font-family: Arial;\"><em> mot du jour du mercredi 01\/03\/2017<br \/>\n<\/em><\/span><\/p>\n<p><span style=\"color: #777777; font-family: Arial;\"> Dans son entretien \u00e0 KTO, Michel Serres a d&rsquo;abord abord\u00e9 son livre sur l&rsquo;histoire :<br \/>\n<\/span><\/p>\n<p><span style=\"color: #777777; font-family: Arial;\"> \u00abDarwin, Bonaparte et le samaritain\u00bb<br \/>\n<\/span><\/p>\n<p><span style=\"color: #777777; font-family: Arial;\"> Et pour introduire ce livre, il a d&rsquo;abord expliqu\u00e9 la n\u00e9cessit\u00e9 d&rsquo;une philosophie de l&rsquo;Histoire<br \/>\n<\/span><\/p>\n<p><span style=\"color: #0000ff;\"><a style=\"color: #0000ff;\" title=\" mercredi 01\/03\/2017 \" href=\"https:\/\/lemotdujour.fr\/?p= 450=\">Lire l&rsquo;article<\/a><\/span><span style=\"font-family: Arial;\"><br \/>\n<\/span><\/p>\n<p style=\"margin-left: 14pt;\"><span style=\"color: navy; font-family: Verdana; font-size: 12pt;\"><strong> 4. \u00abLe Grand R\u00e9cit&nbsp;\u00bb<br \/>\n<\/strong><\/span><span style=\"color: maroon; font-family: Arial; font-size: 12pt;\"> Michel Serres<br \/>\n<\/span><\/p>\n<p style=\"margin-left: 14pt;\"><span style=\"color: #7030a0; font-family: Arial;\"><em> mot du jour du jeudi 02\/03\/2017<br \/>\n<\/em><\/span><\/p>\n<p><span style=\"color: #777777; font-family: Arial;\"> L\u2019Histoire commence avec l\u2019\u00e9criture, c&rsquo;est ce qu&rsquo;on nous a racont\u00e9 \u00e0 l&rsquo;\u00e9cole.<br \/>\n<\/span><\/p>\n<p><span style=\"color: #777777; font-family: Arial;\"> Mais Michel Serres interroge cette d\u00e9finition.<br \/>\n<\/span><\/p>\n<p><span style=\"color: #777777; font-family: Arial;\"> L&rsquo;homme a invent\u00e9 des sciences et des techniques qui permettent de lire&#8230;avant l&rsquo;invention de l&rsquo;\u00e9criture.<br \/>\n<\/span><\/p>\n<p><span style=\"color: #777777; font-family: Arial;\"> Il passe ainsi en revue ces sciences qui permettent de raconter l&rsquo;histoire de l&rsquo;humanit\u00e9, ce qu&rsquo;il appelle le grand r\u00e9cit.<br \/>\n<\/span><\/p>\n<p><span style=\"color: #0000ff;\"><a style=\"color: #0000ff;\" title=\" jeudi 02\/03\/2017 \" href=\"https:\/\/lemotdujour.fr\/?p= 452=\">Lire l&rsquo;article<\/a><\/span><span style=\"font-family: Arial;\"><br \/>\n<\/span><\/p>\n<p style=\"margin-left: 14pt;\"><span style=\"color: navy; font-family: Verdana; font-size: 12pt;\"><strong> 5. \u00ab&nbsp;L\u2019\u00e2ge du monde&nbsp;\u00bb<br \/>\n<\/strong><\/span><span style=\"color: maroon; font-family: Arial; font-size: 12pt;\"> Pascal Richet<br \/>\n<\/span><\/p>\n<p style=\"margin-left: 14pt;\"><span style=\"color: #7030a0; font-family: Arial;\"><em> mot du jour du vendredi 03\/03\/2017<br \/>\n<\/em><\/span><\/p>\n<p><span style=\"color: #777777; font-family: Arial;\"> Les r\u00e9flexions de Michel Serres m&rsquo;ont conduit \u00e0 revenir sur un livre qui se trouve dans ma biblioth\u00e8que et que j&rsquo;avais achet\u00e9 lors de mes \u00e9tudes d&rsquo;Histoire : \u00ab&nbsp;L\u2019\u00e2ge du monde&nbsp;\u00bb de Pascal Richet.<br \/>\n<\/span><\/p>\n<p><span style=\"color: #777777; font-family: Arial;\"> Car ce n&rsquo;est que r\u00e9cemment que nous inscrivons l&rsquo;Histoire de l&rsquo;Humanit\u00e9 dans une tr\u00e8s longue p\u00e9riode.<br \/>\n<\/span><\/p>\n<p><span style=\"color: #777777; font-family: Arial;\"> Avant c&rsquo;\u00e9tait les textes religieux qui avaient l&rsquo;ambition de dater l&rsquo;Histoire qui \u00e9tait dans ce cas tr\u00e8s r\u00e9cente.<br \/>\n<\/span><\/p>\n<p><span style=\"color: #0000ff;\"><a style=\"color: #0000ff;\" title=\" vendredi 03\/03\/2017 \" href=\"https:\/\/lemotdujour.fr\/?p= 454=\">Lire l&rsquo;article<\/a><\/span><span style=\"font-family: Arial;\"><br \/>\n<\/span><\/p>\n<p style=\"margin-left: 14pt;\"><span style=\"color: navy; font-family: Verdana; font-size: 12pt;\"><strong> 6. \u00ab Une nuit de Paris r\u00e9parera cela. \u00bb<br \/>\n<\/strong><\/span><span style=\"color: maroon; font-family: Arial; font-size: 12pt;\"> Napol\u00e9on, propos qui lui sont attribu\u00e9s apr\u00e8s le carnage de la bataille d\u2019Eylau (1807)<br \/>\n<\/span><\/p>\n<p style=\"margin-left: 14pt;\"><span style=\"color: #7030a0; font-family: Arial;\"><em> mot du jour du lundi 06\/03\/2017<br \/>\n<\/em><\/span><\/p>\n<p><span style=\"color: #777777; font-family: Arial;\"> L&rsquo;Histoire que nous raconte se pr\u00e9sente en 3 \u00e9tapes.<br \/>\n<\/span><\/p>\n<p><span style=\"color: #777777; font-family: Arial;\"> La premi\u00e8re correspond au grand r\u00e9cit.<br \/>\n<\/span><\/p>\n<p><span style=\"color: #777777; font-family: Arial;\"> Dans ce mot du jour, nous en sommes \u00e0 la seconde \u00e9tape qui est l&rsquo;\u00e2ge de la guerre qu&rsquo;il caract\u00e9rise par le personnage de Napol\u00e9on.<br \/>\n<\/span><\/p>\n<p><span style=\"color: #0000ff;\"><a style=\"color: #0000ff;\" title=\" lundi 06\/03\/2017 \" href=\"https:\/\/lemotdujour.fr\/?p= 456=\">Lire l&rsquo;article<\/a><\/span><span style=\"font-family: Arial;\"><br \/>\n<\/span><\/p>\n<p style=\"margin-left: 14pt;\"><span style=\"color: navy; font-family: Verdana; font-size: 12pt;\"><strong> 7. \u00ab&nbsp;Le premier \u00e2ge est plus long qu\u2019on ne le croit&nbsp;;<br \/>\nLe deuxi\u00e8me pire qu\u2019on ne le pense&nbsp;;<br \/>\nLe dernier meilleur qu\u2019on ne le dit.&nbsp;\u00bb\u00a0\u00bb<br \/>\n<\/strong><\/span><span style=\"color: maroon; font-family: Arial; font-size: 12pt;\"> Michel Serres, \u00ab&nbsp;darwin, Bonaparte et le samaritain&nbsp;\u00bb<br \/>\n<\/span><\/p>\n<p style=\"margin-left: 14pt;\"><span style=\"color: #7030a0; font-family: Arial;\"><em> mot du jour du mardi 07\/03\/2017<br \/>\n<\/em><\/span><\/p>\n<p><span style=\"color: #777777; font-family: Arial;\"> Et la troisi\u00e8me \u00e9tape est repr\u00e9sent\u00e9 par le personnage du bon samaritain.<br \/>\n<\/span><\/p>\n<p><span style=\"color: #777777; font-family: Arial;\"> Car cette troisi\u00e8me \u00e9tape est un \u00e2ge plus doux pendant laquelle la guerre est beaucoup moins pr\u00e9gnante.<br \/>\n<\/span><\/p>\n<p><span style=\"color: #777777; font-family: Arial;\"> Avec d&rsquo;autres, Michel Serres raconte ce paradoxe que nous pensons le monde violent, alors que l&rsquo;Histoire de l&rsquo;homme n&rsquo;avait jamais connu aussi peu de guerres, aussi peu de morts violentes.<br \/>\n<\/span><\/p>\n<p><span style=\"color: #0000ff;\"><a style=\"color: #0000ff;\" title=\" mardi 07\/03\/2017 \" href=\"https:\/\/lemotdujour.fr\/?p= 458 <span=\">Lire l&rsquo;article<\/a><\/span><span style=\"font-family: Arial;\"><br \/>\n<\/span><\/p>\n<p style=\"margin-left: 14pt;\"><span style=\"color: navy; font-family: Verdana; font-size: 12pt;\"><strong> 8. \u00ab&nbsp;La parabole du bon samaritain&nbsp;\u00bb<br \/>\n<\/strong><\/span><span style=\"color: maroon; font-family: Arial; font-size: 12pt;\"> Evangile selon Luc Chapitre 10<br \/>\n<\/span><\/p>\n<p style=\"margin-left: 14pt;\"><span style=\"color: #7030a0; font-family: Arial;\"><em> mot du jour du mercredi 08\/03\/2017<br \/>\n<\/em><\/span><\/p>\n<p><span style=\"color: #777777; font-family: Arial;\"> A ce stade, j&rsquo;ai fait un pas de c\u00f4t\u00e9 dans la s\u00e9rie pour \u00e9voquer un autre ouvrage lu dans ma jeunesse.<br \/>\n<\/span><\/p>\n<p><span style=\"color: #777777; font-family: Arial;\"> Michel Serres utilise la parabole du bon samaritain comme le symbole de l\u2019\u00e2ge doux et du \u201cprendre soin\u201d, ce qui constitue un absolu de notre \u00e9poque actuel.<br \/>\n<\/span><\/p>\n<p><span style=\"color: #777777; font-family: Arial;\"> Le m\u00e9decin est omni-pr\u00e9sent et sauf quelques irr\u00e9ductibles, d\u00e8s le moindre ennui nous allons voir un ou des m\u00e9decins pour qu\u2019ils prennent soin de nous.<br \/>\n<\/span><\/p>\n<p><span style=\"color: #777777; font-family: Arial;\"> Et pour tous nos proches, \u00e0 la moindre inqui\u00e9tude, nous conseillons : il faut aller voir le m\u00e9decin.<br \/>\n<\/span><\/p>\n<p><span style=\"color: #777777; font-family: Arial;\"> Il y a bien longtemps maintenant j\u2019avais achet\u00e9 un livre de Fran\u00e7ois Dolto qui avait pour titre, \u00ab L\u2019Evangile au risque de la psychanalyse \u00bb et je me souviens encore de son explication de cette parabole et surtout du d\u00e9calage absolu avec ce que j\u2019avais compris des cours de religion et des diff\u00e9rents cur\u00e9s qui avaient un jour parl\u00e9 de cette parabole.<br \/>\n<\/span><\/p>\n<p><span style=\"color: #0000ff;\"><a style=\"color: #0000ff;\" title=\" mercredi 08\/03\/2017 \" href=\"https:\/\/lemotdujour.fr\/?p= 460 <span=\">Lire l&rsquo;article<\/a><\/span><span style=\"font-family: Arial;\"><br \/>\n<\/span><\/p>\n<p style=\"margin-left: 14pt;\"><span style=\"color: navy; font-family: Verdana; font-size: 12pt;\"><strong> 9. \u00ab&nbsp;De la mani\u00e8re de n\u00e9gocier avec les souverains&nbsp;\u00bb<br \/>\n<\/strong><\/span><span style=\"color: maroon; font-family: Arial; font-size: 12pt;\"> Fran\u00e7ois de Calli\u00e8res (1645-1717)<br \/>\n<\/span><\/p>\n<p style=\"margin-left: 14pt;\"><span style=\"color: #7030a0; font-family: Arial;\"><em> mot du jour du jeudi 09\/03\/2017<br \/>\n<\/em><\/span><\/p>\n<p><span style=\"color: #777777; font-family: Arial;\"> Ce qu\u2019il y a de remarquable avec des hommes comme Michel Serres, c\u2019est qu\u2019ils ouvrent votre esprit et vous font conna\u00eetre d\u2019autres esprits f\u00e9conds.<br \/>\n<\/span><\/p>\n<p><span style=\"color: #777777; font-family: Arial;\"> Je ne connaissais pas Fran\u00e7ois de Calli\u00e8res, mais \u00e0 partir du moment o\u00f9 j\u2019ai appris \u00e0 le conna\u00eetre gr\u00e2ce \u00e0 la lecture des pages 124 \u00e0 127 de son ouvrage sur une Philosophie de l\u2019Histoire, une rapide recherche sur le \u00ab c\u00f4t\u00e9 lumineux \u00bb d\u2019Internet montre alors que cet homme compte et a compt\u00e9 dans l\u2019histoire des id\u00e9es et des relations internationales.<br \/>\n<\/span><\/p>\n<p><span style=\"color: #777777; font-family: Arial;\"> Michel Serres pr\u00e9sente Fran\u00e7ois de Calli\u00e8res comme symbole du deuxi\u00e8me h\u00e9ros de l\u2019\u00e2ge doux, le n\u00e9gociateur (le premier \u00e9tant le m\u00e9decin symbolis\u00e9 par le samaritain).<br \/>\n<\/span><\/p>\n<p><span style=\"color: #0000ff;\"><a style=\"color: #0000ff;\" title=\" jeudi 09\/03\/2017 \" href=\"https:\/\/lemotdujour.fr\/?p=462 <span=\">Lire l&rsquo;article<\/a><\/span><span style=\"font-family: Arial;\"><br \/>\n<\/span><\/p>\n<p style=\"margin-left: 14pt;\"><span style=\"color: navy; font-family: Verdana; font-size: 12pt;\"><strong> 10. \u00ab&nbsp;Steve Job a fini par reconna\u00eetre que le logo de la pomme croqu\u00e9e d\u2019Apple faisait r\u00e9f\u00e9rence \u00e0 la pomme empoisonn\u00e9e avec laquelle Alan T\u00fcring avait mis fin \u00e0 ses jours&nbsp;\u00bb<br \/>\n<\/strong><\/span><span style=\"color: maroon; font-family: Arial; font-size: 12pt;\"> Michel Serres<br \/>\n<\/span><\/p>\n<p style=\"margin-left: 14pt;\"><span style=\"color: #7030a0; font-family: Arial;\"><em> mot du jour du vendredi 10\/03\/2017<br \/>\n<\/em><\/span><\/p>\n<p><span style=\"color: #777777; font-family: Arial;\"> Le dernier livre de Michel Serres \u00e9voqu\u00e9 lors de l\u2019entretien KTO est \u00ab La l\u00e9gende des anges \u00bb, publi\u00e9 en 1993 et republi\u00e9 le 12\/10\/2016.<br \/>\n<\/span><\/p>\n<p><span style=\"color: #777777; font-family: Arial;\"> Les anges sont porteurs de messages, de nouvelles. C\u2019est pour cela que Michel Serres utilise ce vecteur pour \u00ab raconter \u00bb notre monde de communication et de r\u00e9seaux ou des milliers de messages sont transport\u00e9s chaque jour.<br \/>\n<\/span><\/p>\n<p><span style=\"color: #777777; font-family: Arial;\"> Michel Serres d\u00e9signe 3 anges : Herm\u00e8s, Gabriel et Alan Turing.<br \/>\n<\/span><\/p>\n<p><span style=\"color: #777777; font-family: Arial;\"> Alan Turing, ce g\u00e9nie des math\u00e9matiques et de l&rsquo;informatique qui s&rsquo;est suicid\u00e9 en mangeant une pomme parce qu&rsquo;il avait \u00e9t\u00e9 condamn\u00e9 par la justice britannique pour la seule raison de son homosexualit\u00e9.<br \/>\n<\/span><\/p>\n<p><span style=\"color: #0000ff;\"><a style=\"color: #0000ff;\" title=\" vendredi 10\/03\/2017 \" href=\"https:\/\/lemotdujour.fr\/?p= 464 <span=\">Lire l&rsquo;article<\/a><\/span><span style=\"font-family: Arial;\"><br \/>\n<\/span><\/p>\n<p style=\"margin-left: 14pt;\"><span style=\"color: navy; font-family: Verdana; font-size: 12pt;\"><strong> 11. \u00ab&nbsp;Michel, Michel, je ne suis pas aussi intelligent que tu ne le crois&nbsp;!&nbsp;\u00bb<br \/>\n<\/strong><\/span><span style=\"color: maroon; font-family: Arial; font-size: 12pt;\"> Herg\u00e9 \u00e0 Michel Serres qui lui expliquait la profondeur philosophique des albums de Tintin (dans l\u2019interview d\u2019Emmanuelle Dancourt (23:55))<br \/>\n<\/span><\/p>\n<p style=\"margin-left: 14pt;\"><span style=\"color: #7030a0; font-family: Arial;\"><em> mot du jour du lundi 13\/03\/2017<br \/>\n<\/em><\/span><\/p>\n<p><span style=\"color: #777777; font-family: Arial;\"> Michel Serres est un grand admirateur d&rsquo;Herg\u00e9, le cr\u00e9ateur de Tintin.<br \/>\n<\/span><\/p>\n<p><span style=\"color: #777777; font-family: Arial;\"> Le second ouvrage \u00e9voqu\u00e9, lors de l&rsquo;entretien \u00e9tait consacr\u00e9 \u00e0 lui.<br \/>\n<\/span><\/p>\n<p><span style=\"color: #777777; font-family: Arial;\"> Il a rencontr\u00e9 Herg\u00e9 tard dans sa vie. Il l\u2019appelle un \u00ab ami de vieillesse \u00bb, par opposition \u00e0 la notion plus r\u00e9pandue et plus connue d\u2019 \u00ab ami de jeunesse \u00bb. \u00ab Les meilleurs amis dit-on, reste de la jeunesse ; mais avez-vous eu des amis de vieillesse ?<br \/>\n<\/span><\/p>\n<p><span style=\"color: #777777; font-family: Arial;\"> Quand le mot n\u2019existe pas, doit-on douter de la chose ? \u00bb<br \/>\n<\/span><\/p>\n<p><span style=\"color: #0000ff;\"><a style=\"color: #0000ff;\" title=\" lundi 13\/03\/2017 \" href=\"https:\/\/lemotdujour.fr\/?p=466 <span=\">Lire l&rsquo;article<\/a><\/span><span style=\"font-family: Arial;\"><br \/>\n<\/span><\/p>\n<p style=\"margin-left: 14pt;\"><span style=\"color: navy; font-family: Verdana; font-size: 12pt;\"><strong> 12. \u00ab&nbsp;Le f\u00e9tiche rafistol\u00e9&nbsp;\u00bb<br \/>\n<\/strong><\/span><span style=\"color: maroon; font-family: Arial; font-size: 12pt;\"> Objet pr\u00e9sent dans \u00ab&nbsp;L\u2019oreille cass\u00e9e&nbsp;\u00bb 6\u00e8me album de Tintin et sur lequel Michel Serres philosophe dans l\u2019interview d\u2019Emmanuelle Dancourt<br \/>\n<\/span><\/p>\n<p style=\"margin-left: 14pt;\"><span style=\"color: #7030a0; font-family: Arial;\"><em> mot du jour du mardi 14\/03\/2017<br \/>\n<\/em><\/span><\/p>\n<p><span style=\"color: #777777; font-family: Arial;\"> Emmanuelle Dancourt, lors de l&rsquo;interview de KTO avait demand\u00e9 \u00e0 Michel Serres d\u2019emmener un objet<br \/>\n<\/span><\/p>\n<p><span style=\"color: #777777; font-family: Arial;\"> Michel Serres a r\u00e9pondu de mani\u00e8re virtuelle, c\u2019est \u00e0 dire qu\u2019il n\u2019avait pas un objet sur lui mais il a parl\u00e9 d\u2019un objet pr\u00e9sent dans l\u2019album de Tintin : \u00ab L\u2019Oreille cass\u00e9e \u00bb.<br \/>\n<\/span><\/p>\n<p><span style=\"color: #777777; font-family: Arial;\"> Cet objet est le f\u00e9tiche arumbaya qui est au centre de cette histoire et qui va \u00eatre bris\u00e9 au cours de l&rsquo;histoire puis r\u00e9par\u00e9, rafistol\u00e9.<br \/>\n<\/span><\/p>\n<p><span style=\"color: #777777; font-family: Arial;\"> C\u2019est sur ce f\u00e9tiche rafistol\u00e9 que Michel Serres va philosopher<br \/>\n<\/span><\/p>\n<p><span style=\"color: #0000ff;\"><a style=\"color: #0000ff;\" title=\" mardi 14\/03\/2017 \" href=\"https:\/\/lemotdujour.fr\/?p= 468 <span=\">Lire l&rsquo;article<\/a><\/span><span style=\"font-family: Arial;\"><br \/>\n<\/span><\/p>\n<p style=\"margin-left: 14pt;\"><span style=\"color: navy; font-family: Verdana; font-size: 12pt;\"><strong> 13. \u00ab&nbsp;La science c\u2019est ce qu\u2019un vieux apprend \u00e0 un jeune. La technologie&nbsp;, c\u2019est ce qu\u2019un jeune apprend \u00e0 un vieux.&nbsp;\u00bb<br \/>\n<\/strong><\/span><span style=\"color: maroon; font-family: Arial; font-size: 12pt;\"> Michel Serres, dans l\u2019interview de KTO<br \/>\n<\/span><\/p>\n<p style=\"margin-left: 14pt;\"><span style=\"color: #7030a0; font-family: Arial;\"><em> mot du jour du mercredi 15\/03\/2017<br \/>\n<\/em><\/span><\/p>\n<p><span style=\"color: #777777; font-family: Arial;\"> Emmanuelle Dancourt a aussi demand\u00e9 une citation \u00e0 Michel Serres.t<br \/>\n<\/span><\/p>\n<p><span style=\"color: #777777; font-family: Arial;\"> L&rsquo;exergue est celle qu&rsquo;il a donn\u00e9 et expliqu\u00e9 en quelques mots.<br \/>\n<\/span><\/p>\n<p><span style=\"color: #0000ff;\"><a style=\"color: #0000ff;\" title=\" mercredi 15\/03\/2017 \" href=\"https:\/\/lemotdujour.fr\/?p= 470 <span=\">Lire l&rsquo;article<\/a><\/span><span style=\"font-family: Arial;\"><br \/>\n<\/span><\/p>\n<p style=\"margin-left: 14pt;\"><span style=\"color: navy; font-family: Verdana; font-size: 12pt;\"><strong> 14. \u00ab&nbsp;Il n\u2019y a pas qu\u2019une v\u00e9rit\u00e9. Il y a des milliards de v\u00e9rit\u00e9\u00bb<br \/>\n<\/strong><\/span><span style=\"color: maroon; font-family: Arial; font-size: 12pt;\"> Michel Serres<br \/>\n<\/span><\/p>\n<p style=\"margin-left: 14pt;\"><span style=\"color: #7030a0; font-family: Arial;\"><em> mot du jour du jeudi 16\/03\/2017<br \/>\n<\/em><\/span><\/p>\n<p><span style=\"color: #777777; font-family: Arial;\"> Michel Serres prend la nuit \u00e9toil\u00e9e comme le mod\u00e8le de notre savoir et non la caverne de Platon.<br \/>\n<\/span><\/p>\n<p><span style=\"color: #777777; font-family: Arial;\"> On se rappelle que selon cette all\u00e9gorie, les humains sont enferm\u00e9s dans une caverne et observent, sur une paroi, des ombres bouger.<br \/>\n<\/span><\/p>\n<p><span style=\"color: #777777; font-family: Arial;\"> L\u2019un d\u2019eux s\u2019\u00e9chappe et d\u00e9couvre la v\u00e9rit\u00e9 \u00e0 la lumi\u00e8re du Soleil.<br \/>\n<\/span><\/p>\n<p><span style=\"color: #777777; font-family: Arial;\"> Dans cette vision, \u00ab la v\u00e9rit\u00e9 \u00bb se trouve en plein jour, le soleil est la v\u00e9rit\u00e9 et il n\u2019y en a qu\u2019une.<br \/>\n<\/span><\/p>\n<p><span style=\"color: #777777; font-family: Arial;\"> Pour Michel Serres, il n&rsquo;y a pas \u00ab une v\u00e9rit\u00e9 \u00bb<br \/>\n<\/span><\/p>\n<p><span style=\"color: #0000ff;\"><a style=\"color: #0000ff;\" title=\" jeudi 16\/03\/2017 \" href=\"https:\/\/lemotdujour.fr\/?p=  472  <span=\">Lire l&rsquo;article<\/a><\/span><span style=\"font-family: Arial;\"><br \/>\n<\/span><\/p>\n<p style=\"margin-left: 14pt;\"><span style=\"color: navy; font-family: Verdana; font-size: 12pt;\"><strong> 15. \u00ab&nbsp;C\u2019est le chemin le plus important.\u00bb<br \/>\n<\/strong><\/span><span style=\"color: maroon; font-family: Arial; font-size: 12pt;\"> Michel Serres<br \/>\n<\/span><\/p>\n<p style=\"margin-left: 14pt;\"><span style=\"color: #7030a0; font-family: Arial;\"><em> mot du jour du vendredi 17\/03\/2017<br \/>\n<\/em><\/span><\/p>\n<p><span style=\"color: #777777; font-family: Arial;\"> Ce fut le 15\u00e8me mot et dernier de cette s\u00e9rie construite sur une seule interview d&rsquo;une heure, mais c&rsquo;\u00e9tait une interview de Michel Serres.<br \/>\n<\/span><\/p>\n<p><span style=\"color: #777777; font-family: Arial;\"> Nous savons que ce qui est important c&rsquo;est de poser les bonnes questions pas forc\u00e9ment de trouver les r\u00e9ponses.<br \/>\n<\/span><\/p>\n<p><span style=\"color: #777777; font-family: Arial;\"> Et c&rsquo;est aussi cette vision que d\u00e9fend le philosophe en disant : \u00ab&nbsp;C\u2019est le chemin le plus important.\u00bb<br \/>\n<\/span><\/p>\n<p><span style=\"color: #0000ff;\"><a style=\"color: #0000ff;\" title=\" vendredi 17\/03\/2017 \" href=\"https:\/\/lemotdujour.fr\/?p= 474  <span=\">Lire l&rsquo;article<\/a><\/span><span style=\"font-family: Arial;\"><br \/>\n<\/span><br \/>\n<span style=\"color: #777777; font-family: Arial;\"><br \/>\n<\/span><br \/>\n<span style=\"color: #777777; font-family: Arial;\"> Sur cette page j&rsquo;ajoute aux 15 mots de la s\u00e9rie, les 3 consacr\u00e9s \u00e0 Michel Serres au moment de son d\u00e9c\u00e8s.<br \/>\n<\/span><\/p>\n<p style=\"margin-left: 14pt;\"><span style=\"color: navy; font-family: Verdana; font-size: 12pt;\"><strong> 16. \u00ab&nbsp;Les philosophes ne proposent pas un mod\u00e8le alternatif au mod\u00e8le capitaliste.&nbsp;\u00bb<br \/>\n<\/strong><\/span><span style=\"color: maroon; font-family: Arial; font-size: 12pt;\"> Michel Serres<br \/>\n<\/span><\/p>\n<p style=\"margin-left: 14pt;\"><span style=\"color: #7030a0; font-family: Arial;\"><em> mot du jour du mercredi 29\/05\/2019<br \/>\n<\/em><\/span><\/p>\n<p><span style=\"color: #777777; font-family: Arial;\"> C&rsquo;\u00e9tait un dimanche et Ali Baddou avait invit\u00e9 Michel Serres.<br \/>\n<\/span><\/p>\n<p><span style=\"color: #777777; font-family: Arial;\"> Et encore une fois, le vieux sage m&rsquo;a happ\u00e9 et captiv\u00e9 mon attention.<br \/>\n<\/span><\/p>\n<p><span style=\"color: #777777; font-family: Arial;\"> Je ne savais pas que c&rsquo;\u00e9tait sa derni\u00e8re interview, au moment o\u00f9 j&rsquo;ai \u00e9crit ce mot du jour, 3 jours apr\u00e8s l&rsquo;\u00e9mission.<br \/>\n<\/span><\/p>\n<p><span style=\"color: #0000ff;\"><a style=\"color: #0000ff;\" title=\" mercredi 29\/05\/2019 \" href=\"https:\/\/lemotdujour.fr\/?p=  6786  <span=\">Lire l&rsquo;article<\/a><\/span><span style=\"font-family: Arial;\"><br \/>\n<\/span><\/p>\n<p style=\"margin-left: 14pt;\"><span style=\"color: navy; font-family: Verdana; font-size: 12pt;\"><strong> 17. \u00ab&nbsp;Le moraliste espi\u00e8gle s\u2019en est all\u00e9 \u2026&nbsp;\u00bb<br \/>\n<\/strong><\/span><span style=\"color: maroon; font-family: Arial; font-size: 12pt;\"> Michel Serres est d\u00e9c\u00e9d\u00e9 samedi 1er juin \u00e0 19 heures<br \/>\n<\/span><\/p>\n<p style=\"margin-left: 14pt;\"><span style=\"color: #7030a0; font-family: Arial;\"><em> mot du jour du lundi 03\/06\/2019<br \/>\n<\/em><\/span><\/p>\n<p><span style=\"color: #777777; font-family: Arial;\"> Apr\u00e8s son d\u00e9c\u00e8s, une pluie d&rsquo;hommages lui a \u00e9t\u00e9 rendu.<br \/>\n<\/span><\/p>\n<p><span style=\"color: #777777; font-family: Arial;\"> Pourtant il avait des d\u00e9tracteurs, des gens qui ne le trouvaient pas assez rigoureux. Probablement trop espi\u00e8gle.<br \/>\n<\/span><\/p>\n<p><span style=\"color: #777777; font-family: Arial;\"> Mon hommage, en me rappelant certaines histoires et \u00e9missions, ne pouvaient qu&rsquo;\u00eatre \u00e9logieux et plein de reconnaissance.<br \/>\n<\/span><\/p>\n<p><span style=\"color: #0000ff;\"><a style=\"color: #0000ff;\" title=\" lundi 03\/06\/2019 \" href=\"https:\/\/lemotdujour.fr\/?p= 6795  <span=\">Lire l&rsquo;article<\/a><\/span><span style=\"font-family: Arial;\"><br \/>\n<\/span><\/p>\n<p style=\"margin-left: 14pt;\"><span style=\"color: navy; font-family: Verdana; font-size: 12pt;\"><strong> 18. \u00ab&nbsp;Le titulaire d\u2019une marque&nbsp;est un fils, en droite ligne, de ces putains alexandrines&nbsp;\u00bb<br \/>\n<\/strong><\/span><span style=\"color: maroon; font-family: Arial; font-size: 12pt;\"> Michel Serres<br \/>\n<\/span><\/p>\n<p style=\"margin-left: 14pt;\"><span style=\"color: #7030a0; font-family: Arial;\"><em> mot du jour du mercredi 05\/06\/2019<br \/>\n<\/em><\/span><\/p>\n<p><span style=\"color: #777777; font-family: Arial;\"> Nous avons tous, notamment avec nos enfants, \u00e9t\u00e9 confront\u00e9s \u00e0 la tyrannie des marques. Il faut des chaussures de telle marque, des v\u00eatements de telle autre sinon l\u2019enfant est ostracis\u00e9, exclu du groupe.<br \/>\n<\/span><\/p>\n<p><span style=\"color: #777777; font-family: Arial;\"> Les marques permettent des marges consid\u00e9rables, surtout depuis que les soci\u00e9t\u00e9s qui les poss\u00e8dent ont trouv\u00e9 le filon d\u2019aller faire fabriquer le support de leur logo dans des pays de main d\u2019\u0153uvre peu ch\u00e8re et d\u2019un droit du travail particuli\u00e8rement accommodant pour les employeurs cupides.<br \/>\n<\/span><\/p>\n<p><span style=\"color: #777777; font-family: Arial;\"> Mais d\u2019o\u00f9 vient cette appellation de \u00ab marque \u00bb.<br \/>\n<\/span><\/p>\n<p><span style=\"color: #777777; font-family: Arial;\"> Michel Serres pr\u00e9tend que cela remonte aux prostitu\u00e9es d&rsquo;Alexandrie\u2026<br \/>\n<\/span><\/p>\n<p><span style=\"color: #0000ff;\"><a style=\"color: #0000ff;\" title=\" mercredi 05\/06\/2019 \" href=\"https:\/\/lemotdujour.fr\/?p= 6815 <span=\">Lire l&rsquo;article<\/a><\/span><span style=\"font-family: Arial;\"><br \/>\n<\/span><\/p>\n","protected":false},"excerpt":{"rendered":"<p>Michel Serres a \u00e9t\u00e9 souvent cit\u00e9 dans les mots du jour. Il a \u00e9t\u00e9 tr\u00e8s inspirant pour moi, j&rsquo;aimais ses fulgurances, sa vision d\u00e9cal\u00e9e et surtout son art de raconter et ses qualit\u00e9s p\u00e9dagogiques. Suite \u00e0 une \u00e9mission de la<\/p>\n","protected":false},"author":1,"featured_media":0,"parent":2543,"menu_order":10,"comment_status":"closed","ping_status":"closed","template":"","meta":{"footnotes":""},"class_list":["post-7839","page","type-page","status-publish","hentry"],"_links":{"self":[{"href":"https:\/\/lemotdujour.fr\/index.php?rest_route=\/wp\/v2\/pages\/7839","targetHints":{"allow":["GET"]}}],"collection":[{"href":"https:\/\/lemotdujour.fr\/index.php?rest_route=\/wp\/v2\/pages"}],"about":[{"href":"https:\/\/lemotdujour.fr\/index.php?rest_route=\/wp\/v2\/types\/page"}],"author":[{"embeddable":true,"href":"https:\/\/lemotdujour.fr\/index.php?rest_route=\/wp\/v2\/users\/1"}],"replies":[{"embeddable":true,"href":"https:\/\/lemotdujour.fr\/index.php?rest_route=%2Fwp%2Fv2%2Fcomments&post=7839"}],"version-history":[{"count":16,"href":"https:\/\/lemotdujour.fr\/index.php?rest_route=\/wp\/v2\/pages\/7839\/revisions"}],"predecessor-version":[{"id":7907,"href":"https:\/\/lemotdujour.fr\/index.php?rest_route=\/wp\/v2\/pages\/7839\/revisions\/7907"}],"up":[{"embeddable":true,"href":"https:\/\/lemotdujour.fr\/index.php?rest_route=\/wp\/v2\/pages\/2543"}],"wp:attachment":[{"href":"https:\/\/lemotdujour.fr\/index.php?rest_route=%2Fwp%2Fv2%2Fmedia&parent=7839"}],"curies":[{"name":"wp","href":"https:\/\/api.w.org\/{rel}","templated":true}]}}