{"id":4400,"date":"2018-06-07T01:28:45","date_gmt":"2018-06-06T23:28:45","guid":{"rendered":"http:\/\/lemotdujour.fr\/?page_id=4400"},"modified":"2018-06-06T14:15:46","modified_gmt":"2018-06-06T12:15:46","slug":"martin-luther-le-debut-de-la-reforme","status":"publish","type":"page","link":"https:\/\/lemotdujour.fr\/?page_id=4400","title":{"rendered":"Martin Luther : le d\u00e9but de la R\u00e9forme"},"content":{"rendered":"<p style=\"padding-left: 60px;\"><img loading=\"lazy\" decoding=\"async\" class=\"size-medium wp-image-3441 alignleft\" src=\"https:\/\/lemotdujour.fr\/wp-content\/uploads\/2017\/11\/110617_2317_Mercredi8no2-206x300.jpg\" alt=\"\" width=\"206\" height=\"300\" srcset=\"https:\/\/lemotdujour.fr\/wp-content\/uploads\/2017\/11\/110617_2317_Mercredi8no2-206x300.jpg 206w, https:\/\/lemotdujour.fr\/wp-content\/uploads\/2017\/11\/110617_2317_Mercredi8no2.jpg 220w\" sizes=\"auto, (max-width: 206px) 100vw, 206px\" \/><span style=\"color: purple; font-family: Arial; font-size: 12pt;\"><em>En 2017, on f\u00eatait les 500 ans de la R\u00e9forme dont on marque la naissance le 31 octobre 1517. <\/em><\/span><\/p>\n<p style=\"padding-left: 60px;\"><span style=\"color: purple; font-family: Arial; font-size: 12pt;\"><em>Ce jour-l\u00e0, un moine augustin, professeur de th\u00e9ologie \u00e0 l\u2019universit\u00e9 de Wittembourg en Thuringe sur les terres du Prince \u00e9lecteur de Saxe, <strong>Martin Luther<\/strong> a rendu public et envoy\u00e9 \u00e0 certains interlocuteurs un document qui a gard\u00e9 pour nom dans l\u2019Histoire\u00a0: \u00ab\u00a0<\/em><span style=\"color: #0000ff;\"><a style=\"color: #0000ff;\" href=\"https:\/\/fr.wikipedia.org\/wiki\/95_th%C3%A8ses\"><strong>Les 95 th\u00e8ses<\/strong>\u00a0<\/a><\/span><em>\u00bb contre les indulgences et <\/em><\/span><span style=\"color: purple; font-family: Arial; font-size: 12pt;\"><em>le fonctionnement de l\u2019\u00e9glise en vue de provoquer un d\u00e9bat th\u00e9ologique, une bataille d\u2019id\u00e9es \u00e0 l\u2019int\u00e9rieur de l\u2019Eglise Catholique. <\/em><\/span><\/p>\n<p><span style=\"color: purple; font-family: Arial; font-size: 12pt;\"><em>2017 est aussi la date anniversaire de la r\u00e9volution bolchevique de 1917. Mais il me semble qu&rsquo;aujourd&rsquo;hui, avec le retour du religieux, on constate que cette r\u00e9volution d&rsquo;octobre ne repr\u00e9sente pas grand chose au regard de ce qui s&rsquo;est pass\u00e9 il y a 500 ans avec l&rsquo;\u00e9mergence de la R\u00e9forme, en Allemagne, au sein de la chr\u00e9tient\u00e9.<\/em><\/span><\/p>\n<p style=\"padding-left: 60px;\"><span style=\"color: purple; font-family: Arial; font-size: 12pt;\"><em>J&rsquo;ai consacr\u00e9 8 mots du jour, autour du 31 octobre 2017, \u00e0 ce moment d&rsquo;Histoire en essayant de faire le point sur ce qui s&rsquo;\u00e9tait pass\u00e9 dans le monde et surtout en Europe du point de vue politique, culturel et religieux et qui pr\u00e9parait le \u00ab\u00a0moment Luther\u00a0\u00bb. J&rsquo;en ai ajout\u00e9 un suppl\u00e9mentaire qui m&rsquo;a \u00e9t\u00e9 inspir\u00e9 par l&rsquo;attitude de Luther lors de la guerre des paysans.<br \/>\n<\/em><\/span><\/p>\n<p style=\"padding-left: 60px;\"><span style=\"color: purple; font-family: Arial; font-size: 12pt;\"><em>Je me suis aussi beaucoup int\u00e9ress\u00e9 \u00e0 cet homme, homme de foi, homme de conviction, homme de progr\u00e8s dans certains domaines comme celui de permettre \u00e0 chacun d&rsquo;acc\u00e9der \u00e0 la connaissance. Mais j&rsquo;ai aussi essay\u00e9 de faire un portrait \u00e9quilibr\u00e9 et de montrer la part d&rsquo;ombre de ce croyant radical capable d&rsquo;intransigeance, d&rsquo;appel \u00e0 la violence et \u00e0 la cruaut\u00e9.<\/em><\/span><\/p>\n<p><span style=\"color: #800000;\">\u00a0<\/span><\/p>\n<div>\n<p><em><span style=\"color: #800080;\">Mot du jour du lundi 23 octobre 2017<\/span><\/em><\/p>\n<p style=\"padding-left: 30px;\"><strong><span style=\"color: #000080;\">01 &#8211; \u00ab\u00a0La R\u00e9forme\u00a0\u00bb<br \/>\n<\/span><\/strong><span style=\"color: #800000;\">Mouvement religieux n\u00e9 en 1517 en Allemagne et conduisant \u00e0 la cr\u00e9ation des \u00e9glises protestantes<\/span><\/p>\n<p><span style=\"color: #777777; font-family: Arial;\">2017 est une ann\u00e9e pleine d&rsquo;anniversaires et de comm\u00e9morations. Le mot du jour du 13 octobre en a rappel\u00e9 certains. [&#8230;]<br \/>\n<\/span><\/p>\n<p><span style=\"color: #777777; font-family: Arial;\">Un autre centenaire est \u00e0 comm\u00e9morer, les cents ans de la r\u00e9volution russe d&rsquo;abord celle de f\u00e9vrier qui renversa le Tsar, puis la vraie, la tragique celle qui allait permettre aux bolcheviks de prendre le pouvoir, d&rsquo;essayer de mettre en place un syst\u00e8me productiviste alternatif au capitalisme, de nier les libert\u00e9s, et d&rsquo;assassiner des millions de leurs concitoyens pour s&rsquo;\u00e9craser dans la d\u00e9route \u00e9conomique : la r\u00e9volution d&rsquo;octobre qui a eu lieu selon notre calendrier le 7 novembre 1917. Cette r\u00e9volution aura dur\u00e9 moins de 75 ans puisqu&rsquo;elle s&rsquo;acheva avec la fin de l&rsquo;Union Sovi\u00e9tique le 25 d\u00e9cembre 1991.<br \/>\n<\/span><\/p>\n<p><span style=\"color: #777777; font-family: Arial;\">Mais j&rsquo;entends parler cette semaine non d&rsquo;une r\u00e9volution (<em>quelqu&rsquo;un saurait-il m&rsquo;expliquer pourquoi on utilise ce mot qui signifie tourner autour d&rsquo;un astre pour revenir au m\u00eame point pour qualifier des bouleversements politiques, cela signifierait-il que forc\u00e9ment les r\u00e9volutions tournent en rond <\/em>?) mais de la R\u00e9forme.<br \/>\n<\/span><\/p>\n<p><a href=\"https:\/\/lemotdujour.fr\/?p=2867\"><span style=\"color: #0000ff;\">Lire l&rsquo;article<\/span><\/a><\/p>\n<p>&nbsp;<\/p>\n<p><em><span style=\"color: #800080;\">Mot du jour du mardi 24 octobre 2017<\/span><\/em><\/p>\n<p style=\"padding-left: 30px;\"><strong><span style=\"color: #000080;\">02 &#8211; \u00ab\u00a0Une dispute qui termine mal\u00a0?\u00a0\u00bb<\/span><\/strong><br \/>\n<span style=\"color: #800000;\">Didier Poton de Xaintrailles, titre d\u2019une conf\u00e9rence \u00e0 la Rochelle \u00e0 propos des 95 th\u00e8ses de Luther.<\/span><\/p>\n<p><span style=\"color: #777777; font-family: Arial;\">Trouver l&rsquo;exergue qui introduit ce que je souhaite partager dans le mot du jour est parfois compliqu\u00e9. Pour aujourd&rsquo;hui, j&rsquo;ai trouv\u00e9 le titre d&rsquo;une conf\u00e9rence qui a eu lieu le 17 octobre 2017, dans une ville qui a \u00e9t\u00e9 longtemps une place forte du protestantisme en France : La Rochelle. C&rsquo;\u00e9tait une conf\u00e9rence de de Didier Poton de Xaintrailles, professeur \u00e9m\u00e9rite \u00e0 l&rsquo;universit\u00e9 de la Rochelle, pr\u00e9sident du mus\u00e9e rochelais d&rsquo;histoire.<br \/>\n<\/span><\/p>\n<p><span style=\"color: #777777; font-family: Arial;\">Le titre de cette <span style=\"color: #0000ff;\"><a href=\"http:\/\/ww2.ac-poitiers.fr\/hist_geo\/spip.php?article1707\"><span style=\"color: #0000ff;\">conf\u00e9rence<\/span><\/a><\/span> : \u00ab <strong>31 octobre 1517 : une dispute qui tourne mal ? <\/strong>\u00bb [&#8230;]<br \/>\n<\/span><\/p>\n<p><span style=\"color: #777777; font-family: Arial;\">Le 31 octobre 1517, Luther a donc publi\u00e9 ses \u00ab <a href=\"http:\/\/leboncombat.fr\/wp-content\/uploads\/2013\/09\/Les-95-Th%C3%A8ses-de-Wittenberg.pdf\"><span style=\"color: #0000ff;\">95 th\u00e8ses<\/span> <\/a>\u00bb, il y a 500 ans. Et on fixe \u00e0 ce moment fondateur le d\u00e9but du mouvement r\u00e9formateur.<br \/>\n<\/span><\/p>\n<p><span style=\"color: #777777; font-family: Arial;\">Rappelons de mani\u00e8re simplifi\u00e9e la version officielle :<br \/>\n<\/span><\/p>\n<p><span style=\"color: #777777; font-family: Arial;\">Luther est scandalis\u00e9 par \u00ab les indulgences \u00bb qui sont utilis\u00e9es par les eccl\u00e9siastiques catholiques pour financer leurs d\u00e9penses somptuaires. \u00ab Les indulgences \u00bb sont en terminologie contemporaine une taxe pay\u00e9e par les catholiques, surtout riches, pour racheter leurs fautes morales ou contre la religion. Le terme faute \u00e9tait remplac\u00e9e par \u00ab p\u00e9ch\u00e9 \u00bb. A cette \u00e9poque, les gens \u00e9taient saisis d&rsquo;effroi de ce qui pourrait arriver apr\u00e8s leur mort : l&rsquo;enfer, le purgatoire et les tourments etc. Donc ils \u00e9taient tr\u00e8s enclins \u00e0 accepter de payer. Et les sp\u00e9cialistes marketing de l\u2019\u00c9glise de l&rsquo;\u00e9poque ont alors m\u00eame imagin\u00e9 de faire payer pour des p\u00e9ch\u00e9s futurs. Donc Martin Luther, religieux aust\u00e8re et rigoureux part en guerre contre ces abus et va clouer sur les portes du ch\u00e2teau de Wittenberg en Saxe ses 95 th\u00e8ses contre les indulgences, le 31 octobre 1517. La Papaut\u00e9 ne va appr\u00e9cier, il va s&rsquo;en suivre des conflits et une scission dans l\u2019\u00c9glise catholique romaine (Rappelons qu&rsquo;il y a eu une pr\u00e9c\u00e9dente scission avec l\u2019\u00c9glise d&rsquo;Orient, historiquement de Constantinople dont est issu l\u2019\u00c9glise orthodoxe) et la cr\u00e9ation des \u00e9glises protestantes ou r\u00e9form\u00e9es.<br \/>\n<\/span><\/p>\n<p><span style=\"color: #777777; font-family: Arial;\">Fernand Braudel disait qu&rsquo;en Histoire les choses sont toujours vrai \u00e0 peu pr\u00e8s. Mais cette version est \u00e0 peu pr\u00e8s fausse.<br \/>\n<\/span><\/p>\n<p><a href=\"https:\/\/lemotdujour.fr\/?p=3385\"><span style=\"color: #0000ff;\">Lire l&rsquo;article<\/span><\/a><\/p>\n<div><\/div>\n<div><em><span style=\"color: #800080;\">Mot du jour du Mercredi 25 octobre 2017<\/span><br \/>\n<\/em><\/p>\n<p style=\"padding-left: 30px;\"><strong><span style=\"color: #000080;\">03 &#8211; \u00ab\u00a0Ce n\u2019est pas de Luther qu\u2019il s\u2019agit, c\u2019est de nous tous\u00a0;<br \/>\nle pape ne tire pas le glaive contre un seul, il nous attaque tous.<br \/>\nEcoutez-moi, souvenez-vous que vous \u00eates germains\u00a0\u00bb<br \/>\n<\/span><\/strong><span style=\"color: #800000;\">Ulrich von Hutten<\/span><\/p>\n<p><span style=\"color: #777777; font-family: Arial;\">Ulrich von Hutten \u00e9tait un chevalier et aussi un pol\u00e9miste qui soutint Martin Luther d\u00e8s le d\u00e9but de son aventure de la R\u00e9forme. Il faut savoir que sans qu&rsquo;il ne l&rsquo;ait excommuni\u00e9 le Pape a publi\u00e9, en 1520, une bulle \u00ab Exsurge Domine \u00bb condamnant ses opinions, livrant au feu ses ouvrages et lui laissant 60 jours pour se soumettre.<br \/>\n<\/span><\/p>\n<p><span style=\"color: #777777; font-family: Arial;\">Mais Luther n&rsquo;est pas un moine isol\u00e9, il va obtenir des soutiens en Allemagne et notamment celui de ce Ulrich von Hutten.<br \/>\n<\/span><\/p>\n<p><span style=\"color: #777777; font-family: Arial;\">Je tire ce discours de la page 102 de l&rsquo;ouvrage de Lucien Febvre &lt;Martin Luther, un destin&gt; :<br \/>\n<\/span><\/p>\n<p style=\"margin-left: 28pt;\"><span style=\"color: #c00000; font-family: Arial;\"> [Hutten] m\u00e8ne alors contre Rome une campagne enrag\u00e9e. En avril 1520 \u00e0 Mayence [\u2026] paraissent des \u00e9crits violents contre les romanistes :<br \/>\n\u00ab Ce n&rsquo;est pas de Luther qu&rsquo;il s&rsquo;agit, c&rsquo;est de nous tous ; le pape ne tire pas le glaive contre un seul, il nous attaque tous. Ecoutez-moi, souvenez-vous que vous \u00eates germains \u00bb<br \/>\n<\/span><\/p>\n<p><span style=\"color: #777777; font-family: Arial;\">Hutten est parmi les soutiens de Luther, un des plus virulents, des plus intransigeants, refusant tout compromis avec le Pape et Rome. Mais il exprime ici un point essentiel, la R\u00e9forme, le combat de Luther sont intimement li\u00e9 \u00e0 l&rsquo;Allemagne, l&rsquo;Allemagne d\u00e9sunie en nombreux \u00c9tats mais voulant se lib\u00e9rer de la tutelle romaine et aussi de l&rsquo;Empereur du Saint Empire Germanique qui \u00e9tait le repr\u00e9sentant temporel du Pape, dans les terres germaines.<br \/>\n<\/span><\/p>\n<p><span style=\"color: #777777; font-family: Arial;\">Et dans la suite de cette campagne, Luther va r\u00e9diger et publier toujours \u00e0 Wittenberg en 1520 un ouvrage qu&rsquo;il va simplement appeler \u00ab <a href=\"https:\/\/fr.wikipedia.org\/wiki\/%C3%80_la_noblesse_chr%C3%A9tienne_de_la_nation_allemande\"><strong><span style=\"color: #0000ff;\">\u00c0 la noblesse chr\u00e9tienne de la nation allemande<\/span><\/strong><\/a><strong> \u00bb, <\/strong>dans lequel il va attaquer le Pape, la curie, Rome et demander au peuple de soutenir les r\u00e9formes notamment celle qui consiste \u00e0 permettre \u00e0 chacun de lire la bible et de s&rsquo;en nourrir sans faire appel aux pr\u00eatres ;<br \/>\n<\/span><\/p>\n<p><span style=\"color: #777777; font-family: Arial;\">Et je cite Lucien Febvre page 104 :<br \/>\n<\/span><\/p>\n<p style=\"margin-left: 28pt;\"><span style=\"color: #c00000; font-family: Arial;\">Ainsi ce petit livre, \u00e9crit en allemand \u00e0 l&rsquo;usage de tout un peuple, qu&rsquo;il se soit enlev\u00e9 chez les libraires avec une rapidit\u00e9 inou\u00efe; qu&rsquo;en 6 jours, on en ait d\u00e9bit\u00e9 quatre mille exemplaires, chiffre sans pr\u00e9c\u00e9dent : rien d&rsquo;\u00e9tonnant. Il visait tout le monde, tout le monde l&rsquo;acheta.<br \/>\nQuand il vint en Allemagne publier la bulle [Le repr\u00e9sentant du Pape] pu noter : \u00ab Les neuf dixi\u00e8mes de l&rsquo;Allemagne crient : Vive Luther ! et tout en ne le suivant pas, le reste fait chorus pour crier : Mort \u00e0 Rome ! \u00bb<br \/>\n<\/span><\/p>\n<p><span style=\"color: #777777; font-family: Arial;\">Et le 1<sup>er<\/sup> novembre 1521, dans une lettre Luther \u00e9crit : (<em>Febvre page 137<\/em>)<br \/>\n<\/span><\/p>\n<p style=\"margin-left: 28pt;\"><span style=\"color: #c00000; font-family: Arial;\">\u00ab Je suis n\u00e9 pour mes Allemands et je les veux servir. \u00bb<br \/>\n<\/span><\/p>\n<p><a href=\"https:\/\/lemotdujour.fr\/?p=3396\"><span style=\"color: #0000ff;\">Lire l&rsquo;article <\/span><\/a><\/p>\n<div><\/div>\n<div><em><span style=\"color: #800080;\">Mot du jour du jeudi 26 octobre 2017<\/span><br \/>\n<\/em><\/p>\n<p style=\"padding-left: 30px;\"><strong><span style=\"color: #000080;\">04 &#8211; \u00ab\u00a0Les protestants\u00a0\u00bb<br \/>\n<\/span><\/strong><span style=\"color: #800000;\">Nom qui a \u00e9t\u00e9 donn\u00e9 \u00e0 ceux qui ont quitt\u00e9 l\u2019\u00e9glise catholique pour suivre la R\u00e9forme.<\/span><\/p>\n<p><span style=\"color: #777777; font-family: Arial;\">Mais d&rsquo;o\u00f9 vient le nom de protestant ? Pourquoi parle-t-on des protestants ?<br \/>\n<\/span><\/p>\n<p><span style=\"color: #777777; font-family: Arial;\">Nous avons compris que Luther entendait r\u00e9former l&rsquo;enseignement de L\u2019\u00c9glise catholique et que cette entreprise a mal tourn\u00e9 en raison de la r\u00e9action de la papaut\u00e9 et aussi un peu en raison des int\u00e9r\u00eats des \u00e9lites allemandes.<br \/>\n<\/span><\/p>\n<p><span style=\"color: #777777; font-family: Arial;\">Il parait, d\u00e8s lors, rationnel de parler de R\u00e9forme et de r\u00e9formateurs. Ces termes sont utilis\u00e9s, mais un autre s&rsquo;est impos\u00e9 davantage : \u00ab Les protestants \u00bb.<br \/>\n<\/span><\/p>\n<p><span style=\"color: #777777; font-family: Arial;\">Dans ma ville natale, \u00e0 Stiring-Wendel, comme dans la ville centre de l&rsquo;agglom\u00e9ration Forbach il y a une \u00e9glise catholique et un temple protestant.<br \/>\n<\/span><\/p>\n<p><span style=\"color: #777777; font-family: Arial;\">Les livres savants expliquent simplement que ce mot est apparu une premi\u00e8re fois, lors de la Di\u00e8te de Spire en 1529.<br \/>\n<\/span><\/p>\n<p><span style=\"color: #777777; font-family: Arial;\">Le mot \u00ab Di\u00e8te \u00bb a plusieurs significations et il peut d\u00e9signer une assembl\u00e9e politique. Il semblerait qu&rsquo;une des plus anciennes assembl\u00e9es ayant port\u00e9 ce nom et ayant dur\u00e9 sur une longue p\u00e9riode se soit trouv\u00e9e en Suisse. La Di\u00e8te du Canton de Valais a exist\u00e9 de 1301 jusqu&rsquo;en 1848.<br \/>\n<\/span><\/p>\n<p><span style=\"color: #777777; font-family: Arial;\">Et dans le Saint Empire Romain Germanique \u00ab <a href=\"https:\/\/fr.wikipedia.org\/wiki\/Di%C3%A8te_d%27Empire\"><span style=\"color: #0000ff;\">La <\/span><\/a><\/span><span style=\"font-family: Arial; color: #0000ff;\"><a href=\"https:\/\/fr.wikipedia.org\/wiki\/Di%C3%A8te_d%27Empire\"><span style=\"color: #0000ff;\">Di\u00e8te<\/span><\/a><\/span><span style=\"color: #777777; font-family: Arial;\"><span style=\"color: #0000ff;\"><a href=\"https:\/\/fr.wikipedia.org\/wiki\/Di%C3%A8te_d%27Empire\"><span style=\"color: #0000ff;\"> d&rsquo;Empire<\/span> <\/a><\/span>\u00bb, officiellement Diaeta Imperii \u00e9tait une institution charg\u00e9e de veiller sur les affaires g\u00e9n\u00e9rales et de trouver une solution aux diff\u00e9rends qui pourraient s&rsquo;\u00e9lever entre les \u00c9tats conf\u00e9d\u00e9r\u00e9s.La Di\u00e8te ne fut jamais un parlement dans le sens contemporain ; c&rsquo;\u00e9tait plut\u00f4t l&rsquo;assembl\u00e9e des divers souverains que comptait l&rsquo;Empire. Longtemps la Di\u00e8te n&rsquo;eut pas de si\u00e8ge fixe et ce sont 3 di\u00e8tes qui se sont r\u00e9unies successivement et ont trait\u00e9 du conflit qui \u00e9tait en train de naitre entre les partisans de Luther et les partisans du Pape dont faisait partie l&#8217;empereur Charles Quint.<br \/>\n<\/span><\/p>\n<p><a href=\"https:\/\/lemotdujour.fr\/?p=3401\"><span style=\"color: #0000ff;\">Lire l&rsquo;article <\/span><\/a><\/p>\n<div><\/div>\n<div><em><span style=\"color: #800080;\">Mot du jour du vendredi 27 octobre 2017<\/span><br \/>\n<\/em><\/p>\n<p style=\"padding-left: 30px;\"><strong><span style=\"color: #000080;\">05 &#8211; \u00ab\u00a0L\u2019Allemagne, le protestantisme et l\u2019alphab\u00e9tisation universelle\u00a0\u00bb<br \/>\n<\/span><\/strong><span style=\"color: #800000;\">Emmanuel Todd<br \/>\nTitre du chapitre 5 du livre \u00ab\u00a0O\u00f9 en sommes-nous\u00a0? Une esquisse de l\u2019Histoire Humaine\u00a0\u00bb<\/span><\/p>\n<p><span style=\"color: #777777; font-family: Arial;\">Le protestantisme a jou\u00e9 un r\u00f4le majeur dans le monde occidental. Notamment parce qu&rsquo;il a \u00e9t\u00e9 la religion des pays les plus dynamiques de la r\u00e9volution industrielle et \u00e9conomique : La Grande Bretagne, les Etats-Unis, l&rsquo;Allemagne, les Pays-Bas, la Suisse et les pays nordiques Su\u00e8de, Danemark, Norv\u00e8ge.<br \/>\n<\/span><\/p>\n<p><span style=\"color: #777777; font-family: Arial;\">Emmanuel Todd s&rsquo;est surtout fait conna\u00eetre ces derni\u00e8res ann\u00e9es comme pol\u00e9miste, pol\u00e9miste sur des options douteuses, notamment apr\u00e8s l&rsquo;attentat contre Charlie-Hebdo.<br \/>\n<\/span><\/p>\n<p><span style=\"color: #777777; font-family: Arial;\">Mais c&rsquo;est aussi un d\u00e9mographe et un chercheur rigoureux qui r\u00e9alise des \u00e9tudes s\u00e9rieuses. Son dernier livre plonge dans son domaine de recherche privil\u00e9gi\u00e9 : \u00ab l&rsquo;analyse des structures familiales \u00bb.<br \/>\n<\/span><\/p>\n<p><span style=\"color: #777777; font-family: Arial;\">Ce livre <a href=\"http:\/\/www.seuil.com\/ouvrage\/ou-en-sommes-nous-emmanuel-todd\/9782021319002\">&lt;<span style=\"color: #0000ff;\">O\u00f9 en sommes-nous ?<\/span><\/a>&gt; publi\u00e9 le 31\/08\/2017 par les \u00e9ditions du Seuil, \u00e9voque l&rsquo;Allemagne et le protestantisme.<br \/>\n<\/span><\/p>\n<p><span style=\"color: #777777; font-family: Arial;\">Emmanuel Todd, d&rsquo;abord centr\u00e9 sur son domaine de recherche, insiste sur la structure familiale de l&rsquo;Allemagne qui est la famille souche.<br \/>\n<\/span><\/p>\n<p><span style=\"color: #777777; font-family: Arial;\">Wikipedia nous apprend que le concept de famille souche a \u00e9t\u00e9 forg\u00e9 par Fr\u00e9d\u00e9ric Le Play au XIXe si\u00e8cle pour d\u00e9crire un mode de d\u00e9volution pr\u00e9ciputaire (c&rsquo;est-\u00e0-dire \u00e0 h\u00e9ritier unique) des biens, mat\u00e9riels et \u00e9ventuellement non mat\u00e9riels, les enfants exclus de l&rsquo;h\u00e9ritage \u00e9tant d\u00e9dommag\u00e9s par diff\u00e9rents moyens (par exemple la dot). La famille souche qui est donc une famille in\u00e9galitaire et autoritaire, concentre le plus souvent plusieurs g\u00e9n\u00e9rations sous le m\u00eame toit avec application d&rsquo;un droit d&rsquo;a\u00eenesse masculine.<br \/>\n<\/span><\/p>\n<p><span style=\"color: #777777; font-family: Arial;\">Mais au-del\u00e0 de focus mis sur la structure familiale Emmanuel Todd dans son chapitre 5 \u00ab L&rsquo;Allemagne, le protestantisme et l&rsquo;alphab\u00e9tisation universelle \u00bb s&rsquo;int\u00e9resse aux cons\u00e9quences du protestantisme en Allemagne, puis en Europe.<br \/>\n<\/span><\/p>\n<p><span style=\"color: #777777; font-family: Arial;\">La cons\u00e9quence majeure est l&rsquo;alphab\u00e9tisation universelle :<br \/>\n<\/span><\/p>\n<p style=\"margin-left: 28pt;\"><span style=\"color: #c00000; font-family: Arial;\"> \u00ab Avant la r\u00e9volution politique, scientifique et industrielle anglaise, il y avait eu R\u00e9forme protestante et l&rsquo;alphab\u00e9tisation de masse, venues d&rsquo;ailleurs. Crise religieuse et d\u00e9collage \u00e9ducatif ont trouv\u00e9 leur origine en Allemagne, disons \u00e0 partir de 1517 si nous retenons les 95 th\u00e8ses de Luther comme point z\u00e9ro de ces bouleversements. \u00bb<br \/>\n<\/span><\/p>\n<p><a href=\"https:\/\/lemotdujour.fr\/?p=3417\"><span style=\"color: #0000ff;\">Lire l&rsquo;article <\/span><\/a><\/p>\n<p><em><span style=\"color: #800080;\"><br \/>\nMot du jour du lundi 6 novembre 2017<\/span><br \/>\n<\/em><\/p>\n<p style=\"padding-left: 30px;\"><strong><span style=\"color: #000080;\">06 &#8211; \u00abLa r\u00e9bellion est chose intol\u00e9rable.\u00bb<br \/>\n<\/span><\/strong><span style=\"color: #800000;\">Martin Luther,<br \/>\npendant la guerre des paysans<\/span><\/p>\n<p><span style=\"color: #777777; font-family: Arial;\">J&rsquo;ai l&rsquo;intuition que certains trouvent que j&rsquo;exag\u00e8re de consacrer autant de temps \u00e0 Martin Luther. Car ils pensent que c&rsquo;est de l&rsquo;histoire ancienne.<br \/>\n<\/span><span style=\"color: #777777; font-family: Arial;\">Le croyez-vous vraiment ?<br \/>\n<\/span><\/p>\n<p><span style=\"color: #777777; font-family: Arial;\">Boris Cyrulnik vient d&rsquo;\u00e9crire un livre \u00ab <a href=\"https:\/\/www.odilejacob.fr\/catalogue\/psychologie\/psychologie-generale\/psychotherapie-de-dieu_9782738138873.php\"><span style=\"color: #0000ff;\">Psychoth\u00e9rapie de Dieu <\/span><\/a>\u00bb, dans lequel il affirme :<br \/>\n<\/span><\/p>\n<p style=\"margin-left: 28pt;\"><span style=\"color: #c00000; font-family: Arial;\">\u00ab Aujourd&rsquo;hui, sur la plan\u00e8te, 7 milliards d&rsquo;\u00eatres humains entrent plusieurs fois par jour en relation avec un Dieu qui les aide.<br \/>\nIls sont mus par le d\u00e9sir d&rsquo;offrir \u00e0 Dieu et aux autres humains leur temps, leurs biens, leur travail et parfois leur corps pour \u00e9prouver le bonheur de donner du bonheur. \u00bb<br \/>\n<\/span><\/p>\n<p><span style=\"color: #777777; font-family: Arial;\">C&rsquo;est probablement mu par un fantasme quantophr\u00e9nique, qu&rsquo;il se sent oblig\u00e9 de citer un chiffre de 7 milliards, sans justifier comment il le d\u00e9termine. Mais il dit une r\u00e9alit\u00e9, si nous autres europ\u00e9ens largement agnostiques sommes sortis de la religion, il n&rsquo;en va pas du tout de m\u00eame pour les autres pays de la plan\u00e8te.<br \/>\n<\/span><\/p>\n<p><span style=\"color: #777777; font-family: Arial;\">Et notamment aux Etats-Unis, il serait impossible \u00e0 quelqu&rsquo;un qui dirait qu&rsquo;il ne croit pas en Dieu d&rsquo;\u00eatre \u00e9lu Pr\u00e9sident. Les am\u00e9ricains sont capables d&rsquo;\u00e9lire un Trump, mais incapable d&rsquo;\u00e9lire un incroyant assum\u00e9.<br \/>\n<\/span><\/p>\n<p><span style=\"color: #777777; font-family: Arial;\">Les Etats-Unis sont un pays encore largement protestant, un pays tr\u00e8s riche mais un pays tr\u00e8s in\u00e9galitaire. Les croyants sont enclins \u00e0 la charit\u00e9, c&rsquo;est-\u00e0-dire donner ce qu&rsquo;ils jugent juste aux pauvres qu&rsquo;ils ont choisis. La justice sociale n&rsquo;est pas dans leur univers mental.<br \/>\n<\/span><\/p>\n<p><span style=\"color: #777777; font-family: Arial;\">Je crois que la religion leur permet de vivre sereinement dans une soci\u00e9t\u00e9 o\u00f9 l&rsquo;injustice sociale est la norme. Et je pense pouvoir \u00e9clairer cette r\u00e9alit\u00e9 \u00e0 travers un exemple explicite de la vie de Luther.<br \/>\n<\/span><\/p>\n<p><span style=\"color: #777777; font-family: Arial;\">G\u00e9rald Chaix, historien professeur \u00e0 l&rsquo;Universit\u00e9 de Tours a \u00e9crit dans le num\u00e9ro sp\u00e9cial de la revue Histoire : \u00ab Luther 1517, Le grand schisme \u00bb un article sur \u00ab la guerre des paysans \u00bb qui eut lieu en 1524-1525 en Allemagne.<br \/>\n<\/span><\/p>\n<p style=\"margin-left: 28pt;\"><span style=\"color: #c00000; font-family: Arial;\">\u00ab Tout commen\u00e7a en juin 1524, \u00e0 Forchheim, au nord de Nuremberg, et dans le comt\u00e9 de St\u00fchlingen au sud de la For\u00eat Noire. [\u2026] Suite \u00e0 des abus, notamment fiscaux, les insurg\u00e9s remettaient en cause les droits et les usages locaux. [\u2026] Au printemps 1525, les troubles avaient gagn\u00e9 toute la partie m\u00e9ridionale de l&rsquo;Empire, de l&rsquo;Alsace jusqu&rsquo;au Tyrol et la r\u00e9gion de Salzbourg, en passant par la Souabe sup\u00e9rieure et en s&rsquo;\u00e9tendant au nord vers la Franconie et la Thuringe.\u00bb<br \/>\n<\/span><\/p>\n<p><span style=\"color: #777777; font-family: Arial;\">C&rsquo;est une jacquerie pour reprendre le terme fran\u00e7ais dans laquelle les paysans se r\u00e9voltaient contre leurs seigneurs parce qu&rsquo;ils estimaient qu&rsquo;ils subissaient trop de taxes et de corv\u00e9es au profit des chefs f\u00e9odaux.<br \/>\n<\/span><\/p>\n<p><span style=\"color: #777777; font-family: Arial;\">Les paysans de Souabe ont notamment r\u00e9dig\u00e9s leurs revendications dans \u00ab douze articles \u00bb. L&rsquo;article 3 r\u00e9clamait notamment \u00ab la suppression du servage \u00bb ou l&rsquo;article 5 \u00ab Le maintien des for\u00eats communales \u00bb, c&rsquo;est-\u00e0-dire le refus de leur privatisation au profit des seigneurs.<br \/>\n<\/span><br \/>\n<a href=\"https:\/\/lemotdujour.fr\/?p=3427\"><span style=\"color: #0000ff;\">Lire l&rsquo;article<\/span> <\/a><\/p>\n<p><em><span style=\"color: #800080;\"><br \/>\nMot du jour du mardi 7 novembre 2017<\/span><\/em><\/p>\n<p style=\"padding-left: 30px;\"><strong><span style=\"color: #000080;\">07 &#8211; \u00ab\u00a0En premier lieu, il faut mettre le feu \u00e0 leurs synagogues et \u00e0 leurs \u00e9coles,<br \/>\net enterrer et couvrir de salet\u00e9s ce qui n\u2019aura pas br\u00fbl\u00e9,<br \/>\nde sorte qu\u2019aucun homme ne puisse jamais en retrouver la moindre pierre ou cendre.\u00a0\u00bb<br \/>\n<\/span><\/strong><span style=\"color: #800000;\">Martin Luther<br \/>\nDes Juifs et de leurs mensonges<\/span><\/p>\n<p><span style=\"color: #777777; font-family: Arial;\">Luther a \u00e9crit, a beaucoup \u00e9crit.<br \/>\nIl a eu un r\u00f4le primordial dans l&rsquo;\u00e9mergence de la modernit\u00e9 occidentale.<br \/>\nIl a aussi par son combat de 1517 et les ann\u00e9es suivantes, peut-\u00eatre \u00e0 son corps d\u00e9fendant, lib\u00e9r\u00e9 la parole, les \u00e9nergies et le dynamisme occidental.<br \/>\n<\/span><\/p>\n<p><span style=\"color: #777777; font-family: Arial;\">Mais il va vivre bien au-del\u00e0 de 1517, jusqu&rsquo;en 1546. Et en 1543 il a \u00e9crit l&rsquo;ouvrage de trop : \u00ab <a href=\"http:\/\/www.eglise-realiste.org\/pdf\/luther_juifs.pdf\"><span style=\"color: #0000ff;\">Des Juifs et de leurs mensonges <\/span><\/a>\u00bb<br \/>\n<\/span><\/p>\n<p><span style=\"color: #777777; font-family: Arial;\">Les protestants et les luth\u00e9riens peuvent expliquer et d\u00e9fendre Luther contre beaucoup des controverses, mais l\u00e0 ils ne peuvent plus.<br \/>\n<\/span><\/p>\n<p><span style=\"color: #777777; font-family: Arial;\">Les historiens expliquent toujours qu&rsquo;au d\u00e9but, Luther \u00e9tait tr\u00e8s compr\u00e9hensif \u00e0 l&rsquo;\u00e9gard des juifs.<br \/>\n<\/span><\/p>\n<p><a href=\"https:\/\/fr.wikipedia.org\/wiki\/Des_Juifs_et_de_leurs_mensonges\"><span style=\"font-family: Arial;\"><span style=\"color: #0000ff;\">Wikipedia <\/span><\/span><\/a><span style=\"font-family: Arial;\"><span style=\"color: #777777; font-family: Arial;\">rappelle qu&rsquo;il avait \u00e9crit un essai en 1523 \u00ab Que J\u00e9sus-Christ est n\u00e9 juif dans lequel il condamne le traitement inhumain des Juifs et presse les chr\u00e9tiens de les traiter avec bienveillance.<\/span><\/span><\/p>\n<p><span style=\"color: #777777; font-family: Arial;\">Mais comme je l&rsquo;ai \u00e9crit plusieurs fois, Luther \u00e9tait un homme de Foi, plus pr\u00e9cis\u00e9ment un fondamentaliste, aujourd&rsquo;hui on dirait un int\u00e9griste. Sa bienveillance \u00e0 l&rsquo;\u00e9gard des juifs entra\u00eene chez lui pour seul but de les convertir au christianisme.<br \/>\n<\/span><br \/>\n<a href=\"https:\/\/lemotdujour.fr\/?p=3433\"><span style=\"color: #0000ff;\">Lire l&rsquo;article<\/span><\/a><\/p>\n<p><em><span style=\"color: #800080;\"><br \/>\nMot du jour du Mercredi 8 novembre 2017<\/span><\/em><\/p>\n<div>\n<div style=\"padding-left: 30px;\"><strong><span style=\"color: #000080;\">08 &#8211; \u00ab\u00a0Avec plus de 500 portraits, [Luther] est l\u2019homme le plus repr\u00e9sent\u00e9 de son temps, devan\u00e7ant m\u00eame les monarques !\u00a0\u00bb<br \/>\n<\/span><\/strong><span style=\"color: #800000;\">Marion Deschamp dans un article dans la Revue Histoire (Hors s\u00e9rie de septembre 2017<\/span><\/div>\n<div><\/div>\n<p><span style=\"color: #777777; font-family: Arial;\">Je vais finir, aujourd&rsquo;hui, avec cette s\u00e9rie de mots sur Luther.<br \/>\n<\/span><\/p>\n<p><span style=\"color: #777777; font-family: Arial;\">Luther ne peut se r\u00e9sumer ni \u00e0 son antis\u00e9mitisme que j&rsquo;ai \u00e9voqu\u00e9 hier, ni sa soumission \u00e0 l&rsquo;injustice du monde que j&rsquo;ai rapport\u00e9e lundi.<br \/>\n<\/span><\/p>\n<p><span style=\"color: #777777; font-family: Arial;\">Mais Luther, ce croyant irr\u00e9ductible, a aussi \u00e9crit ces textes assez terrifiants, haineux et manquant beaucoup de l&rsquo;amour qu&rsquo;il pr\u00eachait par ailleurs.<br \/>\n<\/span><\/p>\n<p><span style=\"color: #777777; font-family: Arial;\">Il y aurait encore tant de choses \u00e0 raconter sur lui. Notamment son conflit avec le grand humaniste Erasme qui fut avant tout philosophe, humaniste et th\u00e9ologien n\u00e9 \u00e0 Rotterdam dans le comt\u00e9 de Hollande, bien qu&rsquo;aujourd&rsquo;hui il soit surtout connu parce que son nom a \u00e9t\u00e9 utilis\u00e9 pour le c\u00e9l\u00e8bre programme \u00ab<span style=\"color: #0000ff;\"><a href=\"https:\/\/info.erasmusplus.fr\/\"><span style=\"color: #0000ff;\">Erasmus<\/span><\/a><\/span>\u00bb de l&rsquo;Union europ\u00e9enne.<br \/>\n<\/span><\/p>\n<p><span style=\"color: #777777; font-family: Arial;\">Probablement que dans le conflit entre le r\u00e9formateur intraitable et l&rsquo;humaniste pond\u00e9r\u00e9 nous serions aujourd&rsquo;hui beaucoup plus proche d&rsquo;Erasme.<br \/>\n<\/span><br \/>\n<a href=\"https:\/\/lemotdujour.fr\/?p=3442\"><span style=\"color: #0000ff;\">Lire l&rsquo;article<\/span><\/a><\/p>\n<p><em><span style=\"color: #800080;\"><br \/>\nMot du jour du Jeudi 9 novembre 2017<\/span><\/em><\/p>\n<p style=\"padding-left: 30px;\"><strong><span style=\"color: #000080;\"> + &#8211; \u00ab\u00a0Comment une soci\u00e9t\u00e9 fait-elle pour que ses membres acceptent l\u2019in\u00e9galit\u00e9\u00a0?\u00a0\u00bb<br \/>\n<\/span><\/strong><span style=\"color: #800000;\">R\u00e9flexions personnelles sur un sujet qui n\u2019a rien perdu de son actualit\u00e9.<\/span><\/p>\n<p>Cette question constitue un probl\u00e8me fondamental pour une soci\u00e9t\u00e9 in\u00e9galitaire, ce qui dans l\u2019Histoire de l\u2019humanit\u00e9 est quand m\u00eame le cas le plus fr\u00e9quent. L\u2019id\u00e9e d\u2019esquisser ce sujet m\u2019est venue apr\u00e8s le mot du jour de lundi, o\u00f9 Luther a rejet\u00e9 violemment les pr\u00e9tentions des paysans allemands d\u2019obtenir une meilleure situation par rapport \u00e0 leurs seigneurs. Dans le cadre modeste d\u2019un mot du jour, cette question ne peut \u00eatre qu\u2019esquiss\u00e9e.<\/p>\n<p>Parce qu\u2019\u00e9videmment, l\u2019\u00eatre humain qui se constate en situation d\u2019in\u00e9galit\u00e9 \u00e9prouve normalement un sentiment d\u2019injustice. Sentiment d\u2019injustice qui conduit assez naturellement \u00e0 de la violence. Sauf s\u2019il existe des m\u00e9canismes qui ma\u00eetrisent ou \u00e9vitent la violence.<\/p>\n<p>Le premier m\u00e9canisme invent\u00e9 dans les soci\u00e9t\u00e9s est certainement la force.<\/p>\n<p>Souvent ceux qui avaient les positions dominantes dans la soci\u00e9t\u00e9 \u00e9taient les sp\u00e9cialistes du maniement des armes. Ils pouvaient ainsi agir par la contrainte en amont ou une r\u00e9pression s\u00e9v\u00e8re en aval pour d\u00e9clencher un m\u00e9canisme de peur chez ceux qui subissent l\u2019in\u00e9galit\u00e9 et les dissuader ainsi de toute r\u00e9bellion.<\/p>\n<p>Il est possible de citer l\u2019exemple de Spartacus qui ne fut pas qu\u2019un film mais une vraie histoire de r\u00e9volte des esclaves \u00e0 Rome vers -73 avant J\u00e9sus Christ. Quand les l\u00e9gions romaines furent enfin mobilis\u00e9es, ils battirent les esclaves moins bien organis\u00e9s. Les survivants, 6000 esclaves furent crucifi\u00e9s et expos\u00e9s tout au long de la Via Appia. Voir sur une des principales art\u00e8res de Rome une croix environ tous les 10 m\u00e8tres sur laquelle \u00e9tait supplici\u00e9 un de ses cong\u00e9n\u00e8res pouvait, en effet, avoir pour effet de d\u00e9courager d\u2019autres esclaves de suivre le m\u00eame chemin.<\/p>\n<p>Mais c\u2019est une m\u00e9thode barbare, couteuse et qui peut m\u00eame se r\u00e9v\u00e9ler hasardeuse, \u00e0 partir du moment o\u00f9 les privil\u00e9gi\u00e9s sont peu nombreux et les pauvres tr\u00e8s nombreux.<\/p>\n<p>Les soci\u00e9t\u00e9s trouv\u00e8rent d\u2019autres moyens beaucoup\u00a0 plus efficaces, n\u00e9cessitant un d\u00e9ploiement de force moindre et permettant une soumission volontaire. La religion permis ce prodige. Il n\u2019y avait pas lieu de critiquer la r\u00e9partition des richesses, c\u2019\u00e9tait l\u2019\u00eatre supr\u00eame, Dieu qui l\u2019avait voulu ainsi.<\/p>\n<p><a href=\"https:\/\/lemotdujour.fr\/?p=3454\">Lire l&rsquo;article<\/a><\/p>\n<\/div>\n<\/div>\n<\/div>\n<\/div>\n<\/div>\n","protected":false},"excerpt":{"rendered":"<p>En 2017, on f\u00eatait les 500 ans de la R\u00e9forme dont on marque la naissance le 31 octobre 1517. Ce jour-l\u00e0, un moine augustin, professeur de th\u00e9ologie \u00e0 l\u2019universit\u00e9 de Wittembourg en Thuringe sur les terres du Prince \u00e9lecteur de<\/p>\n","protected":false},"author":1,"featured_media":0,"parent":2543,"menu_order":7,"comment_status":"closed","ping_status":"closed","template":"","meta":{"footnotes":""},"class_list":["post-4400","page","type-page","status-publish","hentry"],"_links":{"self":[{"href":"https:\/\/lemotdujour.fr\/index.php?rest_route=\/wp\/v2\/pages\/4400","targetHints":{"allow":["GET"]}}],"collection":[{"href":"https:\/\/lemotdujour.fr\/index.php?rest_route=\/wp\/v2\/pages"}],"about":[{"href":"https:\/\/lemotdujour.fr\/index.php?rest_route=\/wp\/v2\/types\/page"}],"author":[{"embeddable":true,"href":"https:\/\/lemotdujour.fr\/index.php?rest_route=\/wp\/v2\/users\/1"}],"replies":[{"embeddable":true,"href":"https:\/\/lemotdujour.fr\/index.php?rest_route=%2Fwp%2Fv2%2Fcomments&post=4400"}],"version-history":[{"count":39,"href":"https:\/\/lemotdujour.fr\/index.php?rest_route=\/wp\/v2\/pages\/4400\/revisions"}],"predecessor-version":[{"id":4975,"href":"https:\/\/lemotdujour.fr\/index.php?rest_route=\/wp\/v2\/pages\/4400\/revisions\/4975"}],"up":[{"embeddable":true,"href":"https:\/\/lemotdujour.fr\/index.php?rest_route=\/wp\/v2\/pages\/2543"}],"wp:attachment":[{"href":"https:\/\/lemotdujour.fr\/index.php?rest_route=%2Fwp%2Fv2%2Fmedia&parent=4400"}],"curies":[{"name":"wp","href":"https:\/\/api.w.org\/{rel}","templated":true}]}}