{"id":2804,"date":"2017-07-26T12:16:54","date_gmt":"2017-07-26T10:16:54","guid":{"rendered":"http:\/\/lemotdujour.fr\/?page_id=2804"},"modified":"2017-07-26T12:16:54","modified_gmt":"2017-07-26T10:16:54","slug":"florence-aubenas-en-france-chroniques-dans-les-villes-et-villages-de-france","status":"publish","type":"page","link":"https:\/\/lemotdujour.fr\/?page_id=2804","title":{"rendered":"Florence Aubenas : \u00ab\u00a0En France \u00a0\u00bb &#8211; Chroniques dans les villes et villages de France"},"content":{"rendered":"<p style=\"padding-left: 30px;\"><img loading=\"lazy\" decoding=\"async\" class=\"\" src=\"https:\/\/lemotdujour.fr\/wp-content\/uploads\/2017\/07\/072617_0936_FlorenceAub1-213x300.jpg\" alt=\"\" width=\"233\" height=\"344\" align=\"left\" \/> <span style=\"color: #800080;\"><em>C&rsquo;est en \u00e9coutant Florence Aubenas dans l&rsquo;\u00e9mission <\/em><\/span><em><span style=\"color: #800080;\"><span style=\"color: #0000ff;\"><a href=\"http:\/\/www.franceculture.fr\/emission-repliques-raconter-la-france-2015-09-12\"><span style=\"color: #0000ff;\">&lt;R\u00e9pliques&gt;<\/span><\/a><\/span> <\/span><\/em><em><span style=\"color: #800080;\">que j&rsquo;ai eu envie de lire son livre \u00abEn France\u00bb.<\/span><\/em><\/p>\n<p><em><span style=\"color: #800080;\">Comme beaucoup, j&rsquo;ai appris l&rsquo;existence de Florence Aubenas lorsqu&rsquo;elle a \u00e9t\u00e9 kidnapp\u00e9e et retenue en otage en Irak en 2005. Depuis j&rsquo;ai appris \u00e0 conna\u00eetre la remarquable journaliste qu&rsquo;elle est. Comme le pr\u00e9conisait le journaliste suisse, Serge Michel, cr\u00e9ateur du Bondy Blog, elle va sur le terrain, en immersion, pour r\u00e9aliser ses reportages.<\/span><\/em><\/p>\n<p><em><span style=\"color: #800080;\">Elle avait publi\u00e9 un premier travail de reportage en France , <\/span><\/em><span style=\"color: #0000ff;\"><em><a href=\"http:\/\/livre.fnac.com\/a3609208\/Florence-Aubenas-Le-quai-de-Ouistreham\"><span style=\"color: #0000ff;\">&lt;Le quai de Ouistreham&gt;<\/span><\/a><\/em><\/span><em><span style=\"color: #800080;\">, <\/span><\/em><em><span style=\"color: #800080;\">livre qu&rsquo;elle a \u00e9crit apr\u00e8s avoir, pendant six mois, essay\u00e9 de \u00ab vivre la vie \u00bb des plus d\u00e9munis, ceux et surtout celles qui tentent de s&rsquo;en sortir en encha\u00eenant des travaux pr\u00e9caires (femme de m\u00e9nage par exemple) et du temps partiel. Elle a men\u00e9 cette enqu\u00eate \u00e0 Caen. C&rsquo;est un des emplois qu&rsquo;elle a occup\u00e9 : nettoyer un quai qui a donn\u00e9 le titre du livre.<\/span><\/em><\/p>\n<p><em><span style=\"color: #800080;\">Son livre <\/span><\/em><a href=\"http:\/\/livre.fnac.com\/a8858435\/Florence-Aubenas-En-France\"><span style=\"color: #0000ff;\">&lt;En France&gt;\u00a0<\/span><\/a><em><span style=\"color: #800080;\">est constitu\u00e9 d&rsquo;une s\u00e9rie de reportages pour \u00abLe Monde\u00bb. Elle a parcouru la France, les villages et les gens de France et a simplement rapport\u00e9 ce qui se passait en France ailleurs que dans les riches m\u00e9tropoles , <\/span><\/em><span style=\"color: #0000ff;\"><a href=\"http:\/\/www.ladepeche.fr\/article\/2014\/11\/12\/1989635-la-france-en-crise-de-florence-aubenas.html\"><em><span style=\"color: #0000ff;\">l\u00e0 o\u00f9 il devient de plus en plus difficile ou compliqu\u00e9 de vivre.<\/span><\/em><\/a><\/span><\/p>\n<p><span style=\"color: #800080;\"><em>Je vous avais propos\u00e9 une semaine de mots du jour, sur une \u00e9mission et un livre de Daniel Cohen. C&rsquo;\u00e9tait alors une r\u00e9flexion \u00e9rudite, argument\u00e9e, conceptuelle du monde \u00e9conomique dans lequel nous vivons et ensuite des questions sur l&rsquo;avenir qui se pr\u00e9pare.<\/em><\/span><\/p>\n<p><span style=\"color: #800080;\"><em>Je vous propose cette fois, 5 mots du jour, non d&rsquo;\u00e9rudition conceptuelle mais de reportages, de la vie vue \u00e0 hauteur d&rsquo;homme, comment les choses se passent et se disent dans le quotidien de cette \u00e9conomie en crise, parmi celles et ceux qui en sont les victimes<\/em><\/span><\/p>\n<p>&nbsp;<\/p>\n<p style=\"padding-left: 30px;\"><strong><span style=\"color: #000080;\">01 &#8211; \u00ab Ce qui \u00e9tait une fatalit\u00e9 pour nous est devenu le r\u00eave de nos enfants. \u00bb<br \/>\n<\/span><\/strong><span style=\"color: #800000;\">Un ouvrier en CDI parlant de ses enfants.<\/span><br \/>\n<span style=\"color: #800000;\"> Dans \u00ab En France \u00bb de Florence Aubenas, pages 185 \u00e0 188, 6 mai 2013<\/span><\/p>\n<p style=\"padding-left: 30px;\"><em><span style=\"color: #800080;\">Mot du jour 2 novembre 2015<\/span><\/em><\/p>\n<p>\u00ab Le rendez-vous est fix\u00e9 sur le parking d&rsquo;un fast-food juste \u00e0 l&rsquo;entr\u00e9e de Montb\u00e9liard (Doubs), \u00e0 quelques m\u00e8tres de la grille de l&rsquo;usine Peugeot. Une vingtaine de personnes attendent la camionnette qui les conduira jusqu&rsquo;aux ateliers de la premi\u00e8re \u00e9quipe. Dans le froid du ciel s&rsquo;\u00e9tirent des nuages noirs et roses. Il doit \u00eatre 4 h 30 du matin. [\u2026]<\/p>\n<p>David [\u2026] a d\u00e9j\u00e0 boss\u00e9 dans la restauration, les espaces verts, une usine de contreplaqu\u00e9, le triage des cerises. Contrats pr\u00e9caires, \u00e0 chaque fois. Ce coup-ci, il a d\u00e9croch\u00e9 Peugeot, ou plus exactement une mission de quatre mois en atelier par le biais d&rsquo;une bo\u00eete d&rsquo;int\u00e9rim, qui recrute pour un sous-traitant qui travaille pour Peugeot. Peugeot ! Il r\u00e9p\u00e8te le nom, souffl\u00e9 lui-m\u00eame par sa chance.<\/p>\n<p><a href=\"https:\/\/lemotdujour.fr\/?p=1304\"><span style=\"color: #0000ff;\">Lire l&rsquo;article<\/span><\/a><\/p>\n<p style=\"padding-left: 30px;\"><strong><span style=\"color: #000080;\">02 &#8211; \u00ab Je ne m&rsquo;\u00e9tais jamais pos\u00e9 de questions : je me sens fran\u00e7ais, c&rsquo;est tout. Ou plut\u00f4t je me sentais fran\u00e7ais. \u00bb<br \/>\n<\/span><\/strong><span style=\"color: #800000;\">Farid, habitant d&rsquo;origine musulmane de H\u00e9nin Beaumont<\/span><br \/>\n<span style=\"color: #800000;\"> Dans \u00ab En France \u00bb de Florence Aubenas, pages 25 \u00e0 30, 15 juin 2012<\/span><\/p>\n<p style=\"padding-left: 30px;\"><em><span style=\"color: #800080;\">Mot du jour 3 novembre 2015<\/span><\/em><\/p>\n<p>[\u2026] On est dimanche 10 juin \u00e0 H\u00e9nin-Beaumont, dans le bassin minier du Pas-de-Calais, au premier tour des l\u00e9gislatives o\u00f9 se pr\u00e9sente \u2013 entre autres \u2013 Marine Le Pen, la patronne du Front national.<\/p>\n<p>Et Rachida trouve l&rsquo;ambiance \u00e9trange, elle ne peut pas s&rsquo;en emp\u00eacher, sans trop savoir pourquoi. [Quand elle rentre chez elle] La table est dress\u00e9e avec attention, il y a son mari, ses enfants, quelques amis aussi. Tous ont des boulots solides, les hommes comme les femmes, Mohamed \u00e0 la t\u00eate d&rsquo;un cabinet d&rsquo;assurances, Nac\u00e9ra, qui est professeure ou Said, ing\u00e9nieur. Les enfants font du th\u00e9\u00e2tre, fr\u00e9quentent les clubs de sport.<\/p>\n<p>[\u2026]<\/p>\n<p>Farid, un autre voisin, pr\u00e8s du lac, a mis un certain temps \u00e0 r\u00e9aliser que l&rsquo;\u00ab Arabe \u00bb d&rsquo;H\u00e9nin- Beaumont, montr\u00e9 du doigt pendant toute la campagne, d\u00e9sign\u00e9 dans les tracts du FN et dont chacun commente la \u00ab dangerosit\u00e9 \u00bb, c&rsquo;est lui aussi.<\/p>\n<p>Il s&rsquo;est regard\u00e9 dans la salle de bains, lunettes d&rsquo;\u00e9caille, raie sur le c\u00f4t\u00e9, les rides pr\u00e9coces du type qui travaille tard.<\/p>\n<p>Il a dit \u00e0 sa femme en pointant sa propre image dans le miroir : \u00ab Tu crois que je vais finir par avoir peur de ce bougnoule en face de moi ? \u00bb Ils ont ri et pens\u00e9 \u00e0 leur vie dont il n&rsquo;y a pas grand-chose \u00e0 dire et tant mieux, une vie rang\u00e9e et invisible comme celle des gens \u00e0 l&rsquo;aise.<\/p>\n<p>Brusquement, ils ont eu l&rsquo;impression que toute cette qui\u00e9tude venait d&rsquo;\u00eatre balanc\u00e9e sur la place publique, expos\u00e9e.<\/p>\n<p>\u00ab Je ne m&rsquo;\u00e9tais jamais pos\u00e9 de questions : je me sens fran\u00e7ais, c&rsquo;est tout, dit Farid. Ou plut\u00f4t je me sentais fran\u00e7ais. \u00bb Leurs parents venaient de la mine, comme tout le monde ici.<\/p>\n<p><a href=\"https:\/\/lemotdujour.fr\/?p=1306\"><span style=\"color: #0000ff;\">Lire l&rsquo;article<\/span><\/a><\/p>\n<p style=\"padding-left: 30px;\"><strong><span style=\"color: #000080;\">03 &#8211; \u00ab C&rsquo;est vrai, on est le dernier cr\u00e9dit sans int\u00e9r\u00eats.\u00bb<br \/>\n<\/span><\/strong><span style=\"color: #800000;\">Une employ\u00e9e de l&rsquo;office d&rsquo;HLM \u00e0 une locataire qui se pr\u00e9sente avec des loyers impay\u00e9s<\/span><br \/>\n<span style=\"color: #800000;\"> Dans \u00ab En France \u00bb de Florence Aubenas, pages 42 \u00e0 45, 20 mai 2013<\/span><\/p>\n<p style=\"padding-left: 30px;\"><em><span style=\"color: #800080;\">Mot du jour 4 novembre 2015<\/span><\/em><\/p>\n<p>[\u2026], pour les loyers impay\u00e9s de son T3, Cassandra s&rsquo;est r\u00e9solue \u00e0 aller \u00e0 l&rsquo;office HLM, \u00ab comme tout le monde \u00bb. Bouboulette l&rsquo;accompagne. Depuis qu&rsquo;il a pu s&rsquo;offrir le permis de conduire, on le croirait promu nouveau chef de toute la famille. L&rsquo;\u00e9v\u00e9nement a \u00e9t\u00e9 f\u00eat\u00e9, presque autant que son dipl\u00f4me d&rsquo;instituteur l&rsquo;an dernier.<\/p>\n<p>A l&rsquo;office HLM, une brune enjou\u00e9e avec un chignon les re\u00e7oit sous des photos de la r\u00e9gion, la Normandie pittoresque [\u2026]<\/p>\n<p>Cassandra en vient au but. Elle n&rsquo;arrive plus \u00e0 payer son loyer.<\/p>\n<p>\u00ab On va regarder ensemble votre budget \u00bb, reprend l&#8217;employ\u00e9e en souriant.<\/p>\n<p>Cassandra commence par le \u00ab poste num\u00e9ro un \u00bb, les factures, \u00ab qu&rsquo;on est oblig\u00e9 de payer, sinon ils vous coupent tout de suite \u00bb : le t\u00e9l\u00e9phone portable et Internet. \u00ab Sans \u00e7a, on est mort : surtout mon mari, en recherche d&#8217;emploi. \u00bb Il \u00e9tait commercial et \u00ab bricole dans l&rsquo;informatique en attendant mieux \u00bb.<\/p>\n<p>Autrement dit, il ach\u00e8te des sacs imitation Vuitton en Chine sur le Net et les revend en France sur le site Le Bon Coin. \u00ab Au black \u00bb, pr\u00e9cise Cassandra. Elle n&rsquo;y voit aucun mal, au contraire. \u00ab Vous pr\u00e9f\u00e9reriez qu&rsquo;il ne fasse rien ? On a un fils. \u00bb<\/p>\n<p>Ensuite, vient le remboursement de trois cr\u00e9dits \u00e0 la consommation pour un frigo, un scooter d&rsquo;occasion et un home-cin\u00e9ma (\u00ab On doit bien se faire plaisir parfois \u00bb, glisse Bouboulette, qui prend des notes). L\u00e0 aussi, il faut payer, et tr\u00e8s vite. Les bo\u00eetes de cr\u00e9dit ne l\u00e2chent jamais. Ils vous mettent des p\u00e9nalit\u00e9s f\u00e9roces. Ils scotchent des autocollants humiliants sur votre bo\u00eete aux lettres. Ils vous harc\u00e8lent devant l&rsquo;\u00e9cole ou au boulot. Ils vous attaquent au tribunal. C&rsquo;est l&rsquo;obligation num\u00e9ro deux.<\/p>\n<p><a href=\"https:\/\/lemotdujour.fr\/?p=1308\"><span style=\"color: #0000ff;\">Lire l&rsquo;article<\/span><\/a><\/p>\n<p style=\"padding-left: 30px;\"><strong><span style=\"color: #000080;\">04 &#8211; \u00ab un pays de gosses qui font des gosses \u00bb<br \/>\n<\/span><\/strong><span style=\"color: #800000;\">Florence Aubenas<\/span><br \/>\n<span style=\"color: #800000;\"> Dans \u00ab En France \u00bb de Florence Aubenas, pages 225 \u00e0 228, 17 f\u00e9vrier 2014<\/span><\/p>\n<p style=\"padding-left: 30px;\"><em><span style=\"color: #800080;\">Mot du jour 5 novembre 2015<\/span><\/em><\/p>\n<p>Sa premi\u00e8re visite dans les bourgades de la Thi\u00e9rache l&rsquo;a sid\u00e9r\u00e9, \u00ab un choc visuel \u00bb, dit-il. Pourtant, Franck Audin est n\u00e9 ici, ou pas tr\u00e8s loin, \u00e0 Saint-Quentin, 40 km vers le Nord. Il a voyag\u00e9 aussi, des missions humanitaires dans des contr\u00e9es d\u00e9chir\u00e9es. Pourtant, dans ces rues de brique et d&rsquo;ardoise, il ne parvient pas \u00e0 d\u00e9tourner les yeux de ces filles, si jeunes, si nombreuses, la sortie de l&rsquo;\u00e9cole, croirait-on, si chacune ne poussait un landau avec un b\u00e9b\u00e9 : la travers\u00e9e d&rsquo;un pays de gosses qui font des gosses. Bien s\u00fbr, Audin a la sale impression de basculer dans la caricature, lui qui f\u00e9d\u00e8re les centres sociaux de l&rsquo;Aisne.<\/p>\n<p><a href=\"https:\/\/lemotdujour.fr\/?p=1310\"><span style=\"color: #0000ff;\">Lire l&rsquo;article<\/span><\/a><\/p>\n<p style=\"padding-left: 30px;\"><strong><span style=\"color: #000080;\">05 &#8211; \u00ab je vais vous prendre. Depuis ce matin, je n&rsquo;ai vu d\u00e9filer que des \u00ab voil\u00e9es \u00bb. Finalement, vous \u00eates la moins pire ! \u00bb<br \/>\n<\/span><\/strong><span style=\"color: #800000;\">Une maman de Chatou qui cherche une baby Sitter \u00e0 une fille voil\u00e9e qui postule pour ce travail Dans \u00ab En France \u00bb de Florence Aubenas, pages 197 \u00e0 200, 8 juillet 2013<\/span><\/p>\n<p style=\"padding-left: 30px;\"><em><span style=\"color: #800080;\">Mot du jour 6 novembre 2015<\/span><\/em><\/p>\n<p>Le texte de l&rsquo;annonce disait : \u00abUrgent : maman parfaite mais surbook\u00e9e cherche garde pour ses deux p&rsquo;tits loups pendant l&rsquo;\u00e9t\u00e9. Prolongation possible si atomes crochus.\u00bb L&rsquo;adresse est \u00e0 Chatou et, avant m\u00eame d&rsquo;\u00eatre arriv\u00e9e, Rim a averti les deux copines qui l&rsquo;accompagnent : \u00abC&rsquo;est un coin perdu avec que des Fran\u00e7ais. \u00bb Dans le RER, on devise paisiblement des nouveaux parfums de glace chez Haagen-Dazs et d&rsquo;un DVD de Gad Elmaleh.<\/p>\n<p>Il est convenu que les copines attendent devant la r\u00e9sidence, pendant que Rim se pr\u00e9sente au rendez-vous. Quand elle ouvre, la \u00ab maman-parfaite-mais-surbook\u00e9e\u00bb pousse un cri : \u00ab Mon Dieu !\u00bb Elle recule de deux pas.<\/p>\n<p>\u00abJe vous avais pr\u00e9venue au t\u00e9l\u00e9phone que je portais le foulard, soupire Rim.<\/p>\n<p>\u2013 Je n&rsquo;avais pas r\u00e9alis\u00e9. Je croyais que c&rsquo;\u00e9tait juste un petit bandana.\u00bb<\/p>\n<p><a href=\"https:\/\/lemotdujour.fr\/?p=1312\"><span style=\"color: #0000ff;\">Lire l&rsquo;article<\/span><\/a><\/p>\n","protected":false},"excerpt":{"rendered":"<p>C&rsquo;est en \u00e9coutant Florence Aubenas dans l&rsquo;\u00e9mission &lt;R\u00e9pliques&gt; que j&rsquo;ai eu envie de lire son livre \u00abEn France\u00bb. Comme beaucoup, j&rsquo;ai appris l&rsquo;existence de Florence Aubenas lorsqu&rsquo;elle a \u00e9t\u00e9 kidnapp\u00e9e et retenue en otage en Irak en 2005. Depuis j&rsquo;ai<\/p>\n","protected":false},"author":1,"featured_media":0,"parent":2543,"menu_order":0,"comment_status":"closed","ping_status":"closed","template":"","meta":{"footnotes":""},"class_list":["post-2804","page","type-page","status-publish","hentry"],"_links":{"self":[{"href":"https:\/\/lemotdujour.fr\/index.php?rest_route=\/wp\/v2\/pages\/2804","targetHints":{"allow":["GET"]}}],"collection":[{"href":"https:\/\/lemotdujour.fr\/index.php?rest_route=\/wp\/v2\/pages"}],"about":[{"href":"https:\/\/lemotdujour.fr\/index.php?rest_route=\/wp\/v2\/types\/page"}],"author":[{"embeddable":true,"href":"https:\/\/lemotdujour.fr\/index.php?rest_route=\/wp\/v2\/users\/1"}],"replies":[{"embeddable":true,"href":"https:\/\/lemotdujour.fr\/index.php?rest_route=%2Fwp%2Fv2%2Fcomments&post=2804"}],"version-history":[{"count":19,"href":"https:\/\/lemotdujour.fr\/index.php?rest_route=\/wp\/v2\/pages\/2804\/revisions"}],"predecessor-version":[{"id":2826,"href":"https:\/\/lemotdujour.fr\/index.php?rest_route=\/wp\/v2\/pages\/2804\/revisions\/2826"}],"up":[{"embeddable":true,"href":"https:\/\/lemotdujour.fr\/index.php?rest_route=\/wp\/v2\/pages\/2543"}],"wp:attachment":[{"href":"https:\/\/lemotdujour.fr\/index.php?rest_route=%2Fwp%2Fv2%2Fmedia&parent=2804"}],"curies":[{"name":"wp","href":"https:\/\/api.w.org\/{rel}","templated":true}]}}