{"id":2704,"date":"2017-07-09T21:13:30","date_gmt":"2017-07-09T19:13:30","guid":{"rendered":"http:\/\/lemotdujour.fr\/?page_id=2704"},"modified":"2018-06-14T21:59:09","modified_gmt":"2018-06-14T19:59:09","slug":"daniel-cohen-homo-oeconomicus-et-la-stagnation-seculaire","status":"publish","type":"page","link":"https:\/\/lemotdujour.fr\/?page_id=2704","title":{"rendered":"Daniel Cohen &#8211; homo \u0153conomicus et la stagnation s\u00e9culaire"},"content":{"rendered":"<p><img loading=\"lazy\" decoding=\"async\" class=\"alignleft\" src=\"https:\/\/lemotdujour.fr\/wp-content\/uploads\/2017\/07\/070917_1858_BilletpourP1.jpg\" alt=\"\" width=\"194\" height=\"301\" align=\"left\" \/><span style=\"color: #800080;\"><em>La premi\u00e8re s\u00e9rie de mots que j&rsquo;ai \u00e9crite, \u00e0 la rentr\u00e9e de septembre 2015, fut celle consacr\u00e9e \u00e0 l&rsquo;\u00e9conomiste Daniel Cohen qui avait \u00e9t\u00e9 invit\u00e9 de l&rsquo;\u00e9mission \u00ab<a href=\"http:\/\/www.franceculture.fr\/emission-l-esprit-public-la-stagnation-seculaire-avec-daniel-cohen-2015-07-26\"><span style=\"color: #0000ff;\">L&rsquo;esprit Public du 26\/07\/2015<\/span>\u00bb<\/a><br \/>\n<\/em><\/span><\/p>\n<p><span style=\"color: #800080;\"><em>Philippe Meyer avait introduit ainsi cette \u00e9mission\u00a0:<br \/>\n<\/em><\/span><\/p>\n<p><span style=\"color: #800080;\"><em>\u00ab\u00a0Daniel Cohen, vous \u00eates professeur \u00e0 l&rsquo;Ecole normale sup\u00e9rieure et vice-pr\u00e9sident de l&rsquo;Ecole d&rsquo;Economie de Paris, que vous avez contribu\u00e9 \u00e0 fonder. En plus de vos activit\u00e9s universitaires, vous avez men\u00e9 une activit\u00e9 de conseil aupr\u00e8s du Premier ministre au sein du Conseil d&rsquo;Analyse Economique ainsi qu&rsquo;aupr\u00e8s de diff\u00e9rents Etats pour la restructuration de leurs dettes souveraines.<br \/>\n<\/em><\/span><\/p>\n<p><span style=\"color: #800080;\"><em>Vous avez \u00e9galement \u00e9crit plusieurs ouvrages, dont le dernier, Homo economicus , a re\u00e7u le prix du livre d&rsquo;\u00e9conomie de l&rsquo;ann\u00e9e 2012. Vous y d\u00e9veloppez notamment le \u00ab paradoxe d&rsquo;Easterlin \u00bb, selon lequel pass\u00e9 un certain niveau de d\u00e9veloppement, une hausse de la richesse ne se traduit pas par une am\u00e9lioration du bien-\u00eatre des individus.<br \/>\n<\/em><\/span><\/p>\n<p><em><span style=\"color: #800080;\">Avec vous, nous allons nous int\u00e9resser \u00e0 la question de la croissance \u00e9conomique, et de ses perspectives pour l&rsquo;avenir.\u00a0\u00bb<\/span><br \/>\n<\/em><\/p>\n<p>&nbsp;<\/p>\n<p style=\"padding-left: 30px;\"><strong><span style=\"color: #000080;\">1 &#8211; \u00ab Une fois qu&rsquo;une soci\u00e9t\u00e9 a atteint un certain seuil de richesse, la poursuite de son d\u00e9veloppement \u00e9conomique est sans influence sur l&rsquo;\u00e9volution du bien-\u00eatre moyen de sa population. \u00bb<\/span><br \/>\n<\/strong><span style=\"color: #800000;\">Constat appel\u00e9 le paradoxe d&rsquo;Easterlin<\/span><\/p>\n<p style=\"padding-left: 30px;\"><em><span style=\"color: #800080;\">Mot du jour du lundi 31 Ao\u00fbt 2015<\/span><br \/>\n<\/em><\/p>\n<p>Je vais innover cette semaine, car les 5 mots du jour de la semaine renverront tous \u00e0 la m\u00eame \u00e9mission :<a href=\"http:\/\/www.franceculture.fr\/emission-l-esprit-public-la-stagnation-seculaire-avec-daniel-cohen-2015-07-26\"><span style=\"color: #0000ff;\"> \u00abL&rsquo;esprit Public du 26\/07\/2015<\/span>\u00bb<\/a>, dans laquelle l&rsquo;\u00e9conomiste Daniel Cohen donnait sa vision du syst\u00e8me \u00e9conomique d&rsquo;aujourd&rsquo;hui et de demain.<\/p>\n<p>Daniel Cohen fait partie de ses rares \u00e9conomistes qui me plaisent bien parce qu&rsquo;il ne fait ni partie de ces \u00e9conomistes croyants aux vertus absolues du lib\u00e9ralisme et qui pense que tout va s&rsquo;arranger, il suffit de lib\u00e9rer encore davantage les march\u00e9s et faire reculer le r\u00f4le de la puissance publique \u00e0 sa portion congrue, ni de ceux qui sont aussi des croyants mais d&rsquo;une autre religion celle o\u00f9 le Politique peut tout r\u00e9gler, il suffit d&rsquo;avoir la volont\u00e9 et d&rsquo;accumuler les Lois et les contraintes.<\/p>\n<p>Les 3 premiers mots seront consacr\u00e9s au contexte. C&rsquo;est-\u00e0-dire les forces et les contraintes qui sont \u00e0 l&rsquo;\u0153uvre. Le quatri\u00e8me sera consacr\u00e9 \u00e0 une r\u00e9flexion sur la grande incertitude \u00e9conomique d&rsquo;aujourd&rsquo;hui. Le cinqui\u00e8me permettra d&rsquo;aborder les esquisses de pistes que Daniel Cohen se risque \u00e0 formuler pour faire face \u00e0 ces questions existentielles.<\/p>\n<p>Je commence donc par le premier \u00e9l\u00e9ment de contexte qu&rsquo;on appelle le paradoxe d&rsquo;Easterlin<\/p>\n<p><a href=\"https:\/\/lemotdujour.fr\/?p=1214\"><span style=\"color: #0000ff;\">Lire l&rsquo;article<\/span><em><br \/>\n<\/em><\/a><\/p>\n<p style=\"padding-left: 30px;\"><span style=\"color: #000080;\"><strong>2 &#8211; \u00ab\u00a0La loi de Moore\u00a0\u00bb<br \/>\n<\/strong><span style=\"color: #800000;\">Gordon Moore cofondateur de la soci\u00e9t\u00e9 Intel<\/span><\/span><\/p>\n<p style=\"padding-left: 30px;\"><em><span style=\"color: #800080;\">Mot du jour du mardi 1<sup>er<\/sup> Septembre 2015<\/span><br \/>\n<\/em><\/p>\n<p><a href=\"https:\/\/fr.wikipedia.org\/wiki\/Gordon_Earle_Moore\"><span style=\"color: #0000ff;\">&lt;Gordon Earle Moore<\/span>&gt;<\/a> est n\u00e9 le 3 janvier 1929 \u00e0 San Francisco. C&rsquo;est un docteur en chimie et un chef d&rsquo;entreprise am\u00e9ricain. Il est le cofondateur avec Robert Noyce et Andrew Grove de la soci\u00e9t\u00e9 Intel en 1968 (leader mondial des fabricants de microprocesseurs). Il est connu pour avoir publi\u00e9 la loi de Moore en 1965.<\/p>\n<p>En r\u00e9alit\u00e9, il existe plusieurs lois appel\u00e9es \u00ab\u00a0Les lois de Moore\u00a0\u00bb. Ce sont des lois empiriques qui ont trait \u00e0 l&rsquo;\u00e9volution de la puissance des ordinateurs et de la complexit\u00e9 du mat\u00e9riel informatique. Au sens strict, on ne devrait pas parler de lois de Moore mais de conjectures de Moore puisque les \u00e9nonc\u00e9s de Moore ne sont en fait que des suppositions.<\/p>\n<p>La Loi de Moore, stricto sensu, a \u00e9t\u00e9 exprim\u00e9e, le 19 avril 1965, dans \u00ab Electronics Magazine \u00bb. Constatant que la complexit\u00e9 des semi-conducteurs propos\u00e9s, en entr\u00e9e de gamme, doublait tous les ans, \u00e0 co\u00fbt constant depuis 1959, date de leur invention, il postulait la poursuite de cette croissance (en 1965, le circuit le plus performant comportait 64 transistors).<\/p>\n<p>Je cite <a href=\"https:\/\/fr.wikipedia.org\/wiki\/Loi_de_Moore\"><span style=\"color: #0000ff;\">Wikip\u00e9dia\u00a0<\/span>:<\/a> \u00ab\u00a0Cette augmentation exponentielle fut rapidement nomm\u00e9e Loi de Moore ou, compte tenu de l&rsquo;ajustement ult\u00e9rieur, Premi\u00e8re loi de Moore.<\/p>\n<p><a title=\"Mardi 1er Septembre 2015\" href=\"https:\/\/lemotdujour.fr\/?p=1216\"><span style=\"color: #0000ff;\">Lire l&rsquo;article<\/span><\/a><\/p>\n<p style=\"padding-left: 30px;\"><strong><span style=\"color: #000080;\">3 &#8211; \u00ab\u00a0Si tu fais la m\u00eame op\u00e9ration deux jours de suite,<\/span><br \/>\n<span style=\"color: #000080;\"> cherche le logiciel qui fera la m\u00eame chose \u00e0 ta place\u00a0\u00bb<\/span><br \/>\n<\/strong><span style=\"color: #800000;\">Le mantra de l&rsquo;informatique contemporaine.<\/span><\/p>\n<p style=\"padding-left: 30px;\"><em><span style=\"color: #800080;\">Mot du jour du mercredi 2 Septembre 2015<\/span><br \/>\n<\/em><\/p>\n<p>Nous sommes dans la continuit\u00e9 de la loi de Moore. Mais ce mantra informatique aggrave encore la probl\u00e9matique.<\/p>\n<p>Car nous sommes au c\u0153ur du sujet de l&rsquo;ins\u00e9curit\u00e9 \u00e9conomique.<\/p>\n<p>Si un logiciel peut faire ce que je fais, que ferais-je, moi, demain\u00a0?<\/p>\n<p>Avant d&rsquo;analyser la cons\u00e9quence de ce raisonnement en mati\u00e8re d&#8217;emploi, arr\u00eatons-nous \u00e0 son caract\u00e8re totalement d\u00e9stabilisateur.<\/p>\n<p>Nous autres humano\u00efdes, nous nous sommes construits dans la r\u00e9p\u00e9tition. Nous avons appris notre m\u00e9tier par la r\u00e9p\u00e9tition des m\u00eames gestes, l&rsquo;utilisation des m\u00eames outils, la consolidation des m\u00eames proc\u00e9dures.<\/p>\n<p>Combien il est rassurant pour nous quand nous avons une t\u00e2che \u00e0 r\u00e9aliser de pouvoir constater : \u00ab\u00a0Cela je l&rsquo;ai d\u00e9j\u00e0 fait, donc je sais le faire\u00a0\u00bb.<\/p>\n<p>Cette facilit\u00e9, cette s\u00e9curit\u00e9, cette confiance nous est retir\u00e9e : quand on a appris \u00e0 faire quelque chose avec assurance, on aura plus besoin de nous, une machine pourra le faire.<\/p>\n<p>Et alors en termes d&#8217;emplois\u2026<\/p>\n<p><a title=\"Mercredi 2 Septembre 2015\" href=\"https:\/\/lemotdujour.fr\/?p=1218\"><span style=\"color: #0000ff;\">Lire l&rsquo;article<\/span><\/a><\/p>\n<p style=\"padding-left: 30px;\"><strong><span style=\"color: #000080;\">4 &#8211; \u00ab\u00a0La stagnation s\u00e9culaire\u00a0\u00bb<\/span><br \/>\n<\/strong><span style=\"color: #800000;\">Robert Gordon<\/span><\/p>\n<p style=\"padding-left: 30px;\"><em><span style=\"color: #800080;\">Mot du jour du jeudi 3 Septembre 2015<\/span><br \/>\n<\/em><\/p>\n<p>L&rsquo;\u00e9mission origine des mots du jour de cette semaine avait pour objet principal : la stagnation s\u00e9culaire.<\/p>\n<p>Car plusieurs \u00e9conomistes am\u00e9ricains ont publi\u00e9 des travaux sur une \u00e9ventuelle \u00ab\u00a0stagnation s\u00e9culaire\u00a0\u00bb. Selon eux, la p\u00e9riode de croissance que nous connaissons depuis la r\u00e9volution industrielle serait une exception historique, une parenth\u00e8se enchant\u00e9e.<\/p>\n<p>Selon cette th\u00e8se nous sommes rentr\u00e9s dans une p\u00e9riode de l&rsquo;ordre du si\u00e8cle o\u00f9 il n&rsquo;y aura presque pas de croissance.<\/p>\n<p>Robert Gordon fut le premier, mais cette th\u00e8se a \u00e9t\u00e9 soutenue et compl\u00e9t\u00e9e par Larry Summers, \u00e9conomiste de renom, secr\u00e9taire d&rsquo;Etat au Tr\u00e9sor de Clinton puis proche conseiller d&rsquo;Obama et encore James Galbraith qui est aussi un \u00e9conomiste important, plut\u00f4t h\u00e9t\u00e9rodoxe et fils d&rsquo;un des plus c\u00e9l\u00e8bres \u00e9conomistes\u00a0: John Kenneth Galbraith.<\/p>\n<p>L&rsquo;hypoth\u00e8se, \u00e9nonc\u00e9e par le professeur Robert Gordon, serait li\u00e9e \u00e0 l&rsquo;impact de plus en plus faible de l&rsquo;innovation sur la croissance. La r\u00e9volution num\u00e9rique aurait en effet moins d&rsquo;influence sur les facteurs de production que la machine \u00e0 vapeur ou l&rsquo;\u00e9lectricit\u00e9 n&rsquo;en ont eue en leur temps.<\/p>\n<p>D&rsquo;autres \u00e9conomistes comme Barry Eichengreen qui ont aussi l&rsquo;intuition de la stagnation s\u00e9culaire, d\u00e9veloppent d&rsquo;autres arguments justifiant cette th\u00e8se.<\/p>\n<p><a title=\"Jeudi 3 Septembre 2015\" href=\"https:\/\/lemotdujour.fr\/?p=1220\"><span style=\"color: #0000ff;\">Lire l&rsquo;article<\/span><\/a><\/p>\n<p style=\"padding-left: 30px;\"><strong><span style=\"color: #000080;\">5 &#8211; \u00ab Il faut construire un nouvel Etat-providence qui recr\u00e9e de la s\u00e9curit\u00e9\u00bb<\/span><br \/>\n<\/strong><span style=\"color: #800000;\">Daniel Cohen<\/span><\/p>\n<p style=\"padding-left: 30px;\"><em><span style=\"color: #800080;\">Mot du jour du vendredi 4 Septembre 2015<\/span><br \/>\n<\/em><\/p>\n<p>R\u00e9sumons les r\u00e9flexions de la semaine :<\/p>\n<p>Notre soci\u00e9t\u00e9 est nourrie \u00e0 la croissance. Il s&rsquo;agit d&rsquo;une v\u00e9ritable addiction. Tout le monde affirme qu&rsquo;en dessous d&rsquo;un certain seuil de croissance il ne peut y avoir de recul du ch\u00f4mage, le financement de nos retraites est fond\u00e9e sur une hypoth\u00e8se de croissance continue et solide, l&rsquo;homme politiques qui ne promettent pas son retour n&rsquo;ont aucune chance d&rsquo;\u00eatre \u00e9lus. Et surtout ce que la richesse ne peut nous apporter, la croissance en est capable : nous donner le sentiment de bien-\u00eatre (Paradoxe d&rsquo;Easterlin) ;<\/p>\n<p>La r\u00e9volution num\u00e9rique est bas\u00e9e sur un doublement des performances \u00e0 peu pr\u00e8s tous les 18 mois (loi de Moore) ;<\/p>\n<p>Gr\u00e2ce \u00e0 ces performances, les programmes informatiques et la robotisation remplacent, dans des domaines de plus en plus large, les m\u00e9tiers des humains de la classe moyenne ;<\/p>\n<p>Depuis 30 ans la croissance des pays d\u00e9velopp\u00e9s diminue, pour l&rsquo;instant la r\u00e9volution num\u00e9rique n&rsquo;a pas provoqu\u00e9 un sursaut de croissance. Si on analyse ces choses de mani\u00e8re rationnelle on doit conclure \u00e0 une grande incertitude sur le retour de notre drogue : la croissance. Il est possible que nous ne retrouvions pas de croissance avant longtemps.<\/p>\n<p>Pour Daniel Cohen plus que la financiarisation de l&rsquo;Economie qui a d\u00e9but\u00e9 dans les ann\u00e9es 1980, c&rsquo;est la r\u00e9volution num\u00e9rique qui a surgi au d\u00e9but des ann\u00e9es 1990 qui a boulevers\u00e9 l&rsquo;organisation du travail, non plus seulement dans les ateliers mais dans les bureaux.<\/p>\n<p><a title=\"Vendredi 4 Septembre 2015\" href=\"https:\/\/lemotdujour.fr\/?p=1222\"><span style=\"color: #0000ff;\">Lire l&rsquo;article<\/span><\/a><\/p>\n","protected":false},"excerpt":{"rendered":"<p>La premi\u00e8re s\u00e9rie de mots que j&rsquo;ai \u00e9crite, \u00e0 la rentr\u00e9e de septembre 2015, fut celle consacr\u00e9e \u00e0 l&rsquo;\u00e9conomiste Daniel Cohen qui avait \u00e9t\u00e9 invit\u00e9 de l&rsquo;\u00e9mission \u00abL&rsquo;esprit Public du 26\/07\/2015\u00bb Philippe Meyer avait introduit ainsi cette \u00e9mission\u00a0: \u00ab\u00a0Daniel Cohen,<\/p>\n","protected":false},"author":1,"featured_media":0,"parent":2543,"menu_order":0,"comment_status":"closed","ping_status":"closed","template":"","meta":{"footnotes":""},"class_list":["post-2704","page","type-page","status-publish","hentry"],"_links":{"self":[{"href":"https:\/\/lemotdujour.fr\/index.php?rest_route=\/wp\/v2\/pages\/2704","targetHints":{"allow":["GET"]}}],"collection":[{"href":"https:\/\/lemotdujour.fr\/index.php?rest_route=\/wp\/v2\/pages"}],"about":[{"href":"https:\/\/lemotdujour.fr\/index.php?rest_route=\/wp\/v2\/types\/page"}],"author":[{"embeddable":true,"href":"https:\/\/lemotdujour.fr\/index.php?rest_route=\/wp\/v2\/users\/1"}],"replies":[{"embeddable":true,"href":"https:\/\/lemotdujour.fr\/index.php?rest_route=%2Fwp%2Fv2%2Fcomments&post=2704"}],"version-history":[{"count":7,"href":"https:\/\/lemotdujour.fr\/index.php?rest_route=\/wp\/v2\/pages\/2704\/revisions"}],"predecessor-version":[{"id":5034,"href":"https:\/\/lemotdujour.fr\/index.php?rest_route=\/wp\/v2\/pages\/2704\/revisions\/5034"}],"up":[{"embeddable":true,"href":"https:\/\/lemotdujour.fr\/index.php?rest_route=\/wp\/v2\/pages\/2543"}],"wp:attachment":[{"href":"https:\/\/lemotdujour.fr\/index.php?rest_route=%2Fwp%2Fv2%2Fmedia&parent=2704"}],"curies":[{"name":"wp","href":"https:\/\/api.w.org\/{rel}","templated":true}]}}