{"id":2543,"date":"2017-06-17T22:44:54","date_gmt":"2017-06-17T20:44:54","guid":{"rendered":"http:\/\/lemotdujour.fr\/?page_id=2543"},"modified":"2021-12-13T00:18:40","modified_gmt":"2021-12-12T23:18:40","slug":"series-de-mots","status":"publish","type":"page","link":"https:\/\/lemotdujour.fr\/?page_id=2543","title":{"rendered":"S\u00e9ries de mots"},"content":{"rendered":"<p>Sur cet onglet, vous trouverez des liens vers des pages qui regroupent les s\u00e9ries de mots du jour que j&rsquo;ai consacr\u00e9 \u00e0 un livre ou \u00e0 un th\u00e8me pr\u00e9cis. Le plus souvent ces s\u00e9ries repr\u00e9sentent les mots du jour d&rsquo;une semaine, donc 5 articles. Parfois certaines s\u00e9ries sont plus longues et d\u00e9passent cette dur\u00e9e. Cette page est constitu\u00e9e au fil du temps et ne contient pas encore toutes les s\u00e9ries qui ont \u00e9crites.<\/p>\n<p><span style=\"color: #800000;\"><em>Derni\u00e8re mise \u00e0 jour : 12\/12\/2021<\/em><\/span><\/p>\n<p style=\"padding-left: 40px;\"><span style=\"color: #800000; font-family: Arial;\">A &#8211; HISTOIRE<\/span><\/p>\n<p><a href=\"https:\/\/lemotdujour.fr\/?page_id=6872\"><span style=\"color: #0000ff;\">01 &#8211; La Grande Guerre s&rsquo;est termin\u00e9e il y a cent ans (16 mots)<\/span><\/a><\/p>\n<p><a href=\"https:\/\/lemotdujour.fr\/?page_id=4400\"><span style=\"color: #0000ff;\">02 &#8211; Martin Luther (8 mots +1)<\/span><\/a><\/p>\n<p><a href=\"https:\/\/lemotdujour.fr\/?page_id=6849\"><span style=\"color: #0000ff;\">03 &#8211; Le football par l\u2019Histoire, l\u2019\u00c9conomie et la Morale (11 mots)<\/span><\/a><\/p>\n<p><a href=\"https:\/\/lemotdujour.fr\/?page_id=11154\"><span style=\"color: #0000ff;\">04 &#8211; La Commune de Paris (16 mots)<\/span><\/a><\/p>\n<p><a href=\"https:\/\/lemotdujour.fr\/?page_id=11919\"><span style=\"color: #0000ff;\">05 &#8211; 1979 : L&rsquo;ann\u00e9e du grand retournement (13 mots)<\/span><\/a><\/p>\n<p style=\"padding-left: 40px;\"><span style=\"color: #800000; font-family: Arial;\">B -PHILOSOPHIE<\/span><\/p>\n<p><a href=\"https:\/\/lemotdujour.fr\/?page_id=2739\"><span style=\"color: #0000ff;\">01 &#8211; R\u00e9gis Debray : La croyance et le sacr\u00e9 (5 mots + 1)<\/span><\/a><\/p>\n<p><span style=\"color: #0000ff;\"><a style=\"color: #0000ff;\" href=\"https:\/\/lemotdujour.fr\/?page_id=7839\">02 &#8211; Michel Serres : Le philosophe espi\u00e8gle (15 mots + 3)<\/a><\/span><\/p>\n<p><span style=\"color: #0000ff;\"><a style=\"color: #0000ff;\" href=\"https:\/\/lemotdujour.fr\/?page_id=11220\">03 &#8211; Albert Camus et \u00ab Le premier homme \u00bb (13 mots)<\/a><\/span><\/p>\n<p style=\"padding-left: 40px;\"><span style=\"color: #800000; font-family: Arial;\">C &#8211; MUSIQUE<\/span><\/p>\n<p><span style=\"color: #0000ff;\"><a style=\"color: #0000ff;\" href=\"https:\/\/lemotdujour.fr\/?page_id=9648\">01 &#8211; L&rsquo;ann\u00e9e 1828 de Franz Schubert : L&rsquo;ann\u00e9e la plus f\u00e9conde de l&rsquo;Histoire de la musique occidentale (11 mots)<\/a><\/span><\/p>\n<p><span style=\"color: #0000ff;\"><a style=\"color: #0000ff;\" href=\"https:\/\/lemotdujour.fr\/?page_id=11241\">02 &#8211; Beethoven est n\u00e9 il y a 250 ans (13 mots)<\/a><\/span><\/p>\n<p><span style=\"color: #0000ff;\"><a style=\"color: #0000ff;\" href=\"https:\/\/lemotdujour.fr\/?page_id=11259\">03 &#8211; Leonard Bernstein (1918-1990) (5 mots + 1 )<\/a><\/span><\/p>\n<p><span style=\"color: #0000ff;\"><a style=\"color: #0000ff;\" href=\"https:\/\/lemotdujour.fr\/?page_id=12725\"><strong>04 &#8211; Lhasa de Sela (1972-2010) (7 mots)<\/strong><\/a><\/span><\/p>\n<p style=\"padding-left: 40px;\"><span style=\"color: #800000; font-family: Arial;\">D &#8211; SOCIOLOGIE<\/span><\/p>\n<p><a href=\"https:\/\/lemotdujour.fr\/?page_id=2537\"><span style=\"color: #0000ff;\">01 &#8211; La violence faite aux femmes dans l&rsquo;espace public (5 mots)<\/span><\/a><\/p>\n<p><span style=\"color: #0000ff;\"><a style=\"color: #0000ff;\" href=\"https:\/\/lemotdujour.fr\/?page_id=2804\">0<span style=\"color: #0000ff;\">2 &#8211; Florence Aubenas : <\/span><\/a><a style=\"color: #0000ff;\" href=\"https:\/\/lemotdujour.fr\/?page_id=2658\">\u00ab<\/a><a style=\"color: #0000ff;\" href=\"https:\/\/lemotdujour.fr\/?page_id=2804\"> En France <\/a><strong><a style=\"color: #0000ff;\" href=\"https:\/\/lemotdujour.fr\/?page_id=12901\">\u00bb<\/a><\/strong><a style=\"color: #0000ff;\" href=\"_wp_link_placeholder\" data-wplink-edit=\"true\"> &#8211; Chroniques dans les villes et villages de France (5 mots)<\/a><\/span><\/p>\n<p style=\"padding-left: 40px;\"><span style=\"color: #800000; font-family: Arial;\">E &#8211; POLITIQUE<\/span><\/p>\n<p><a href=\"https:\/\/lemotdujour.fr\/?page_id=3467\"><span style=\"color: #0000ff;\">01 &#8211; La m\u00e9ritocratie (5 mots)<\/span><\/a><\/p>\n<p style=\"padding-left: 40px;\"><span style=\"color: #800000; font-family: Arial;\">F &#8211; ECONOMIE<\/span><\/p>\n<p><span style=\"color: #0000ff;\"><a href=\"https:\/\/lemotdujour.fr\/?page_id=2704\"><span style=\"color: #0000ff;\">01 &#8211; Daniel Cohen &#8211; homo \u0153conomicus et la stagnation s\u00e9culaire (5 mots)<\/span><\/a><\/span><\/p>\n<p><a href=\"https:\/\/lemotdujour.fr\/?page_id=11369\"><span style=\"color: #0000ff;\">02 &#8211; Eloi Laurent &#8211; nos mythologies \u00e9conomiques<\/span><\/a><\/p>\n<p style=\"padding-left: 40px;\"><span style=\"color: #800000; font-family: Arial;\">G &#8211;\u00a0 RECETTES DE CUISINE<br \/><\/span><\/p>\n<p><span style=\"color: #0000ff;\"><strong><a style=\"color: #0000ff;\" href=\"https:\/\/lemotdujour.fr\/?page_id=12969\">01 &#8211; Les g\u00e2teaux de No\u00ebl alsaciens (8 mots)<\/a><\/strong><\/span><\/p>\n<p style=\"padding-left: 40px;\"><span style=\"color: #800000; font-family: Arial;\">H &#8211; AUTRES<\/span><\/p>\n<p><a href=\"https:\/\/lemotdujour.fr\/?page_id=2658\"><span style=\"color: #0000ff;\">01 &#8211; \u00ab Sapiens \u00bb de Yuval Noah Harari (13 mots +1)<\/span><\/a><\/p>\n<p><strong><a href=\"https:\/\/lemotdujour.fr\/?page_id=12901\"><span style=\"color: #0000ff;\">02 &#8211; <\/span><\/a><\/strong><strong><a href=\"https:\/\/lemotdujour.fr\/?page_id=12901\"><span style=\"color: #0000ff;\">\u00ab Homo deus \u00bb de Yuval Noah Harari (9 mots)<\/span><\/a><\/strong><\/p>\n<p><a href=\"https:\/\/lemotdujour.fr\/?page_id=9106\"><span style=\"color: #0000ff;\">03 &#8211; Comprendre le monde : les entretiens de la revue XXI (12 mots)<\/span><\/a><\/p>\n<p>\u00a0<\/p>\n\n\n<p><\/p>\n","protected":false},"excerpt":{"rendered":"<p>Sur cet onglet, vous trouverez des liens vers des pages qui regroupent les s\u00e9ries de mots du jour que j&rsquo;ai consacr\u00e9 \u00e0 un livre ou \u00e0 un th\u00e8me pr\u00e9cis. Le plus souvent ces s\u00e9ries repr\u00e9sentent les mots du jour d&rsquo;une<\/p>\n","protected":false},"author":1,"featured_media":0,"parent":0,"menu_order":0,"comment_status":"closed","ping_status":"closed","template":"","meta":{"footnotes":""},"class_list":["post-2543","page","type-page","status-publish","hentry"],"_links":{"self":[{"href":"https:\/\/lemotdujour.fr\/index.php?rest_route=\/wp\/v2\/pages\/2543","targetHints":{"allow":["GET"]}}],"collection":[{"href":"https:\/\/lemotdujour.fr\/index.php?rest_route=\/wp\/v2\/pages"}],"about":[{"href":"https:\/\/lemotdujour.fr\/index.php?rest_route=\/wp\/v2\/types\/page"}],"author":[{"embeddable":true,"href":"https:\/\/lemotdujour.fr\/index.php?rest_route=\/wp\/v2\/users\/1"}],"replies":[{"embeddable":true,"href":"https:\/\/lemotdujour.fr\/index.php?rest_route=%2Fwp%2Fv2%2Fcomments&post=2543"}],"version-history":[{"count":56,"href":"https:\/\/lemotdujour.fr\/index.php?rest_route=\/wp\/v2\/pages\/2543\/revisions"}],"predecessor-version":[{"id":12990,"href":"https:\/\/lemotdujour.fr\/index.php?rest_route=\/wp\/v2\/pages\/2543\/revisions\/12990"}],"wp:attachment":[{"href":"https:\/\/lemotdujour.fr\/index.php?rest_route=%2Fwp%2Fv2%2Fmedia&parent=2543"}],"curies":[{"name":"wp","href":"https:\/\/api.w.org\/{rel}","templated":true}]}}