{"id":12901,"date":"2021-12-05T23:05:52","date_gmt":"2021-12-05T22:05:52","guid":{"rendered":"https:\/\/lemotdujour.fr\/?page_id=12901"},"modified":"2021-12-08T22:24:09","modified_gmt":"2021-12-08T21:24:09","slug":"homo-deus-de-yuval-noah-harari","status":"publish","type":"page","link":"https:\/\/lemotdujour.fr\/?page_id=12901","title":{"rendered":"\u00ab Homo deus \u00bb de Yuval Noah Harari"},"content":{"rendered":"<p><span style=\"color: purple; font-family: Arial; font-size: 12pt;\"><em>J&rsquo;ai achet\u00e9 le livre \u00ab <strong>Homo deus<\/strong> \u00bb d\u00e8s sa sortie en septembre 2017. J&rsquo;avais \u00e9t\u00e9 tellement enthousiasm\u00e9 par le premier livre d&rsquo;Harari, \u00ab <strong>Sapiens<\/strong> \u00bb, que j&rsquo;\u00e9tais impatient de lire le second.<br \/>\n<\/em><\/span><\/p>\n<p><span style=\"color: purple; font-family: Arial; font-size: 12pt;\"><em><img loading=\"lazy\" decoding=\"async\" class=\"size-full wp-image-12935 alignleft\" src=\"https:\/\/lemotdujour.fr\/wp-content\/uploads\/2021\/12\/Yuval-Noah-Harari.jpg\" alt=\"\" width=\"456\" height=\"304\" srcset=\"https:\/\/lemotdujour.fr\/wp-content\/uploads\/2021\/12\/Yuval-Noah-Harari.jpg 456w, https:\/\/lemotdujour.fr\/wp-content\/uploads\/2021\/12\/Yuval-Noah-Harari-300x200.jpg 300w\" sizes=\"auto, (max-width: 456px) 100vw, 456px\" \/>Il m&rsquo;a fallu pourtant un an pour le lire et \u00eatre en mesure de publier 8 mots du jour..<br \/>\n<\/em><\/span><\/p>\n<p><span style=\"color: purple; font-family: Arial; font-size: 12pt;\"><em>J&rsquo;avais \u00e9crit un premier article d\u00e8s l&rsquo;achat du livre (ici num\u00e9rot\u00e9 0), ce qui fait que cette s\u00e9rie compte 9 mots du jour.<br \/>\n<\/em><\/span><\/p>\n<p><span style=\"color: purple; font-family: Arial; font-size: 12pt;\"><em>\u00ab\u00a0<strong>Sapiens<\/strong>\u00a0\u00bb constituait l&rsquo;histoire de notre esp\u00e8ce, il parlait donc du pass\u00e9. \u00ab\u00a0<strong>Homo deus<\/strong>\u00a0\u00bb est selon le sous titre m\u00eame donn\u00e9 par Yuval Noah Harari : \u00ab\u00a0une br\u00e8ve histoire de l&rsquo;avenir\u00bb. Le premier livre parle donc du pass\u00e9 et le second du futur.<br \/>\n<\/em><\/span><\/p>\n<p><span style=\"color: purple; font-family: Arial; font-size: 12pt;\"><em>Il est plus facile de parler de ce qui est d\u00e9j\u00e0 arriv\u00e9 que de pr\u00e9voir le futur. Ce second livre est donc plus hypoth\u00e9tique. Mais j&rsquo;ai aim\u00e9 la mani\u00e8re dont Harari a abord\u00e9 ce sujet de mani\u00e8re tr\u00e8s humble et disons toujours que ce qu&rsquo;il \u00e9crivait n&rsquo;\u00e9tait pas notre futur et que notre avenir d\u00e9pend \u00e9minemment de ce que nous voudrons et d\u00e9ciderons.<br \/>\n<\/em><\/span><\/p>\n<p><span style=\"color: purple; font-family: Arial; font-size: 12pt;\"><em>En revanche, il trace des perspectives. Si certains des travaux ou des \u00e9volutions qui sont en cours notamment dans la silicon valley ou en Chine continuent sur leur lanc\u00e9e, il nous d\u00e9crit ce qui pourrait arriver.<br \/>\n<\/em><\/span><\/p>\n<p><span style=\"color: purple; font-family: Arial; font-size: 12pt;\"><em>S&rsquo;il parle de l&rsquo;enjeu climatique, il ne pose pas l&rsquo;hypoth\u00e8se que la trajectoire que pose les transhumanistes se fracasse sur le mur des limites d&rsquo;habitabilit\u00e9 de notre terre, en raison de l&rsquo;impact d\u00e9l\u00e9t\u00e8re que notre esp\u00e8ce fait subir \u00e0 notre biosph\u00e8re.<br \/>\n<\/em><\/span><\/p>\n<p><span style=\"color: purple; font-family: Arial; font-size: 12pt;\"><em>Le livre reste passionnant en raison des questions qu&rsquo;il pose et du regard qu&rsquo;il porte sur les \u00e9volutions en cours.<br \/>\n<\/em><\/span><\/p>\n<p style=\"margin-left: 14pt;\"><span style=\"color: navy; font-family: Verdana; font-size: 12pt;\"><strong>0. \u00ab\u00a0Homo deus\u00a0\u00bb<br \/>\n<\/strong><\/span><span style=\"color: maroon; font-family: Arial; font-size: 12pt;\">Yuval Noah Harari<br \/>\n<\/span><\/p>\n<p style=\"margin-left: 14pt;\"><span style=\"color: #7030a0; font-family: Arial;\"><em>Mot du jour du jeudi 14 septembre 2017<br \/>\n<\/em><\/span><\/p>\n<p><span style=\"color: #777777; font-family: Arial;\"><img loading=\"lazy\" decoding=\"async\" class=\" wp-image-12937 alignright\" src=\"https:\/\/lemotdujour.fr\/wp-content\/uploads\/2021\/12\/Homo-deus.jpg\" alt=\"\" width=\"233\" height=\"339\" srcset=\"https:\/\/lemotdujour.fr\/wp-content\/uploads\/2021\/12\/Homo-deus.jpg 264w, https:\/\/lemotdujour.fr\/wp-content\/uploads\/2021\/12\/Homo-deus-206x300.jpg 206w\" sizes=\"auto, (max-width: 233px) 100vw, 233px\" \/>J&rsquo;ai achet\u00e9 le livre le jour de sa sortie. Je ne pouvais donc que m&rsquo;appuyer sur ce que j&rsquo;avais appris de la lecture de \u00ab Sapiens <strong>\u00bb<\/strong> et des articles de journaux qui annon\u00e7aient ce nouvel ouvrage.<br \/>\n<\/span><\/p>\n<p><span style=\"color: #777777; font-family: Arial;\"> Sapiens se terminait par un \u00e9pilogue dont le titre est : \u00ab <strong>un animal devenu Dieu ?<\/strong> \u00bb. Il annon\u00e7ait donc \u00ab Homo deus \u00bb.<br \/>\n<\/span><\/p>\n<p><span style=\"color: #777777; font-family: Arial;\">Le Point citait Bill Gates, qui avait \u00e9crit sur son blog : \u00ab C&rsquo;est un livre passionnant avec beaucoup d&rsquo;id\u00e9es stimulantes et peu de jargon. Il fera r\u00e9fl\u00e9chir au futur, autre fa\u00e7on de dire qu&rsquo;il fera r\u00e9fl\u00e9chir au pr\u00e9sent. \u00bb<br \/>\n<\/span><\/p>\n<p><span style=\"color: #777777; font-family: Arial;\">Je citais aussi un entretien que <strong>Yuval Noah Harari<\/strong> avait accord\u00e9 au Point et dans lequel il expliquait ses inqui\u00e9tudes par rapport \u00e0 notre vision humaniste lorsque des algorithmes, de plus en plus puissants, nous dicteront les bonnes d\u00e9cisions \u00e0 prendre et que les techniques permettront de cr\u00e9er \u00ab l&rsquo;homme augment\u00e9 \u00bb que d\u00e9sire les transhumanistes<br \/>\n<\/span><\/p>\n<p><a style=\"color: #0000ff;\" href=\"https:\/\/lemotdujour.fr\/?p=3100\">Lire l&rsquo;article<\/a><\/p>\n<p style=\"margin-left: 14pt;\"><span style=\"color: navy; font-family: Verdana; font-size: 12pt;\"><strong>1. \u00ab\u00a0Tous les sc\u00e9narios esquiss\u00e9s dans ce livre doivent \u00eatre compris comme des possibilit\u00e9s et non comme des proph\u00e9ties.\u00a0\u00bb<br \/>\n<\/strong><\/span><span style=\"color: maroon; font-family: Arial; font-size: 12pt;\">Yuval Noah Harari \u00ab\u00a0Homo Deus\u00a0\u00bb Page 425<br \/>\n<\/span><\/p>\n<p style=\"margin-left: 14pt;\"><span style=\"color: #7030a0; font-family: Arial;\"><em>Mot du jour du lundi 1 octobre 2018<br \/>\n<\/em><\/span><\/p>\n<p><span style=\"color: #777777; font-family: Arial;\">Ce que je trouve remarquable dans la d\u00e9marche de Yuval Noah Harari c&rsquo;est son humilit\u00e9. Il explique notamment qu&rsquo;il ne sait pas de quoi l&rsquo;avenir sera fait.<br \/>\n<\/span><\/p>\n<p><span style=\"color: #777777; font-family: Arial;\"> L&rsquo;essor de l&rsquo;intelligence artificielle et des biotechnologies transformera certainement le monde, mais il n&rsquo;impose pas un seul r\u00e9sultat d\u00e9terministe. Tous les sc\u00e9narios esquiss\u00e9s dans ce livre doivent \u00eatre compris comme des possibilit\u00e9s et non comme des proph\u00e9ties.<br \/>\n<\/span><\/p>\n<p><span style=\"color: #777777; font-family: Arial;\">Harari refuse de jouer le proph\u00e8te : \u00ab Ma crainte, c&rsquo;est que l&rsquo;on commence \u00e0 me voir comme une sorte de gourou. Il est bon d&rsquo;appr\u00e9cier le savoir et de respecter l&rsquo;opinion des intellectuels, mais il est dangereux d&rsquo;en faire des idoles. Celui qui est plac\u00e9 sur un pi\u00e9destal court le risque de se croire tout-puissant, de d\u00e9velopper un ego surdimensionn\u00e9 et de devenir fou. \u00bb<br \/>\n<\/span><\/p>\n<p><span style=\"color: #777777; font-family: Arial;\">Et il exprime cette esp\u00e9rance :<br \/>\n<\/span><\/p>\n<p><span style=\"color: #777777; font-family: Arial;\">\u00ab<strong>Je souhaite que mes lecteurs trouvent dans mes livres des questions plut\u00f4t que des r\u00e9ponses.<\/strong> \u00bb<br \/>\n<\/span><\/p>\n<p><a style=\"color: #0000ff;\" href=\"https:\/\/lemotdujour.fr\/?p=5455\">Lire l&rsquo;article<\/a><\/p>\n<p style=\"margin-left: 14pt;\"><span style=\"color: navy; font-family: Verdana; font-size: 12pt;\"><strong>2. \u00ab\u00a0Par rapport aux autres animaux, cela fait longtemps que les humains sont devenus des dieux. Nous n\u2019aimons pas y penser trop s\u00e9rieusement parce que nous n\u2019avons pas \u00e9t\u00e9 des dieux particuli\u00e8rement justes ou mis\u00e9ricordieux.\u00a0\u00bb<br \/>\n<\/strong><\/span><span style=\"color: maroon; font-family: Arial; font-size: 12pt;\">Yuval Noah Harari \u00ab\u00a0Homo deus\u00a0\u00bb page 85<br \/>\n<\/span><\/p>\n<p style=\"margin-left: 14pt;\"><span style=\"color: #7030a0; font-family: Arial;\"><em>Mot du jour du mardi 2 octobre 2018<br \/>\n<\/em><\/span><\/p>\n<p><span style=\"color: #777777; font-family: Arial;\">Homo sapiens, esp\u00e8ce fragile et faible est parvenu \u00e0 devenir l&rsquo;esp\u00e8ce dominante sur terre.<br \/>\n<\/span><\/p>\n<p><span style=\"color: #777777; font-family: Arial;\">Elle a d&rsquo;abord fait des r\u00e9cits religieux qui lui ont permis de f\u00e9d\u00e9rer de nombreux humains autour d&rsquo;une croyance commune.<br \/>\n<\/span><\/p>\n<p><span style=\"color: #777777; font-family: Arial;\">Puis elle a avanc\u00e9 dans la science et la technique.<br \/>\n<\/span><\/p>\n<p><span style=\"color: #777777; font-family: Arial;\">Aujourd&rsquo;hui, elle se trouve \u00e0 un stade auquel certains humains pensent \u00eatre en capacit\u00e9 de changer l&rsquo;homme, de faire reculer la mort \u00e0 un tel point qu&rsquo;ils osent parler d&rsquo;immortalit\u00e9 et m\u00eame de cr\u00e9er la vie.<br \/>\n<\/span><\/p>\n<p><span style=\"color: #777777; font-family: Arial;\">Cette d\u00e9marche si on la compare aux r\u00e9cits religieux consiste \u00e0 vouloir se mettre \u00e0 l&rsquo;\u00e9gal de Dieu.<br \/>\n<\/span><\/p>\n<p><a style=\"color: #0000ff;\" href=\"https:\/\/lemotdujour.fr\/?p=5467\">Lire l&rsquo;article<\/a><\/p>\n<p style=\"margin-left: 14pt;\"><span style=\"color: navy; font-family: Verdana; font-size: 12pt;\"><strong>3. \u00ab\u00a0la r\u00e9volution agricole a donn\u00e9 aux hommes le pouvoir d\u2019assurer la survie et la reproduction des animaux domestiques, tout en ignorant leurs besoins subjectifs\u00a0\u00a0\u00bb<br \/>\n<\/strong><\/span><span style=\"color: maroon; font-family: Arial; font-size: 12pt;\">Yuval Noah Harari, \u00ab\u00a0Homo deus\u00a0\u00bb page 97<br \/>\n<\/span><\/p>\n<p style=\"margin-left: 14pt;\"><span style=\"color: #7030a0; font-family: Arial;\"><em>Mot du jour du vendredi 5 octobre 2018<br \/>\n<\/em><\/span><\/p>\n<p><span style=\"color: #777777; font-family: Arial;\">Pour Harari, l&rsquo;invention de l&rsquo;agriculture constitue une rupture. Homo sapiens ne se pense plus comme un \u00e9l\u00e9ment de la nature. <\/span><span style=\"color: #777777; font-family: Arial;\">Un animal parmi d&rsquo;autres, certes plus \u00e9volu\u00e9, plus intelligent et disposant d\u2019une place privil\u00e9gi\u00e9e dans la chaine alimentaire, mais un animal.<br \/>\n<\/span><\/p>\n<p><span style=\"color: #777777; font-family: Arial;\">Non ! L\u2019homme ne se pense tout simplement plus comme un animal, mais d\u2019une essence toute diff\u00e9rente.<br \/>\n<\/span><\/p>\n<p><span style=\"color: #777777; font-family: Arial;\">Dieu entre dans l\u2019imaginaire d\u2019homo sapiens.<br \/>\n<\/span><\/p>\n<p><span style=\"color: #777777; font-family: Arial;\">Les religions du livre affirme que Dieu a cr\u00e9\u00e9 l&rsquo;homme \u00e0 son image.<br \/>\n<\/span><\/p>\n<p><span style=\"color: #777777; font-family: Arial;\">Le constat est plut\u00f4t que sapiens a cr\u00e9\u00e9 un Dieu \u00e0 son image.<br \/>\n<\/span><\/p>\n<p><span style=\"color: #777777; font-family: Arial;\">D\u00e8s lors, l\u2019homme se vit d\u2019essence divine et les animaux n\u2019ont plus rien de commun avec \u00ab les enfants de Dieu \u00bb.<br \/>\n<\/span><\/p>\n<p><span style=\"color: #777777; font-family: Arial;\">Ce r\u00e9cit va permettre \u00e0 l&rsquo;homme de consid\u00e9rer que les animaux sont \u00e0 sa disposition pour assouvir ses volont\u00e9s et r\u00e9pondre \u00e0 ses besoins.<br \/>\n<\/span><\/p>\n<p><span style=\"color: #777777; font-family: Arial;\">La maltraitance des animaux viendrait de cette origine.<br \/>\n<\/span><\/p>\n<p><a style=\"color: #0000ff;\" href=\"https:\/\/lemotdujour.fr\/?p=5493\">Lire l&rsquo;article<\/a><\/p>\n<p style=\"margin-left: 14pt;\"><span style=\"color: navy; font-family: Verdana; font-size: 12pt;\"><strong>4. \u00ab\u00a0Rien de m\u00e9taphysique dans tout cela. Uniquement des probl\u00e8mes techniques\u00a0\u00bb<br \/>\n<\/strong><\/span><span style=\"color: maroon; font-family: Arial; font-size: 12pt;\">Yuval Noah Harari parlant de la mort dans \u00ab\u00a0Homo deus\u00a0\u00bb page 35<br \/>\n<\/span><\/p>\n<p style=\"margin-left: 14pt;\"><span style=\"color: #7030a0; font-family: Arial;\"><em>Mot du jour du lundi 8 octobre 2018<br \/>\n<\/em><\/span><\/p>\n<p><span style=\"color: #777777; font-family: Arial;\">Harari parle du rapport de l&rsquo;homme \u00e0 la mort.<br \/>\n<\/span><\/p>\n<p><span style=\"color: #777777; font-family: Arial;\">Depuis le d\u00e9but de l&rsquo;humanit\u00e9, plusieurs \u00e9v\u00e8nements \u00e9taient pourvoyeurs massifs de mortalit\u00e9 : La famine, les \u00e9pid\u00e9mies, la guerre.<br \/>\n<\/span><\/p>\n<p><span style=\"color: #777777; font-family: Arial;\">Le progr\u00e8s des techniques, de la m\u00e9decine et de la diplomatie ont fait grandement reculer ces fl\u00e9aux.<br \/>\n<\/span><\/p>\n<p><span style=\"color: #777777; font-family: Arial;\">La maladie abr\u00e9geait aussi la vie des humains.<br \/>\n<\/span><\/p>\n<p><span style=\"color: #777777; font-family: Arial;\">Pendant longtemps, les hommes accueillaient la mort en accusant le destin ou la volont\u00e9 divine.<br \/>\n<\/span><\/p>\n<p><span style=\"color: #777777; font-family: Arial;\">Nous avons chang\u00e9 de r\u00e9cit et de compr\u00e9hension :<br \/>\n<\/span><\/p>\n<p><span style=\"color: #777777; font-family: Arial;\">Aujourd&rsquo;hui la mort est observ\u00e9e comme un probl\u00e8me technique.<br \/>\n<\/span><\/p>\n<p><span style=\"color: #777777; font-family: Arial;\">Et tout probl\u00e8me technique trouve une solution technique.<br \/>\n<\/span><\/p>\n<p><a style=\"color: #0000ff;\" href=\"https:\/\/lemotdujour.fr\/?p=5507\">Lire l&rsquo;article<\/a><\/p>\n<p style=\"margin-left: 14pt;\"><span style=\"color: navy; font-family: Verdana; font-size: 12pt;\"><strong>5. \u00ab\u00a0Les guerres et les conflits qui ont jalonn\u00e9 l\u2019histoire pourraient bien n\u2019\u00eatre qu\u2019un p\u00e2le pr\u00e9lude au vrai combat qui nous attend\u00a0: le combat pour la jeunesse \u00e9ternelle\u00a0\u00bb<br \/>\n<\/strong><\/span><span style=\"color: maroon; font-family: Arial; font-size: 12pt;\">Yuval Noah Harari, \u00ab\u00a0Homo deus\u00a0\u00bb page 41<br \/>\n<\/span><\/p>\n<p style=\"margin-left: 14pt;\"><span style=\"color: #7030a0; font-family: Arial;\"><em>Mot du jour du mardi 9 octobre 2018<br \/>\n<\/em><\/span><\/p>\n<p><span style=\"color: #777777; font-family: Arial;\">Et ceux qui croient que <strong>\u00ab <\/strong>la mort <strong>\u00bb<\/strong> est un probl\u00e8me technique et <strong>\u00ab<\/strong> le vieillissement <strong>\u00bb<\/strong> une maladie, investissent dans ce projet de repousser le seuil de la mort.<br \/>\n<\/span><\/p>\n<p><span style=\"color: #777777; font-family: Arial;\">Les techniques, l&rsquo;intelligence artificielle et la capacit\u00e9 de remplacer les organes d\u00e9faillants sont au c\u0153ur de leur projet.<br \/>\n<\/span><\/p>\n<p><span style=\"color: #777777; font-family: Arial;\">Harari pr\u00e9voit des conflits majeurs si ce projet rencontre des r\u00e9sultats :<br \/>\n<\/span><\/p>\n<p><span style=\"color: #777777; font-family: Arial;\">\u00abLe jour o\u00f9 la science accomplira des progr\u00e8s significatifs dans la guerre contre la mort, <\/span><span style=\"color: #777777; font-family: Arial;\">la vraie bataille se d\u00e9placera des laboratoires vers les parlements, les tribunaux et la rue.<br \/>\n<\/span><\/p>\n<p><span style=\"color: #777777; font-family: Arial;\">D\u00e8s que les efforts scientifiques seront couronn\u00e9s de succ\u00e8s, ils d\u00e9clencheront d\u2019\u00e2pres conflits politiques. <\/span><span style=\"color: #777777; font-family: Arial;\">Les guerres et les conflits qui ont jalonn\u00e9 l\u2019histoire pourraient bien n\u2019\u00eatre qu\u2019un p\u00e2le pr\u00e9lude au vrai combat qui nous attend : le combat pour la jeunesse \u00e9ternelle. \u00bb<br \/>\n<\/span><\/p>\n<p><a style=\"color: #0000ff;\" href=\"https:\/\/lemotdujour.fr\/?p=5517\">Lire l&rsquo;article<\/a><\/p>\n<p style=\"margin-left: 14pt;\"><span style=\"color: navy; font-family: Verdana; font-size: 12pt;\"><strong>6. \u00ab\u00a0La r\u00e9volution humaniste, le libre arbitre et notre \u00ab\u00a0moi\u00a0\u00bb qui d\u00e9cide\u00a0\u00bb<br \/>\n<\/strong><\/span><span style=\"color: maroon; font-family: Arial; font-size: 12pt;\">D\u00e9veloppement de Yuval Noah Harari dans \u00ab\u00a0Homo deus\u00a0\u00bb pages 243 \u00e0321<br \/>\n<\/span><\/p>\n<p style=\"margin-left: 14pt;\"><span style=\"color: #7030a0; font-family: Arial;\"><em>Mot du jour du mercredi 10 octobre 2018<br \/>\n<\/em><\/span><\/p>\n<p><span style=\"color: #777777; font-family: Arial;\">Harari cite beaucoup d&rsquo;exp\u00e9riences sur les animaux dans lesquelles gr\u00e2ce \u00e0 des stimulis ext\u00e9rieurs, ces animaux font exactement ce que le manipulateur du stimulis veut qu&rsquo;ils fassent.<br \/>\n<\/span><\/p>\n<p><span style=\"color: #777777; font-family: Arial;\">Le cerveau humain peut de la m\u00eame mani\u00e8re \u00eatre manipul\u00e9 par des techniques de plus en plus performantes et manipulatrices.<br \/>\n<\/span><\/p>\n<p><span style=\"color: #777777; font-family: Arial;\">Ces capacit\u00e9s de manipuler posent la question du libre arbitre des humains.<br \/>\n<\/span><\/p>\n<p><a style=\"color: #0000ff;\" href=\"https:\/\/lemotdujour.fr\/?p=5504\">Lire l&rsquo;article<\/a><\/p>\n<p style=\"margin-left: 14pt;\"><span style=\"color: navy; font-family: Verdana; font-size: 12pt;\"><strong>7. \u00ab Le data\u00efsme : l\u2019humanit\u00e9 n\u2019aura \u00e9t\u00e9 qu\u2019une ondulation dans le flux de donn\u00e9es cosmique. \u00bb<br \/>\n<\/strong><\/span><span style=\"color: maroon; font-family: Arial; font-size: 12pt;\">Yuval Noah Hariri\u00a0: \u00ab\u00a0Homo deus\u00a0\u00bb page 425<br \/>\n<\/span><\/p>\n<p style=\"margin-left: 14pt;\"><span style=\"color: #7030a0; font-family: Arial;\"><em>Mot du jour du jeudi 11 octobre 2018<br \/>\n<\/em><\/span><\/p>\n<p><span style=\"color: #777777; font-family: Arial;\">Harari pose cette hypoth\u00e8se que l&rsquo;homme inventera une nouvelle religion le <strong>data\u00efsme<\/strong>.<br \/>\n<\/span><\/p>\n<p><span style=\"color: #777777; font-family: Arial;\">C\u2019est-\u00e0-dire que l&rsquo;intelligence artificielle, appuy\u00e9 sur le big data, autrement dit des milliards de donn\u00e9es, donnera des r\u00e9ponses auxquelles les hommes croiront, comme jadis ils croyaient en Dieu ou plut\u00f4t en ceux qui pr\u00e9tendaient parler au nom de Dieu.<br \/>\n<\/span><\/p>\n<p><span style=\"color: #777777; font-family: Arial;\">Et il nous livre cette inqui\u00e9tude : <\/span><span style=\"color: #777777; font-family: Arial;\">\u00abMais du jour o\u00f9 l\u2019autorit\u00e9 passera des hommes aux algorithmes, il se peut que les projets humanistes perdent toute pertinence. \u00bb<br \/>\n<\/span><\/p>\n<p><a style=\"color: #0000ff;\" href=\"https:\/\/lemotdujour.fr\/?p=5526\">Lire l&rsquo;article<\/a><\/p>\n<p style=\"margin-left: 14pt;\"><span style=\"color: navy; font-family: Verdana; font-size: 12pt;\"><strong>8. \u00ab\u00a0Qu&rsquo;adviendra-t-il de la soci\u00e9t\u00e9, de la politique et de la vie quotidienne quand des algorithmes non conscients mais hautement intelligents nous conna\u00eetrons mieux que nous nous connaissons ?\u00a0\u00bb<br \/>\n<\/strong><\/span><span style=\"color: maroon; font-family: Arial; font-size: 12pt;\">Yuval Noah Harari \u00ab\u00a0Homo deus\u00a0\u00bb ultime phrase du livre.<br \/>\n<\/span><\/p>\n<p style=\"margin-left: 14pt;\"><span style=\"color: #7030a0; font-family: Arial;\"><em>Mot du jour du vendredi 12 octobre 2018<br \/>\n<\/em><\/span><\/p>\n<p><span style=\"color: #777777; font-family: Arial;\">Ce livre finalement nous informe de ce que certains humains ont la tentation de r\u00e9aliser.<br \/>\n<\/span><\/p>\n<p><span style=\"color: #777777; font-family: Arial;\">Il rapporte aussi ce qu&rsquo;on sait d&rsquo;ores et d\u00e9j\u00e0 faire et ce que probablement on saura faire demain.<br \/>\n<\/span><\/p>\n<p><span style=\"color: #777777; font-family: Arial;\">Et il pose des questions. La principale est celle que j&rsquo;ai mis en exergue.<br \/>\n<\/span><\/p>\n<p><span style=\"color: #777777; font-family: Arial;\">Il faut tenter de comprendre ces choses et y r\u00e9fl\u00e9chir pour savoir si nous voulons cette \u00e9volution et ce qu&rsquo;elle signifie vraiment.<br \/>\n<\/span><\/p>\n<p><a style=\"color: #0000ff;\" href=\"https:\/\/lemotdujour.fr\/?p=5502\">Lire l&rsquo;article<\/a><\/p>\n","protected":false},"excerpt":{"rendered":"<p>J&rsquo;ai achet\u00e9 le livre \u00ab Homo deus \u00bb d\u00e8s sa sortie en septembre 2017. J&rsquo;avais \u00e9t\u00e9 tellement enthousiasm\u00e9 par le premier livre d&rsquo;Harari, \u00ab Sapiens \u00bb, que j&rsquo;\u00e9tais impatient de lire le second. Il m&rsquo;a fallu pourtant un an pour<\/p>\n","protected":false},"author":1,"featured_media":0,"parent":2543,"menu_order":7,"comment_status":"closed","ping_status":"closed","template":"","meta":{"footnotes":""},"class_list":["post-12901","page","type-page","status-publish","hentry"],"_links":{"self":[{"href":"https:\/\/lemotdujour.fr\/index.php?rest_route=\/wp\/v2\/pages\/12901","targetHints":{"allow":["GET"]}}],"collection":[{"href":"https:\/\/lemotdujour.fr\/index.php?rest_route=\/wp\/v2\/pages"}],"about":[{"href":"https:\/\/lemotdujour.fr\/index.php?rest_route=\/wp\/v2\/types\/page"}],"author":[{"embeddable":true,"href":"https:\/\/lemotdujour.fr\/index.php?rest_route=\/wp\/v2\/users\/1"}],"replies":[{"embeddable":true,"href":"https:\/\/lemotdujour.fr\/index.php?rest_route=%2Fwp%2Fv2%2Fcomments&post=12901"}],"version-history":[{"count":4,"href":"https:\/\/lemotdujour.fr\/index.php?rest_route=\/wp\/v2\/pages\/12901\/revisions"}],"predecessor-version":[{"id":12938,"href":"https:\/\/lemotdujour.fr\/index.php?rest_route=\/wp\/v2\/pages\/12901\/revisions\/12938"}],"up":[{"embeddable":true,"href":"https:\/\/lemotdujour.fr\/index.php?rest_route=\/wp\/v2\/pages\/2543"}],"wp:attachment":[{"href":"https:\/\/lemotdujour.fr\/index.php?rest_route=%2Fwp%2Fv2%2Fmedia&parent=12901"}],"curies":[{"name":"wp","href":"https:\/\/api.w.org\/{rel}","templated":true}]}}