{"id":12725,"date":"2021-11-13T00:46:54","date_gmt":"2021-11-12T23:46:54","guid":{"rendered":"http:\/\/lemotdujour.fr\/?page_id=12725"},"modified":"2021-11-14T23:23:21","modified_gmt":"2021-11-14T22:23:21","slug":"lhasa-de-sela","status":"publish","type":"page","link":"https:\/\/lemotdujour.fr\/?page_id=12725","title":{"rendered":"Lhasa de Sela"},"content":{"rendered":"<p><span style=\"color: purple; font-family: Arial; font-size: 12pt;\"><em>Lhasa de Sela est n\u00e9e le 27 septembre 1972 \u00e0 Big Indian, New York.<br \/>\n<\/em><\/span><\/p>\n<p><span style=\"color: purple; font-family: Arial; font-size: 12pt;\"><em><img loading=\"lazy\" decoding=\"async\" class=\"wp-image-12728 alignleft\" src=\"https:\/\/lemotdujour.fr\/wp-content\/uploads\/2021\/11\/Lhasa-Page01.jpg\" alt=\"\" width=\"306\" height=\"306\" srcset=\"https:\/\/lemotdujour.fr\/wp-content\/uploads\/2021\/11\/Lhasa-Page01.jpg 225w, https:\/\/lemotdujour.fr\/wp-content\/uploads\/2021\/11\/Lhasa-Page01-150x150.jpg 150w\" sizes=\"auto, (max-width: 306px) 100vw, 306px\" \/>Elle a v\u00e9cu les premi\u00e8res ann\u00e9es de sa vie de mani\u00e8re boh\u00e8me avec ses s\u0153urs et ses parents dans un bus scolaire qui sillonnait les routes des \u00c9tats-Unis et du Mexique.<br \/>\n<\/em><\/span><\/p>\n<p><span style=\"color: purple; font-family: Arial; font-size: 12pt;\"><em>Elle chantait en trois langues : l&rsquo;espagnol, le fran\u00e7ais et l&rsquo;anglais.<br \/>\n<\/em><\/span><\/p>\n<p><span style=\"color: purple; font-family: Arial; font-size: 12pt;\"><em>Elle composait des paroles d&rsquo;une profondeur inou\u00efe, des m\u00e9lodies qui portaient ces paroles \u00e0 un sommet d&rsquo;\u00e9motion que sa voix magnifiait.<br \/>\n<\/em><\/span><\/p>\n<p><span style=\"color: purple; font-family: Arial; font-size: 12pt;\"><em>Cette artiste incroyable n&rsquo;a pu r\u00e9aliser que 3 albums dans sa vie, parce qu&rsquo;elle prenait beaucoup de temps pour les porter \u00e0 maturit\u00e9 et parce que sa vie fut bien courte.<br \/>\n<\/em><\/span><\/p>\n<p style=\"margin-left: 14pt;\"><span style=\"color: navy; font-family: Verdana; font-size: 12pt;\"><strong>1. \u00ab&nbsp;La route de Lhasa (1972-2010)\u00bb<br \/>\n<\/strong><\/span><span style=\"color: maroon; font-family: Arial; font-size: 12pt;\">Documentaire d\u2019\u00c9lise Andrieu consacr\u00e9 \u00e0 la chanteuse Lhasa de Sela<br \/>\n<\/span><\/p>\n<p style=\"margin-left: 14pt;\"><span style=\"color: #7030a0; font-family: Arial;\"><em>Mot du jour du Mercredi 3 novembre 2021<br \/>\n<\/em><\/span><\/p>\n<p><span style=\"color: #777777; font-family: Arial;\">Je ne connaissais pas Lhasa de Sela<br \/>\n<\/span><\/p>\n<p><span style=\"color: #777777; font-family: Arial;\">Je l&rsquo;ai d\u00e9couverte en \u00e9coutant un documentaire qui avait \u00e9t\u00e9 r\u00e9alis\u00e9 en 2011 qui lui \u00e9tait consacr\u00e9 : \u00ab&nbsp;L<strong>a route de Lhasa<\/strong>\u00bb<br \/>\n<\/span><\/p>\n<p><span style=\"color: #777777; font-family: Arial;\">Dans ce documentaire j&rsquo;entendais pour la premi\u00e8re fois sa voix qui fait vibrer, qui d\u00e9clenche l&rsquo;\u00e9motion et qui saisit l&rsquo;\u00eatre en profondeur.<br \/>\n<\/span><\/p>\n<p><span style=\"color: #777777; font-family: Arial;\">J&rsquo;apprenais aussi son destin tragique.<br \/>\n<\/span><\/p>\n<p><span style=\"color: #777777; font-family: Arial;\">Et j&rsquo;entendais ses s\u0153urs et les musiciens qui ont jou\u00e9 avec elle, parler de cette femme exceptionnelle.<br \/>\n<\/span><\/p>\n<p><span style=\"color: #777777; font-family: Arial;\">Dans ce premier article, je m&rsquo;int\u00e9ressais surtout aux parents de Lhasa et \u00e0 la mani\u00e8re dont se sont pass\u00e9es les premi\u00e8res ann\u00e9es de sa vie.<br \/>\n<\/span><\/p>\n<p><a style=\"color: #0000ff;\" href=\"https:\/\/lemotdujour.fr\/?p=12561\">Lire l&rsquo;article<\/a><\/p>\n<p style=\"margin-left: 14pt;\"><span style=\"color: navy; font-family: Verdana; font-size: 12pt;\"><strong>2. \u00ab&nbsp;La LLorona&nbsp;\u00bb<br \/>\n<\/strong><\/span><span style=\"color: maroon; font-family: Arial; font-size: 12pt;\">Premier album de Lhassa en 1997<br \/>\n<\/span><\/p>\n<p style=\"margin-left: 14pt;\"><span style=\"color: #7030a0; font-family: Arial;\"><em>Mot du jour du Jeudi 4 novembre 2021<br \/>\n<\/em><\/span><\/p>\n<p><span style=\"color: #777777; font-family: Arial;\">\u00ab&nbsp;La LLorona&nbsp;\u00bb fut sont premier album.<br \/>\n<\/span><\/p>\n<p><span style=\"color: #777777; font-family: Arial;\">Pour ce faire, il a fallu qu&rsquo;elle se rendre \u00e0 Montr\u00e9al et rencontre par hasard<strong> Yves Desrosiers<\/strong> un guitariste exp\u00e9riment\u00e9.<br \/>\n<\/span><\/p>\n<p><span style=\"color: #777777; font-family: Arial;\">C&rsquo;est avec ce dernier qu&rsquo;elle va privil\u00e9gier des chansons venant du Mexique et de l&rsquo;Am\u00e9rique latine plut\u00f4t que le jazz qu&rsquo;elle avait chant\u00e9 \u00e0 ses d\u00e9buts.<br \/>\n<\/span><\/p>\n<p><span style=\"color: #777777; font-family: Arial;\">C&rsquo;est sur ce r\u00e9pertoire qu&rsquo;elle va r\u00e9aliser avec Desrosiers ce premier disque enti\u00e8rement en espagnol.<br \/>\n<\/span><\/p>\n<p><span style=\"color: #777777; font-family: Arial;\">Cet album eut un grand succ\u00e8s et lan\u00e7a sa carri\u00e8re.<br \/>\n<\/span><\/p>\n<p><a style=\"color: #0000ff;\" href=\"https:\/\/lemotdujour.fr\/?p=12569\">Lire l&rsquo;article<\/a><\/p>\n<p style=\"margin-left: 14pt;\"><span style=\"color: navy; font-family: Verdana; font-size: 12pt;\"><strong>3. \u00ab&nbsp;Si elle ne se saignait pas \u00e0 chaque repr\u00e9sentation, elle croyait qu\u2019elle trompait le public.&nbsp;\u00bb<br \/>\n<\/strong><\/span><span style=\"color: maroon; font-family: Arial; font-size: 12pt;\">Rick Haworth, guitariste sur le deuxi\u00e8me album de Lhasa<br \/>\n<\/span><\/p>\n<p style=\"margin-left: 14pt;\"><span style=\"color: #7030a0; font-family: Arial;\"><em>Mot du jour du Lundi 8 Novembre 2021<br \/>\n<\/em><\/span><\/p>\n<p><span style=\"color: #777777; font-family: Arial;\">\u00c9tonnant tout le monde et au lieu d&rsquo;enchainer un second album apr\u00e8s le premier, Lhasa fit un tout autre choix.<br \/>\n<\/span><\/p>\n<p><span style=\"color: #777777; font-family: Arial;\">Elle abandonna Montr\u00e9al et int\u00e9gra la troupe d&rsquo;artistes de cirque de ses s\u0153urs en France.<br \/>\n<\/span><\/p>\n<p><span style=\"color: #777777; font-family: Arial;\">Elle v\u00e9cut 4 ans en France et 2 ans et demi \u00e0 Marseille.<br \/>\n<\/span><\/p>\n<p><span style=\"color: #777777; font-family: Arial;\">Quand la fibre de la chanson la reprit et apr\u00e8s avoir compos\u00e9 de nouvelles chansons, elle retourna \u00e0 Montr\u00e9al.<br \/>\n<\/span><\/p>\n<p><span style=\"color: #777777; font-family: Arial;\">Mais elle changea le groupe de musiciens avec qui elle avait r\u00e9alis\u00e9 le premier album pour enregistrer celui-ci.<br \/>\n<\/span><\/p>\n<p><span style=\"color: #777777; font-family: Arial;\">Cette fois l&rsquo;album fut chant\u00e9 en espagnol, en anglais et en fran\u00e7ais.<br \/>\n<\/span><\/p>\n<p><span style=\"color: #777777; font-family: Arial;\">L&rsquo;exergue a \u00e9t\u00e9 prononc\u00e9e par le nouveau guitariste, celui qui a remplac\u00e9 Desrosiers.<br \/>\n<\/span><\/p>\n<p><a style=\"color: #0000ff;\" href=\"https:\/\/lemotdujour.fr\/?p=12600\">Lire l&rsquo;article<\/a><\/p>\n<p style=\"margin-left: 14pt;\"><span style=\"color: navy; font-family: Verdana; font-size: 12pt;\"><strong>4. \u00ab&nbsp;J\u2019\u00e9cris des chansons pour m\u2019aider \u00e0 avancer. Elles sont mes \u00e9toiles. Elles me guident dans la nuit.&nbsp;\u00bb<br \/>\n<\/strong><\/span><span style=\"color: maroon; font-family: Arial; font-size: 12pt;\">Lhasa<br \/>\n<\/span><\/p>\n<p style=\"margin-left: 14pt;\"><span style=\"color: #7030a0; font-family: Arial;\"><em>Mot du jour du Mardi 9 Novembre 2021<br \/>\n<\/em><\/span><\/p>\n<p><span style=\"color: #777777; font-family: Arial;\">Puis vint le troisi\u00e8me et dernier album.<br \/>\n<\/span><\/p>\n<p><span style=\"color: #777777; font-family: Arial;\">Toutes les chansons \u00e9taient en anglais, sa langue maternelle.<br \/>\n<\/span><\/p>\n<p><span style=\"color: #777777; font-family: Arial;\">Elle allait enfin pouvoir conqu\u00e9rir le public du pays o\u00f9 elle \u00e9tait n\u00e9e : Les \u00c9tats-Unis.<br \/>\n<\/span><\/p>\n<p><span style=\"color: #777777; font-family: Arial;\">Mais le destin ne le lui permit pas.<br \/>\n<\/span><\/p>\n<p><span style=\"color: #777777; font-family: Arial;\">Avant d&rsquo;enregistrer ce troisi\u00e8me album un diagnostic de cancer du sein \u00e0 un stade avanc\u00e9 fut pos\u00e9.<br \/>\n<\/span><\/p>\n<p><span style=\"color: #777777; font-family: Arial;\">Elle ne put que commencer la tourn\u00e9e pour pr\u00e9senter l&rsquo;album elle dut l&rsquo;interrompre apr\u00e8s deux concerts en Islande.<br \/>\n<\/span><\/p>\n<p><a style=\"color: #0000ff;\" href=\"https:\/\/lemotdujour.fr\/?p=12625\">Lire l&rsquo;article<\/a><\/p>\n<p style=\"margin-left: 14pt;\"><span style=\"color: navy; font-family: Verdana; font-size: 12pt;\"><strong>5. \u00ab&nbsp;I\u2019m going in.&nbsp;\u00bb<br \/>\n<\/strong><\/span><span style=\"color: maroon; font-family: Arial; font-size: 12pt;\">Lhasa<br \/>\n<\/span><\/p>\n<p style=\"margin-left: 14pt;\"><span style=\"color: #7030a0; font-family: Arial;\"><em>Mot du jour du Mercredi 10 Novembre 2021<br \/>\n<\/em><\/span><\/p>\n<p><span style=\"color: #777777; font-family: Arial;\">\u00ab<strong> I\u2019m going in<\/strong>. \u00bb est une chanson du troisi\u00e8me album.<br \/>\n<\/span><\/p>\n<p><span style=\"color: #777777; font-family: Arial;\">C&rsquo;est la chanson la plus longue, elle n&rsquo;est accompagn\u00e9e que d&rsquo;un piano.<br \/>\n<\/span><\/p>\n<p><span style=\"color: #777777; font-family: Arial;\">Cette chanson parle de mort et de renaissance.<br \/>\n<\/span><\/p>\n<p><span style=\"color: #777777; font-family: Arial;\">C&rsquo;est une p\u00e9pite d&rsquo;une beaut\u00e9 inou\u00efe.<br \/>\n<\/span><\/p>\n<p><span style=\"color: #777777; font-family: Arial;\">M\u00eame si elle n&rsquo;avait \u00e9crit que cette chanson, il faudrait se souvenir de Lhasa de Sela.<br \/>\n<\/span><\/p>\n<p><a style=\"color: #0000ff;\" href=\"https:\/\/lemotdujour.fr\/?p=12651\">Lire l&rsquo;article<\/a><\/p>\n<p style=\"margin-left: 14pt;\"><span style=\"color: navy; font-family: Verdana; font-size: 12pt;\"><strong>6. \u00ab&nbsp;Lhasa de Sela qui remuait la vie de celles et ceux qui entendaient sa voix.&nbsp;\u00bb<br \/>\n<\/strong><\/span><span style=\"color: maroon; font-family: Arial; font-size: 12pt;\">Vincent Delerm<br \/>\n<\/span><\/p>\n<p style=\"margin-left: 14pt;\"><span style=\"color: #7030a0; font-family: Arial;\"><em>Mot du jour du Vendredi 12 Novembre 2021<br \/>\n<\/em><\/span><\/p>\n<p><span style=\"color: #777777; font-family: Arial;\">Elle est morte le 1er janvier 2010, \u00e0 Montr\u00e9al.<br \/>\n<\/span><\/p>\n<p><span style=\"color: #777777; font-family: Arial;\">Beaucoup d&rsquo;hommages lui furent rendus.<br \/>\n<\/span><\/p>\n<p><span style=\"color: #777777; font-family: Arial;\">J&rsquo;ai repris celui de Vincent Delerm que j&rsquo;ai trouv\u00e9 particuli\u00e8rement fort, beau et juste.<br \/>\n<\/span><\/p>\n<p><a style=\"color: #0000ff;\" href=\"https:\/\/lemotdujour.fr\/?p=12671\">Lire l&rsquo;article<\/a><\/p>\n<p style=\"margin-left: 14pt;\"><span style=\"color: navy; font-family: Verdana; font-size: 12pt;\"><strong>7. \u00ab&nbsp;La derni\u00e8re chanson de Lhasa.&nbsp;\u00bb<br \/>\n<\/strong><\/span><span style=\"color: maroon; font-family: Arial; font-size: 12pt;\">Selon un r\u00e9cit de son ami Arthur H<br \/>\n<\/span><\/p>\n<p style=\"margin-left: 14pt;\"><span style=\"color: #7030a0; font-family: Arial;\"><em>Mot du jour du Lundi 15 Novembre 2021<br \/>\n<\/em><\/span><\/p>\n<p><span style=\"color: #777777; font-family: Arial;\"><img loading=\"lazy\" decoding=\"async\" class=\" wp-image-12730 alignright\" src=\"https:\/\/lemotdujour.fr\/wp-content\/uploads\/2021\/11\/Lhasa-Page03.jpg\" alt=\"\" width=\"426\" height=\"216\" srcset=\"https:\/\/lemotdujour.fr\/wp-content\/uploads\/2021\/11\/Lhasa-Page03.jpg 798w, https:\/\/lemotdujour.fr\/wp-content\/uploads\/2021\/11\/Lhasa-Page03-300x152.jpg 300w, https:\/\/lemotdujour.fr\/wp-content\/uploads\/2021\/11\/Lhasa-Page03-768x390.jpg 768w\" sizes=\"auto, (max-width: 426px) 100vw, 426px\" \/>Pour finir cette s\u00e9rie je me suis int\u00e9ress\u00e9 \u00e0 \u00ab&nbsp;La derni\u00e8re chanson de Lhasa.&nbsp;\u00bb<br \/>\n<\/span><\/p>\n<p><span style=\"color: #777777; font-family: Arial;\">Non pas l&rsquo;album qui a \u00e9t\u00e9 publi\u00e9, \u00e0 titre posthume en 2017, et qui \u00e9tait un enregistrement live des concerts de Reyjkavik.<br \/>\n<\/span><\/p>\n<p><span style=\"color: #777777; font-family: Arial;\">Non pas la derni\u00e8re chanson qu&rsquo;elle a compos\u00e9e et enregistr\u00e9 : \u00ab<strong>Island song<\/strong>\u00bb<br \/>\n<\/span><\/p>\n<p><span style=\"color: #777777; font-family: Arial;\">Mais la derni\u00e8re chanson telle que Arthur H la d\u00e9crite dans un r\u00e9cit \u00e9mouvant.<br \/>\n<\/span><\/p>\n<p><a style=\"color: #0000ff;\" href=\"https:\/\/lemotdujour.fr\/?p=12676\">Lire l&rsquo;article<\/a><\/p>\n","protected":false},"excerpt":{"rendered":"<p>Lhasa de Sela est n\u00e9e le 27 septembre 1972 \u00e0 Big Indian, New York. Elle a v\u00e9cu les premi\u00e8res ann\u00e9es de sa vie de mani\u00e8re boh\u00e8me avec ses s\u0153urs et ses parents dans un bus scolaire qui sillonnait les routes<\/p>\n","protected":false},"author":1,"featured_media":0,"parent":2543,"menu_order":1,"comment_status":"closed","ping_status":"closed","template":"","meta":{"footnotes":""},"class_list":["post-12725","page","type-page","status-publish","hentry"],"_links":{"self":[{"href":"https:\/\/lemotdujour.fr\/index.php?rest_route=\/wp\/v2\/pages\/12725","targetHints":{"allow":["GET"]}}],"collection":[{"href":"https:\/\/lemotdujour.fr\/index.php?rest_route=\/wp\/v2\/pages"}],"about":[{"href":"https:\/\/lemotdujour.fr\/index.php?rest_route=\/wp\/v2\/types\/page"}],"author":[{"embeddable":true,"href":"https:\/\/lemotdujour.fr\/index.php?rest_route=\/wp\/v2\/users\/1"}],"replies":[{"embeddable":true,"href":"https:\/\/lemotdujour.fr\/index.php?rest_route=%2Fwp%2Fv2%2Fcomments&post=12725"}],"version-history":[{"count":7,"href":"https:\/\/lemotdujour.fr\/index.php?rest_route=\/wp\/v2\/pages\/12725\/revisions"}],"predecessor-version":[{"id":12743,"href":"https:\/\/lemotdujour.fr\/index.php?rest_route=\/wp\/v2\/pages\/12725\/revisions\/12743"}],"up":[{"embeddable":true,"href":"https:\/\/lemotdujour.fr\/index.php?rest_route=\/wp\/v2\/pages\/2543"}],"wp:attachment":[{"href":"https:\/\/lemotdujour.fr\/index.php?rest_route=%2Fwp%2Fv2%2Fmedia&parent=12725"}],"curies":[{"name":"wp","href":"https:\/\/api.w.org\/{rel}","templated":true}]}}