{"id":11919,"date":"2021-07-30T00:01:00","date_gmt":"2021-07-29T22:01:00","guid":{"rendered":"http:\/\/lemotdujour.fr\/?page_id=11919"},"modified":"2021-07-30T14:44:18","modified_gmt":"2021-07-30T12:44:18","slug":"1979-lannee-du-grand-retournement","status":"publish","type":"page","link":"https:\/\/lemotdujour.fr\/?page_id=11919","title":{"rendered":"1979 : L&rsquo;ann\u00e9e du grand retournement"},"content":{"rendered":"<p><span style=\"color: purple; font-family: Arial; font-size: 12pt;\"><em>En 1979, j\u2019avais 21 ans et l\u2019Union sovi\u00e9tique en avait 49. <\/em><\/span><span style=\"color: purple; font-family: Arial; font-size: 12pt;\"><em>A cette \u00e9poque, tout le monde pensait que 50 ans plus tard, elle existerait toujours, comme les d\u00e9mocraties populaires de l\u2019Europe de l\u2019Est..<br \/>\n<\/em><\/span><span style=\"color: purple; font-family: Arial; font-size: 12pt;\"><em>Quelque part enfoui dans notre inconscient, nous avions, bien s\u00fbr, un peu peur d\u2019une guerre nucl\u00e9aire.<br \/>\n<\/em><\/span><\/p>\n<p><span style=\"color: purple; font-family: Arial; font-size: 12pt;\"><em>Nous \u00e9tions en crise \u00e9conomique depuis peu, suite au choc p\u00e9trolier. Nous pensions que c\u2019\u00e9tait une parenth\u00e8se et que bient\u00f4t la croissance reprendrait, ainsi que le progr\u00e8s social et la r\u00e9duction in\u00e9luctable des in\u00e9galit\u00e9s de revenus et de patrimoines dans nos pays occidentaux dans lesquelles les classes moyennes \u00e9taient dominantes.<\/em><\/span><\/p>\n<p><span style=\"color: purple; font-family: Arial; font-size: 12pt;\"><em><img loading=\"lazy\" decoding=\"async\" class=\"alignnone size-full wp-image-11945\" src=\"https:\/\/lemotdujour.fr\/wp-content\/uploads\/2021\/07\/Amin-Maalouf.jpg\" alt=\"\" width=\"996\" height=\"641\" srcset=\"https:\/\/lemotdujour.fr\/wp-content\/uploads\/2021\/07\/Amin-Maalouf.jpg 996w, https:\/\/lemotdujour.fr\/wp-content\/uploads\/2021\/07\/Amin-Maalouf-300x193.jpg 300w, https:\/\/lemotdujour.fr\/wp-content\/uploads\/2021\/07\/Amin-Maalouf-768x494.jpg 768w\" sizes=\"auto, (max-width: 996px) 100vw, 996px\" \/>Nous pensions aussi, mais c\u2019\u00e9tait surtout vrai en France, que les religions allaient inexorablement reculer dans nos soci\u00e9t\u00e9s et que de moins en moins de personnes en tiendraient compte dans leur vie quotidienne. Il resterait une Foi intime, priv\u00e9e que certains continueraient \u00e0 nourrir dans l\u2019intimit\u00e9.<\/em><\/span><\/p>\n<p><span style=\"color: purple; font-family: Arial; font-size: 12pt;\"><em>Nous pensions aussi que la Chine communiste resterait, encore longtemps, un pays sous d\u00e9velopp\u00e9 avec une \u00e9conomie bureaucratique et peu performante.<\/em><\/span><\/p>\n<p><span style=\"color: purple; font-family: Arial; font-size: 12pt;\"><em>Toutes ces convictions ont quasi toutes \u00e9taient balay\u00e9es.<\/em><\/span><\/p>\n<p><span style=\"color: purple; font-family: Arial; font-size: 12pt;\"><em>Dans son magistral Essai \u00ab\u00a0<strong>Le naufrage des civilisations<\/strong> \u00bb Amin Maalouf nous montre comment les \u00e9v\u00e8nements de 1979 ou de fin 1978, ainsi que les liens entre eux, ont \u00e9t\u00e9 la cause des bouleversements que nous n\u2019attendions pas, que nous ne percevions pas et qui ont chang\u00e9 profond\u00e9ment le monde et notre quotidien..<br \/>\nPendant que j\u2019\u00e9tais en train d\u2019\u00e9crire cette s\u00e9rie de mots du jour sur l\u2019ann\u00e9e 1979 et la th\u00e8se que d\u00e9fend Amin Maalouf, j\u2019appris par le <span style=\"color: #0000ff;\"><a style=\"color: #0000ff;\" href=\"https:\/\/www.lefigaro.fr\/culture\/amin-maalouf-laureat-du-prix-litteraire-des-ambassadeurs-francophones-20210717\">&lt;Figaro&gt;<\/a> <\/span>que Amin Maalouf avait remport\u00e9 le 8 juillet 2021 le prix litt\u00e9raire d\u00e9cern\u00e9 par les ambassadeurs francophones de France (GAFF) pour cet essai \u00ab qui a \u00e9t\u00e9 r\u00e9dig\u00e9 avant la pand\u00e9mie, mais qui vibre avec les actualit\u00e9s que nous sommes en train de vivre.\u00bb <\/em><\/span><\/p>\n<p><span style=\"color: purple; font-family: Arial; font-size: 12pt;\"><em>La c\u00e9r\u00e9monie s&rsquo;est d\u00e9roul\u00e9e \u00e0 l&rsquo;Institut de France qui abrite notamment l&rsquo;Acad\u00e9mie Fran\u00e7aise (dont Amin Maalouf est membre), en pr\u00e9sence d&rsquo;H\u00e9l\u00e8ne Carr\u00e8re d&rsquo;Encausse, secr\u00e9taire perp\u00e9tuel de cette institution charg\u00e9e notamment de d\u00e9fendre la langue fran\u00e7aise.<br \/>\n<\/em><\/span><\/p>\n<p><span style=\"color: purple; font-family: Arial; font-size: 12pt;\"><em>Ce livre est, en effet, remarquable, je ne peux qu\u2019en conseiller la lecture.<br \/>\n<\/em><\/span><\/p>\n<p style=\"margin-left: 14pt;\"><span style=\"color: navy; font-family: Verdana; font-size: 12pt;\"><strong>1. \u00ab\u00a0L\u2019ann\u00e9e du grand retournement\u00a0\u00a0\u00bb<br \/>\n<\/strong><\/span><span style=\"color: maroon; font-family: Arial; font-size: 12pt;\">Amin Maalouf, \u00ab\u00a0Le naufrage des civilisations\u00a0\u00bb page 167<br \/>\n<\/span><\/p>\n<p style=\"margin-left: 14pt;\"><span style=\"color: #7030a0; font-family: Arial;\"><em>Mot du jour du Mardi 6 juillet 2021<br \/>\n<\/em><\/span><\/p>\n<p><span style=\"color: #777777; font-family: Arial;\">Il fallait d&rsquo;abord pr\u00e9senter ce livre passionnant.<br \/>\n<\/span><\/p>\n<p><span style=\"color: #777777; font-family: Arial;\">Dans le c\u0153ur de son ouvrage Amin Maalouf \u00e9voque son Levant natal, c&rsquo;est-\u00e0-dire l&rsquo;\u00c9gypte et le Liban qui \u00e9tait alors un monde de la diversit\u00e9 dans lequel les musulmans, les chr\u00e9tiens et les juifs vivaient ensemble, faisaient des affaires et dialoguaient.<br \/>\n<\/span><\/p>\n<p><span style=\"color: #777777; font-family: Arial;\">Il explique les diff\u00e9rentes fractures qui ont conduit \u00e0 la situation actuelle d&rsquo;intol\u00e9rance et de violence. Il est probable que je traiterai de cette partie dans une s\u00e9rie ult\u00e9rieure.<br \/>\n<\/span><\/p>\n<p><span style=\"color: #777777; font-family: Arial;\">J&rsquo;ai d&rsquo;abord souhait\u00e9 traiter l&rsquo;hypoth\u00e8se qu&rsquo;il d\u00e9veloppe dans la troisi\u00e8me partie de son livre : \u00a0\u00bb L&rsquo;ann\u00e9e du grand retournement \u00ab\u00a0, c&rsquo;est-\u00e0-dire l&rsquo;ann\u00e9e 1979 qui selon lui a \u00e9t\u00e9 d\u00e9cisive pour expliquer une grande partie de notre monde d&rsquo;aujourd&rsquo;hui<br \/>\n<\/span><\/p>\n<p><a style=\"color: #0000ff;\" href=\"https:\/\/lemotdujour.fr\/?p=11714\">Lire l&rsquo;article<\/a><\/p>\n<p style=\"margin-left: 14pt;\"><span style=\"color: navy; font-family: Verdana; font-size: 12pt;\"><strong>2. \u00ab L\u2019ann\u00e9e 1979 \u00bb<br \/>\n<\/strong><\/span><span style=\"color: maroon; font-family: Arial; font-size: 12pt;\">Ann\u00e9e du grand retournement<br \/>\n<\/span><\/p>\n<p style=\"margin-left: 14pt;\"><span style=\"color: #7030a0; font-family: Arial;\"><em>\u00a0Mot du jour du Mercredi 7 juillet 2021<br \/>\n<\/em><\/span><\/p>\n<p><span style=\"color: #777777; font-family: Arial;\">Cet article \u00e9num\u00e8re les principaux \u00e9v\u00e8nements de l&rsquo;ann\u00e9e 1979.<br \/>\n<\/span><\/p>\n<p><span style=\"color: #777777; font-family: Arial;\">Ceux que Amin Maalouf met en avant et les autres dont il parle peu ou pas du tout.<br \/>\n<\/span><\/p>\n<p><a style=\"color: #0000ff;\" href=\"https:\/\/lemotdujour.fr\/?p=11723\">Lire l&rsquo;article<\/a><\/p>\n<p style=\"margin-left: 14pt;\"><span style=\"color: navy; font-family: Verdana; font-size: 12pt;\"><strong>3. \u00ab D\u00e9sormais, c\u2019est le conservatisme qui se proclamerait r\u00e9volutionnaire, tandis que les tenants du \u00ab progressisme \u00bb et de la gauche n\u2019auraient plus d\u2019autre but que la conservation des acquis \u00bb<br \/>\n<\/strong><\/span><span style=\"color: maroon; font-family: Arial; font-size: 12pt;\">Amin Maalouf<br \/>\n<\/span><\/p>\n<p style=\"margin-left: 14pt;\"><span style=\"color: #7030a0; font-family: Arial;\"><em>Mot du jour du Vendredi 9 juillet 2021<br \/>\n<\/em><\/span><\/p>\n<p><span style=\"color: #777777; font-family: Arial;\">La grande affaire de 1979, dans l&rsquo;esprit de toutes celles et ceux qui s&rsquo;int\u00e9ressent \u00e0 la politique est l&rsquo;arriv\u00e9e au pouvoir de Margareth Thatcher<br \/>\n<\/span><\/p>\n<p><span style=\"color: #777777; font-family: Arial;\">Elle introduit ce qu&rsquo;on appelle le n\u00e9o-lib\u00e9ralisme et que Amin Maalouf appelle le conservatisme.<br \/>\n<\/span><\/p>\n<p><span style=\"color: #777777; font-family: Arial;\">Elle sera rejoint un an plus tard par Ronald Reagan qui sera \u00e9lu pr\u00e9sident des Etats-Unis et qui d\u00e9veloppera les m\u00eames th\u00e8ses et la m\u00eame politique.<br \/>\n<\/span><\/p>\n<p><span style=\"color: #777777; font-family: Arial;\">Il sera \u00e9lu gr\u00e2ce \u00e0 son charisme et ses talents d&rsquo;acteur mais aussi gr\u00e2ce aux \u00e9v\u00e8nements d&rsquo;Iran qui seront d\u00e9sastreux pour l&rsquo;image du Pr\u00e9sident sortant : Jimmy Carter.<br \/>\n<\/span><\/p>\n<p><a style=\"color: #0000ff;\" href=\"https:\/\/lemotdujour.fr\/?p=11739\">Lire l&rsquo;article<\/a><\/p>\n<p style=\"margin-left: 14pt;\"><span style=\"color: navy; font-family: Verdana; font-size: 12pt;\"><strong>4. \u00ab Atlas Shruggeds \u00bb<br \/>\n<\/strong><\/span><span style=\"color: maroon; font-family: Arial; font-size: 12pt;\">Ayn Rand<br \/>\n<\/span><\/p>\n<p style=\"margin-left: 14pt;\"><span style=\"color: #7030a0; font-family: Arial;\"><em>Mot du jour du Lundi 12 juillet 2021<br \/>\n<\/em><\/span><\/p>\n<p><span style=\"color: #777777; font-family: Arial;\">Pour que la r\u00e9volution conservatrice puisse se r\u00e9aliser il fallait des acteurs politiques.<br \/>\n<\/span><\/p>\n<p><span style=\"color: #777777; font-family: Arial;\">Mais il a aussi fallu en amont des intellectuels qui d\u00e9veloppent un r\u00e9cit dans lequel on ne voyait plus l&rsquo;Etat comme une solution, mais comme une contrainte.<br \/>\n<\/span><\/p>\n<p><span style=\"color: #777777; font-family: Arial;\">L&rsquo;Etat social devient dans ce r\u00e9cit une erreur qui entrave Atlas c\u2019est-\u00e0-dire tous ces hommes et femmes dynamiques et entreprenants qui font avancer la soci\u00e9t\u00e9 et cr\u00e9e les conditions du progr\u00e8s humain.<br \/>\n<\/span><\/p>\n<p><span style=\"color: #777777; font-family: Arial;\">Ayn Rand est une des principales porteuses de ce r\u00e9cit, adul\u00e9e aux Etats-Unis et fort peu connue en France.<\/span><\/p>\n<p><a style=\"color: #0000ff;\" href=\"https:\/\/lemotdujour.fr\/?p=11750\">Lire l&rsquo;article<\/a><\/p>\n<p style=\"margin-left: 14pt;\"><span style=\"color: navy; font-family: Verdana; font-size: 12pt;\"><strong>5. \u00ab L\u2019\u00e9go\u00efsme rationnel \u00bb<br \/>\n<\/strong><\/span><span style=\"color: maroon; font-family: Arial; font-size: 12pt;\">Ayn Rand<br \/>\n<\/span><\/p>\n<p style=\"margin-left: 14pt;\"><span style=\"color: #7030a0; font-family: Arial;\"><em>Mot du jour du Mardi 13 juillet 2021<br \/>\n<\/em><\/span><\/p>\n<p><span style=\"color: #777777; font-family: Arial;\">Il m&rsquo;a sembl\u00e9 utile de consacrer un deuxi\u00e8me article sur cette femme \u00e9tonnante.<br \/>\n<\/span><\/p>\n<p><span style=\"color: #777777; font-family: Arial;\">Etonnante et aussi contradictoire.<br \/>\n<\/span><\/p>\n<p><span style=\"color: #777777; font-family: Arial;\">Ce sont nos contradictions qui nous rendent f\u00e9cond aurait dit Nietsche.<br \/>\n<\/span><\/p>\n<p><a style=\"color: #0000ff;\" href=\"https:\/\/lemotdujour.fr\/?p=11767\">Lire l&rsquo;article<\/a><\/p>\n<p style=\"margin-left: 14pt;\"><span style=\"color: navy; font-family: Verdana; font-size: 12pt;\"><strong>6. \u00ab\u00a0Vous ne pouvez pas comprendre\u00a0\u00bb<br \/>\n<\/strong><\/span><span style=\"color: maroon; font-family: Arial; font-size: 12pt;\">Des iraniens \u00e0 Marc Kravetz qui essyait de d\u00e9crire ce qui se passait lors de la r\u00e9volution islamique \u00e0 T\u00e9h\u00e9ran.<br \/>\n<\/span><\/p>\n<p style=\"margin-left: 14pt;\"><span style=\"color: #7030a0; font-family: Arial;\"><em>Mot du jour du Vendredi 16 juillet 2021<br \/>\n<\/em><\/span><\/p>\n<p><span style=\"color: #777777; font-family: Arial;\">La r\u00e9volution islamique en Iran fut un choc.<br \/>\n<\/span><\/p>\n<p><span style=\"color: #777777; font-family: Arial;\">Nous ne pensions pas possible une telle r\u00e9gression.<br \/>\n<\/span><\/p>\n<p><span style=\"color: #777777; font-family: Arial;\">Notre aversion du Shah d&rsquo;Iran nous rendait Khomeiny sympathique.<br \/>\n<\/span><\/p>\n<p><span style=\"color: #777777; font-family: Arial;\">Et nous avons appris, \u00e0 nos d\u00e9pens, qu&rsquo;il \u00e9tait pire.<br \/>\n<\/span><\/p>\n<p><a style=\"color: #0000ff;\" href=\"https:\/\/lemotdujour.fr\/?p=11783\">Lire l&rsquo;article<\/a><\/p>\n<p style=\"margin-left: 14pt;\"><span style=\"color: navy; font-family: Verdana; font-size: 12pt;\"><strong>7. \u00ab\u00a0444 jours\u00a0!\u00a0\u00bb<br \/>\n<\/strong><\/span><span style=\"color: maroon; font-family: Arial; font-size: 12pt;\">Dur\u00e9e de la prise d\u2019otage des diplomates am\u00e9ricains dans l\u2019ambassade de T\u00e9h\u00e9ran qui a d\u00e9but\u00e9 le 4 novembre 1979.<br \/>\n<\/span><\/p>\n<p style=\"margin-left: 14pt;\"><span style=\"color: #7030a0; font-family: Arial;\"><em>Mot du jour du Lundi 19 juillet 2021<br \/>\n<\/em><\/span><\/p>\n<p><span style=\"color: #777777; font-family: Arial;\">La r\u00e9volution islamique \u00e9tait en difficult\u00e9 et brusquement des \u00e9tudiants iraniens ont eu cette id\u00e9e incroyable de prendre d&rsquo;assaut l&rsquo;ambassade des Etats-Unis \u00e0 T\u00e9h\u00e9ran.<br \/>\n<\/span><\/p>\n<p><span style=\"color: #777777; font-family: Arial;\">Ils ont pris en otage les diplomates pour r\u00e9clamer en contrepartie l&rsquo;extradition du Shah qui se trouvait aux Etats-Unis pour soigner son cancer dont il mourra quelques mois plus tard.<br \/>\n<\/span><\/p>\n<p><span style=\"color: #777777; font-family: Arial;\">Cet \u00e9pisode humiliant, car les Etats-Unis se sont r\u00e9v\u00e9l\u00e9s impuissants pour lib\u00e9rer leurs compatriotes aura une importance capitale dans l&rsquo;\u00e9lection de Reagan et dans la haine des am\u00e9ricains \u00e0 l&rsquo;\u00e9gard du r\u00e9gime iranien.<br \/>\n<\/span><\/p>\n<p><span style=\"color: #777777; font-family: Arial;\">Nous apprendrons que Reagan et son entourage joueront un r\u00f4le d\u00e9l\u00e9t\u00e8re dans cet \u00e9pisode.<br \/>\n<\/span><\/p>\n<p><a style=\"color: #0000ff;\" href=\"https:\/\/lemotdujour.fr\/?p=11799\">Lire l&rsquo;article<\/a><\/p>\n<p style=\"margin-left: 14pt;\"><span style=\"color: navy; font-family: Verdana; font-size: 12pt;\"><strong>8. \u00ab\u00a0Il est illusoire de penser qu\u2019en se montrant radical, on fait taire les radicaux. C\u2019est souvent l\u2019inverse qui se produit.\u00bb<br \/>\n<\/strong><\/span><span style=\"color: maroon; font-family: Arial; font-size: 12pt;\">Amin Maalouf<br \/>\n<\/span><\/p>\n<p style=\"margin-left: 14pt;\"><span style=\"color: #7030a0; font-family: Arial;\"><em>Mot du jour du Mercredi 21 juillet 2021<br \/>\n<\/em><\/span><\/p>\n<p><span style=\"color: #777777; font-family: Arial;\">La r\u00e9volution iranienne \u00e9tait le fait de fanatiques chiites.<br \/>\n<\/span><\/p>\n<p><span style=\"color: #777777; font-family: Arial;\">Des fanatiques sunnites attaqueront la grande Mosqu\u00e9e de la Mecque.<br \/>\n<\/span><\/p>\n<p><span style=\"color: #777777; font-family: Arial;\">Cette occupation se finira dans le sang de l&rsquo;assaut et des ex\u00e9cutions.<br \/>\n<\/span><\/p>\n<p><span style=\"color: #777777; font-family: Arial;\">L&rsquo;\u00e9pisode inspirera d&rsquo;autres fanatiques qui iront d&rsquo;abord combattre en Afghanistan avant d&rsquo;engager des actions terroristes dans les pays musulmans et dans les pays occidentaux.<br \/>\n<\/span><\/p>\n<p><a style=\"color: #0000ff;\" href=\"https:\/\/lemotdujour.fr\/?p=11827\">Lire l&rsquo;article<\/a><\/p>\n<p style=\"margin-left: 14pt;\"><span style=\"color: navy; font-family: Verdana; font-size: 12pt;\"><strong>9. \u00ab\u00a0Peu de r\u00e9volutions dans l\u2019histoire ont chang\u00e9 en profondeur la vie d\u2019un si grand nombre d\u2019hommes et de femmes en un temps si court.\u00a0\u00bb<br \/>\n<\/strong><\/span><span style=\"color: maroon; font-family: Arial; font-size: 12pt;\">Amin Maalouf \u00e9voquant les r\u00e9formes conduit par Deng Xiaoping \u00e0 partir de 1979<br \/>\n<\/span><\/p>\n<p style=\"margin-left: 14pt;\"><span style=\"color: #7030a0; font-family: Arial;\"><em>Mot du jour du Jeudi 22 juillet 2021<br \/>\n<\/em><\/span><\/p>\n<p><span style=\"color: #777777; font-family: Arial;\">Et la Chine s&rsquo;est r\u00e9veill\u00e9e !<br \/>\n<\/span><\/p>\n<p><span style=\"color: #777777; font-family: Arial;\">Deng Xiaoping a renonc\u00e9 \u00e0 un certain nombre de dogme maoistes pour s&rsquo;int\u00e9resser \u00e0 la production et au dynamisme des commer\u00e7ants et entrepreneurs chinois.<br \/>\n<\/span><\/p>\n<p><span style=\"color: #777777; font-family: Arial;\">Mais la surveillance du Parti et de l&rsquo;Etat reste entier.<br \/>\n<\/span><\/p>\n<p><span style=\"color: #777777; font-family: Arial;\">Il cr\u00e9e ainsi un nouveau syst\u00e8me \u00e9conomique dynamique mais sans la libert\u00e9 politique.<br \/>\n<\/span><\/p>\n<p><a style=\"color: #0000ff;\" href=\"https:\/\/lemotdujour.fr\/?p=11840\">Lire l&rsquo;article<\/a><\/p>\n<p style=\"margin-left: 14pt;\"><span style=\"color: navy; font-family: Verdana; font-size: 12pt;\"><strong>10. \u00ab \u00a0[En 1979] Pour qui se fiait \u00e0 l\u2019apparence des choses, l\u2019Union sovi\u00e9tique semblait voler de triomphe en triomphe \u00bb<br \/>\n<\/strong><\/span><span style=\"color: maroon; font-family: Arial; font-size: 12pt;\">Amin Maalouf<br \/>\n<\/span><\/p>\n<p style=\"margin-left: 14pt;\"><span style=\"color: #7030a0; font-family: Arial;\"><em>Mot du jour du Lundi 26 juillet 2021<br \/>\n<\/em><\/span><\/p>\n<p><span style=\"color: #777777; font-family: Arial;\">En 1979, L&rsquo;Union sovi\u00e9tique semblait puissante et voler de victoires en victoires.<br \/>\n<\/span><\/p>\n<p><span style=\"color: #777777; font-family: Arial;\">Elle \u00e9tait fragile pourtant.<br \/>\n<\/span><\/p>\n<p><span style=\"color: #777777; font-family: Arial;\">La Chine va d\u00e9fier l&rsquo;Union Sovi\u00e9tique.<br \/>\n<\/span><\/p>\n<p><span style=\"color: #777777; font-family: Arial;\">Un Pape polonais va lutter contre elle.<br \/>\n<\/span><\/p>\n<p><span style=\"color: #777777; font-family: Arial;\">Et les dirigeants sovi\u00e9tiques vont entrainer leur pays dans une guerre couteuse et d\u00e9sastreuse.<br \/>\n<\/span><\/p>\n<p><a style=\"color: #0000ff;\" href=\"https:\/\/lemotdujour.fr\/?p=11849\">Lire l&rsquo;article<\/a><\/p>\n<p style=\"margin-left: 14pt;\"><span style=\"color: navy; font-family: Verdana; font-size: 12pt;\"><strong>11. \u00ab La guerre sino-vietnamienne \u00bb<br \/>\n<\/strong><\/span><span style=\"color: maroon; font-family: Arial; font-size: 12pt;\">Guerre du 17 f\u00e9vrier au 16 mars 1979<br \/>\n<\/span><\/p>\n<p style=\"margin-left: 14pt;\"><span style=\"color: #7030a0; font-family: Arial;\"><em>Mot du jour du Mardi 27 juillet 2021<br \/>\n<\/em><\/span><\/p>\n<p><span style=\"color: #777777; font-family: Arial;\">Le Viet-Nam a envahi le Cambodge et chass\u00e9 les monstrueux Khmers Rouge du pouvoir.<br \/>\n<\/span><\/p>\n<p><span style=\"color: #777777; font-family: Arial;\">Il n&rsquo;a pas agi pour des raisons humanitaires, m\u00eame s&rsquo;il tente de le faire croire.<br \/>\n<\/span><\/p>\n<p><span style=\"color: #777777; font-family: Arial;\">Il a agi pour des raisons g\u00e9ostrat\u00e9giques.<br \/>\n<\/span><\/p>\n<p><span style=\"color: #777777; font-family: Arial;\">La Chine, alli\u00e9e des Khmers rouges, va entrer dans une guerre limit\u00e9e avec le Viet-Nam.<br \/>\n<\/span><\/p>\n<p><span style=\"color: #777777; font-family: Arial;\">Ce sera la premi\u00e8re d\u00e9cision importante de politique internationale de Deng Xiaoping.<br \/>\n<\/span><\/p>\n<p><span style=\"color: #777777; font-family: Arial;\">Du point de vue militaire, ce n&rsquo;est pas vraiment un succ\u00e8s pour P\u00e9kin, mais Deng Xiaoping l&rsquo;utilisera pour asseoir davantage son pouvoir.<br \/>\n<\/span><\/p>\n<p><a style=\"color: #0000ff;\" href=\"https:\/\/lemotdujour.fr\/?p=11864\">Lire l&rsquo;article<\/a><\/p>\n<p style=\"margin-left: 14pt;\"><span style=\"color: navy; font-family: Verdana; font-size: 12pt;\"><strong>12. \u00ab\u00a0Rien de ce qui s\u2019est pass\u00e9 en Europe de l\u2019Est n\u2019aurait \u00e9t\u00e9 possible sans la pr\u00e9sence de ce pape\u00a0\u00bb<br \/>\n<\/strong><\/span><span style=\"color: maroon; font-family: Arial; font-size: 12pt;\">Mikha\u00efl Gorbatchev<br \/>\n<\/span><\/p>\n<p style=\"margin-left: 14pt;\"><span style=\"color: #7030a0; font-family: Arial;\"><em>Mot du jour du Mercredi 28 juillet 2021<br \/>\n<\/em><\/span><\/p>\n<p><span style=\"color: #777777; font-family: Arial;\">En 1979, pour la premi\u00e8re fois depuis 457 ans, un pape non italien r\u00e8gne \u00e0 Rome.<br \/>\n<\/span><\/p>\n<p><span style=\"color: #777777; font-family: Arial;\">Il est polonais, charismatique, sportif, il aime le th\u00e9\u00e2tre, il a l\u2019air moderne et farouchement anticommuniste.<br \/>\n<\/span><\/p>\n<p><span style=\"color: #777777; font-family: Arial;\">Il a l\u2019air moderne mais il poss\u00e8de des convictions extr\u00eamement conservatrices et r\u00e9trogrades en mati\u00e8re de m\u0153urs.<br \/>\n<\/span><\/p>\n<p><span style=\"color: #777777; font-family: Arial;\">Son premier combat est celui contre les communistes. Il va utiliser tous les ressorts que lui donne la position strat\u00e9gique du Vatican, le langage de la Foi et sa relation particuli\u00e8re avec son pays natal et ses concitoyens pour faire monter \u00e0 l\u2019assaut, avec des moyens pacifistes, des foules galvanis\u00e9es par son verbe et son slogan \u00ab\u00a0Nayez pas peur\u00a0\u00bb.<br \/>\n<\/span><\/p>\n<p><span style=\"color: #777777; font-family: Arial;\">Pour ce combat, il n\u2019h\u00e9sitera pas \u00e0 s\u2019appuyer sur des personnes peu recommandables et l\u2019institution financi\u00e8re du Vatican (L\u2019IOR) qui sous l\u2019\u00e9gide du sulfureux Monseigneur Marcinkus s\u2019adonne \u00e0 toutes les malversations et recycle l\u2019argent sale de la mafia. Cet aspect du combat n\u2019est pas d\u00e9velopp\u00e9 dans ce mot du jour. Je traiterai probablement de ce sujet une autre fois en lien avec la mort myst\u00e9rieuse du Pape Jean-Paul Ier.<br \/>\n<\/span><\/p>\n<p><a style=\"color: #0000ff;\" href=\"https:\/\/lemotdujour.fr\/?p=11873\">Lire l&rsquo;article<\/a><\/p>\n<p style=\"margin-left: 14pt;\"><span style=\"color: navy; font-family: Verdana; font-size: 12pt;\"><strong>13. \u00ab\u00a0Nous avons maintenant l\u2019occasion de donner \u00e0 l\u2019URSS sa guerre du Vietnam. \u00bb<br \/>\n<\/strong><\/span><span style=\"color: maroon; font-family: Arial; font-size: 12pt;\">Zbigniew Brzezinski<br \/>\n<\/span><\/p>\n<p style=\"margin-left: 14pt;\"><span style=\"color: #7030a0; font-family: Arial;\"><em>Mot du jour du Jeudi 29 juillet 2021<br \/>\n<\/em><\/span><\/p>\n<p><span style=\"color: #777777; font-family: Arial;\">Et l\u2019ann\u00e9e 1979, allait se terminer, quand l\u2019Union sovi\u00e9tique pensait pouvoir encore pousser son avantage en allant soutenir les communistes d\u2019Afghanistan et en imposant leur pouvoir, alors que la population afghane rejetait ces ath\u00e9es qui ne comprenaient rien \u00e0 leur soci\u00e9t\u00e9 et leur mode de vie.<br \/>\n<\/span><\/p>\n<p><span style=\"color: #777777; font-family: Arial;\">Les afghans profond\u00e9ment divis\u00e9s en ethnies et regroup\u00e9s autour de chefs de guerre, dont le plus c\u00e9l\u00e8bre \u00e9tait le commandant Massoud \u00e9taient capable de s\u2019unir pour r\u00e9sister et chasser des envahisseurs de ce pays qu\u2019on a appel\u00e9 le cimeti\u00e8re des empires.<br \/>\n<\/span><\/p>\n<p><span style=\"color: #777777; font-family: Arial;\">Aujourd\u2019hui, nous savons que les Etats-Unis et Zbigniew Brzezinski avaient esp\u00e9r\u00e9 et manoeuvr\u00e9 pour que leur puissant ennemi tombe dans ce pi\u00e8ge Afghan.<br \/>\n<\/span><\/p>\n<p><span style=\"color: #777777; font-family: Arial;\">Et pour ce faire, ils ont arm\u00e9 et nourri des monstres qui se sont retourn\u00e9s contre eux. Ils sont tomb\u00e9s \u00e0 leur tour dans le pi\u00e8ge du cimeti\u00e8re des empires.<br \/>\n<\/span><\/p>\n<p><span style=\"color: #777777; font-family: Arial;\">L\u2019Union sovi\u00e9tique s\u2019est effondr\u00e9e, mais les am\u00e9ricains seront rest\u00e9s plus longtemps que l\u2019arm\u00e9e rouge et quitteront piteusement la terre afghane, sans n\u2019avoir rien r\u00e9gl\u00e9, le 11 septembre 2021, \u00e0 l\u2019occasion des 20 ans des attentats contre le World Trade Center.<br \/>\n<\/span><\/p>\n<p><span style=\"color: #777777; font-family: Arial;\">Attentats qui n\u2019auraient sans doute pas \u00e9t\u00e9 possible si l\u2019Union sovi\u00e9tique n\u2019avait pas envahi l\u2019afghanistan et les am\u00e9ricains n\u2019avait pas financ\u00e9 et arm\u00e9 des fanatiques.<br \/>\n<\/span><\/p>\n<p><a style=\"color: #0000ff;\" href=\"https:\/\/lemotdujour.fr\/?p=11892\">Lire l&rsquo;article<\/a><\/p>\n","protected":false},"excerpt":{"rendered":"<p>En 1979, j\u2019avais 21 ans et l\u2019Union sovi\u00e9tique en avait 49. A cette \u00e9poque, tout le monde pensait que 50 ans plus tard, elle existerait toujours, comme les d\u00e9mocraties populaires de l\u2019Europe de l\u2019Est.. Quelque part enfoui dans notre inconscient,<\/p>\n","protected":false},"author":1,"featured_media":0,"parent":2543,"menu_order":1,"comment_status":"closed","ping_status":"closed","template":"","meta":{"footnotes":""},"class_list":["post-11919","page","type-page","status-publish","hentry"],"_links":{"self":[{"href":"https:\/\/lemotdujour.fr\/index.php?rest_route=\/wp\/v2\/pages\/11919","targetHints":{"allow":["GET"]}}],"collection":[{"href":"https:\/\/lemotdujour.fr\/index.php?rest_route=\/wp\/v2\/pages"}],"about":[{"href":"https:\/\/lemotdujour.fr\/index.php?rest_route=\/wp\/v2\/types\/page"}],"author":[{"embeddable":true,"href":"https:\/\/lemotdujour.fr\/index.php?rest_route=\/wp\/v2\/users\/1"}],"replies":[{"embeddable":true,"href":"https:\/\/lemotdujour.fr\/index.php?rest_route=%2Fwp%2Fv2%2Fcomments&post=11919"}],"version-history":[{"count":9,"href":"https:\/\/lemotdujour.fr\/index.php?rest_route=\/wp\/v2\/pages\/11919\/revisions"}],"predecessor-version":[{"id":11946,"href":"https:\/\/lemotdujour.fr\/index.php?rest_route=\/wp\/v2\/pages\/11919\/revisions\/11946"}],"up":[{"embeddable":true,"href":"https:\/\/lemotdujour.fr\/index.php?rest_route=\/wp\/v2\/pages\/2543"}],"wp:attachment":[{"href":"https:\/\/lemotdujour.fr\/index.php?rest_route=%2Fwp%2Fv2%2Fmedia&parent=11919"}],"curies":[{"name":"wp","href":"https:\/\/api.w.org\/{rel}","templated":true}]}}