{"id":11154,"date":"2021-04-28T00:13:00","date_gmt":"2021-04-27T22:13:00","guid":{"rendered":"http:\/\/lemotdujour.fr\/?page_id=11154"},"modified":"2021-04-29T11:02:10","modified_gmt":"2021-04-29T09:02:10","slug":"la-commune-de-paris","status":"publish","type":"page","link":"https:\/\/lemotdujour.fr\/?page_id=11154","title":{"rendered":"La Commune de Paris"},"content":{"rendered":"<p><span style=\"color: purple; font-family: Arial; font-size: 12pt;\"><em>La commune de Paris dura 72 jours<br><\/em><\/span><\/p>\n<p><span style=\"color: purple; font-family: Arial; font-size: 12pt;\"><em>Elle d\u00e9buta le 18 mars 1871, lorsque la la population parisienne et les gardes nationaux refus\u00e8rent de rendre les canons, achet\u00e9s avec l\u2019argent d\u2019une souscription publique, au gouvernement de la France dirig\u00e9 par Adolphe Thiers, retranch\u00e9 \u00e0 Versailles.<br><\/em><\/span><\/p>\n<p><span style=\"color: purple; font-family: Arial; font-size: 12pt;\"><em>L&rsquo;Histoire de France eut beaucoup de mal \u00e0 parler et \u00e0 expliquer cet \u00e9v\u00e8nement.<br><\/em><\/span><\/p>\n<p><span style=\"color: purple; font-family: Arial; font-size: 12pt;\"><em><img loading=\"lazy\" decoding=\"async\" class=\" wp-image-11195 alignleft\" src=\"https:\/\/lemotdujour.fr\/wp-content\/uploads\/2021\/04\/Les-grands-evenements-de-lHistoire-Histoire-de-la-commune-300x225.jpg\" alt=\"\" width=\"445\" height=\"334\" srcset=\"https:\/\/lemotdujour.fr\/wp-content\/uploads\/2021\/04\/Les-grands-evenements-de-lHistoire-Histoire-de-la-commune-300x225.jpg 300w, https:\/\/lemotdujour.fr\/wp-content\/uploads\/2021\/04\/Les-grands-evenements-de-lHistoire-Histoire-de-la-commune.jpg 550w\" sizes=\"auto, (max-width: 445px) 100vw, 445px\" \/>Deux l\u00e9gitimit\u00e9s \u00e9taient aux prises : celle du gouvernement de Thiers issue d&rsquo;une \u00e9lection nationale voulue par Bismarck pour remplacer le pouvoir absolu du second empire d\u00e9fait.<br><\/em><\/span><\/p>\n<p><span style=\"color: purple; font-family: Arial; font-size: 12pt;\"><em>Celle de la Commune de Paris issue d&rsquo;un vote communal de la population parisienne.<br><\/em><\/span><\/p>\n<p><span style=\"color: purple; font-family: Arial; font-size: 12pt;\"><em>Ce fut une aventure humaine.<br><\/em><\/span><\/p>\n<p><span style=\"color: purple; font-family: Arial; font-size: 12pt;\"><em>Des femmes et des hommes voulurent mettre en \u0153uvre des utopies et une R\u00e9publique sociale.<br><\/em><\/span><\/p>\n<p><span style=\"color: purple; font-family: Arial; font-size: 12pt;\"><em>Mais le premier ressort de l&rsquo;insurrection fut le refus de la d\u00e9faite.<br><\/em><\/span><\/p>\n<p><span style=\"color: purple; font-family: Arial; font-size: 12pt;\"><em>Cet \u00e9pisode fut aussi celui de la violence, des ex\u00e9cutions sans jugement, des destructions.<br><\/em><\/span><\/p>\n<p><span style=\"color: purple; font-family: Arial; font-size: 12pt;\"><em>Il s&rsquo;acheva par la victoire totale des versaillais et les massacres inexcusables de la semaine sanglante.<br><\/em><\/span><\/p>\n<p><span style=\"color: purple; font-family: Arial; font-size: 12pt;\"><em>Cela se passa, il y a 150 ans.<br><\/em><\/span><\/p>\n<p style=\"margin-left: 14pt;\"><span style=\"color: navy; font-family: Verdana; font-size: 12pt;\"><strong>1. \u00ab&nbsp;Oui [il faut comm\u00e9morer] Napol\u00e9on, Non la commune&nbsp;\u00bb<br><\/strong><\/span><span style=\"color: maroon; font-family: Arial; font-size: 12pt;\">Pierre Nora<br><\/span><\/p>\n<p style=\"margin-left: 14pt;\"><span style=\"color: #7030a0; font-family: Arial;\"><em>Mot du jour du Lundi 22 mars 2021<br><\/em><\/span><\/p>\n<p><span style=\"color: #777777; font-family: Arial;\">Dans la France contemporaine qui s\u2019est fait une sp\u00e9cialit\u00e9 des comm\u00e9morations, l&rsquo;ann\u00e9e 2021 pose une difficult\u00e9 au gouvernement actuel : deux anniversaires seraient \u00e0 c\u00e9l\u00e9brer.<br><\/span><\/p>\n<p><span style=\"color: #777777; font-family: Arial;\">Or chacun de ces deux comm\u00e9morations potentielles.portent sa part d&rsquo;ombre.<br><\/span><\/p>\n<p><span style=\"color: #777777; font-family: Arial;\">La premi\u00e8re concerne La commune de Paris, l&rsquo;utopie de la R\u00e9publique sociale qui fut r\u00e9prim\u00e9e dans le sang par la R\u00e9publique de l&rsquo;ordre social.<br><\/span><\/p>\n<p><span style=\"color: #777777; font-family: Arial;\">La seconde concerne la mort de Napol\u00e9on Ier qui mena la France \u00e0 la gloire \u00e9ph\u00e8m\u00e8re des batailles gagn\u00e9es mais finit son r\u00e8gne par le d\u00e9sastre de Waterloo et laissa une France exsangue.<br><\/span><\/p>\n<p><span style=\"color: #777777; font-family: Arial;\">Dans ce premier mot de la s\u00e9rie, je discutai de la pertinence de l&rsquo;avis de l&rsquo;historien Pierre Nora qui privil\u00e9gie Napol\u00e9on Ier.<br><\/span><\/p>\n<p><a style=\"color: #0000ff;\" href=\"https:\/\/lemotdujour.fr\/?p=10901\">Lire l&rsquo;article<\/a><\/p>\n<p style=\"margin-left: 14pt;\"><span style=\"color: navy; font-family: Verdana; font-size: 12pt;\"><strong>2. \u00abLa Commune de 1871 plonge ses racines dans la guerre franco-prussienne.\u00bb<br><\/strong><\/span><span style=\"color: maroon; font-family: Arial; font-size: 12pt;\">Robert Baker<br><\/span><\/p>\n<p style=\"margin-left: 14pt;\"><span style=\"color: #7030a0; font-family: Arial;\"><em>Mot du jour du Mardi 23 mars 2021<br><\/em><\/span><\/p>\n<p><span style=\"color: #777777; font-family: Arial;\">La Commune fut une guerre civile entre fran\u00e7ais sous l\u2019\u0153il des prussiens vainqueurs de la guerre de 1870.<br><\/span><\/p>\n<p><span style=\"color: #777777; font-family: Arial;\">Elle s&rsquo;ajoute aux nombreuses guerres civiles que la France a connu dans son histoire.<br><\/span><\/p>\n<p><span style=\"color: #777777; font-family: Arial;\">La Commune dans l\u2019imaginaire de la Gauche, issue du r\u00e9cit marxiste de cette insurrection, consid\u00e8re que ce fut avant tout une guerre de classes. La commune \u00e9tant la premi\u00e8re tentative de r\u00e9volution communiste.<br><\/span><\/p>\n<p><span style=\"color: #777777; font-family: Arial;\">Mais les choses n\u2019ont pas \u00e9t\u00e9 aussi simple.<br><\/span><\/p>\n<p><span style=\"color: #777777; font-family: Arial;\">Le premier ressort de la Commune fut le refus d&rsquo;une partie du Peuple de Paris d&rsquo;accepter la d\u00e9faite su second empire devant les prussiens.<br><\/span><\/p>\n<p><a style=\"color: #0000ff;\" href=\"https:\/\/lemotdujour.fr\/?p=10913\">Lire l&rsquo;article<\/a><\/p>\n<p style=\"margin-left: 14pt;\"><span style=\"color: navy; font-family: Verdana; font-size: 12pt;\"><strong>3. \u00ab&nbsp;Ils se lev\u00e8rent pour la Commune, en \u00e9coutant chanter Pottier. Ils faisaient vivre la Commune en \u00e9coutant chanter Cl\u00e9ment \u00bb<br><\/strong><\/span><span style=\"color: maroon; font-family: Arial; font-size: 12pt;\">Jean Ferrat<br><\/span><\/p>\n<p style=\"margin-left: 14pt;\"><span style=\"color: #7030a0; font-family: Arial;\"><em>Mot du jour du Mercredi 24 mars 2021<br><\/em><\/span><\/p>\n<p><span style=\"color: #777777; font-family: Arial;\">La commune est aussi rest\u00e9e dans l\u2019imaginaire des fran\u00e7ais en raison des nombreuses chansons qu&rsquo;elle a inspir\u00e9es.<br><\/span><\/p>\n<p><span style=\"color: #777777; font-family: Arial;\">Ces chansons ont fait l\u2019Histoire. L\u2019\u00e9motion, la destin\u00e9e et la force de ces chansons me font toujours vibrer.<br><\/span><\/p>\n<p><span style=\"color: #777777; font-family: Arial;\">Pour entrer dans ce monde je me suis appuy\u00e9 sur la chanson que Jean Ferrat a compos\u00e9 pour les cent ans de la commune en 1971 : La commune<br><\/span><\/p>\n<p><span style=\"color: #777777; font-family: Arial;\">Cette chanson qui magnifie les femmes et les hommes qui ont particip\u00e9 \u00e0 cet \u00e9pisode \u00ab Comme un espoir mis en chantier\u00bb<br><\/span><\/p>\n<p><span style=\"color: #777777; font-family: Arial;\">Et Ferrat cite Eug\u00e8ne Pottier l\u2019auteur de \u00ab L\u2019internationale \u00bb<br><\/span><\/p>\n<p><span style=\"color: #777777; font-family: Arial;\">Et il cite en second \u00ab Jean Baptiste Cl\u00e9ment \u00bb l\u2019inoubliable auteur du \u00ab Temps des cerises \u00bb :<br><\/span><\/p>\n<p><span style=\"color: #777777; font-family: Arial;\">Mais il y en existe beaucoup d&rsquo;autres<br><\/span><\/p>\n<p><a style=\"color: #0000ff;\" href=\"https:\/\/lemotdujour.fr\/?p=10927\">Lire l&rsquo;article<\/a><\/p>\n<p style=\"margin-left: 14pt;\"><span style=\"color: navy; font-family: Verdana; font-size: 12pt;\"><strong>4. \u00ab La grande mesure de la Commune, ce fut sa propre existence \u00bb<br><\/strong><\/span><span style=\"color: maroon; font-family: Arial; font-size: 12pt;\">Karl Marx<br><\/span><\/p>\n<p style=\"margin-left: 14pt;\"><span style=\"color: #7030a0; font-family: Arial;\"><em>Mot du jour du Jeudi 25 mars 2021<br><\/em><\/span><\/p>\n<p><span style=\"color: #777777; font-family: Arial;\">Marx s\u2019est beaucoup int\u00e9ress\u00e9 \u00e0 cette r\u00e9volution. Il a \u00e9crit \u00ab La guerre civile en France \u00bb termin\u00e9 fin mai 1871, alors que la commune venait \u00e0 peine d\u2019\u00eatre \u00e9cras\u00e9e.<br><\/span><\/p>\n<p><span style=\"color: #777777; font-family: Arial;\">Quentin Deluermoz rapporte les propos que Marx a tenu:<br><\/span><\/p>\n<p><span style=\"color: #777777; font-family: Arial;\">\u00ab La grande mesure de la Commune, ce fut sa propre existence \u00bb.<br><\/span><\/p>\n<p><span style=\"color: #777777; font-family: Arial;\">L\u2019\u00e9tonnant c\u2019est en effet que cela a pu exister.<br><\/span><\/p>\n<p><span style=\"color: #777777; font-family: Arial;\">M\u00eame si en fin de compte cela a rat\u00e9.<br><\/span><\/p>\n<p><a style=\"color: #0000ff;\" href=\"https:\/\/lemotdujour.fr\/?p=10938\">Lire l&rsquo;article<\/a><\/p>\n<p style=\"margin-left: 14pt;\"><span style=\"color: navy; font-family: Verdana; font-size: 12pt;\"><strong>5. \u00ab On a d\u2019un c\u00f4t\u00e9 la l\u00e9gende noire des Versaillais pour qui les communards \u00e9taient des fous furieux et, de l\u2019autre, la l\u00e9gende rouge pour la gauche qui en fait une r\u00e9cup\u00e9ration politique \u00bb<br>\n<\/strong><\/span><span style=\"color: maroon; font-family: Arial; font-size: 12pt;\">Michel Cordillot<br>\n<\/span><\/p>\n<p style=\"margin-left: 14pt;\"><span style=\"color: #7030a0; font-family: Arial;\"><em>Mot du jour du Vendredi 26 mars 2021<br>\n<\/em><\/span><\/p>\n<p><span style=\"color: #777777; font-family: Arial;\"><img loading=\"lazy\" decoding=\"async\" class=\" wp-image-11199 alignleft\" src=\"https:\/\/lemotdujour.fr\/wp-content\/uploads\/2021\/04\/med_le-palais-des-tuileries-apres-l-incendie-de-mai-1871-bhvp-roger-viollet-jpg.jpg\" alt=\"\" width=\"476\" height=\"358\" srcset=\"https:\/\/lemotdujour.fr\/wp-content\/uploads\/2021\/04\/med_le-palais-des-tuileries-apres-l-incendie-de-mai-1871-bhvp-roger-viollet-jpg.jpg 1024w, https:\/\/lemotdujour.fr\/wp-content\/uploads\/2021\/04\/med_le-palais-des-tuileries-apres-l-incendie-de-mai-1871-bhvp-roger-viollet-jpg-300x226.jpg 300w, https:\/\/lemotdujour.fr\/wp-content\/uploads\/2021\/04\/med_le-palais-des-tuileries-apres-l-incendie-de-mai-1871-bhvp-roger-viollet-jpg-768x578.jpg 768w\" sizes=\"auto, (max-width: 476px) 100vw, 476px\" \/>La Commune divise encore la droite et la gauche.<br>\n<\/span><\/p>\n<p><span style=\"color: #777777; font-family: Arial;\">Un \u00e9pisode v\u00e9cu en 2021 \u00e0 l&rsquo;int\u00e9rieur du Conseil de Paris le montre.<br>\n<\/span><\/p>\n<p><span style=\"color: #777777; font-family: Arial;\">Entre la Gauche qui veut magnifier cet \u00e9pisode de l&rsquo;Histoire et la Droite qui ne veut pas c\u00e9l\u00e9brer des destructeurs de monuments de Paris, la tension reste vive.<br>\n<\/span><\/p>\n<p><span style=\"color: #777777; font-family: Arial;\">Les historiens ne parviennent pas non plus \u00e0 se mettre d&rsquo;accord sur le nombre des victimes.<br>\n<\/span><\/p>\n<p><span style=\"color: #777777; font-family: Arial;\">La Commune reste une plaie ouverte \u00e0 l&rsquo;int\u00e9rieur de la R\u00e9publique.<br>\n<\/span><\/p>\n<p><a style=\"color: #0000ff;\" href=\"https:\/\/lemotdujour.fr\/?p=10944\">Lire l&rsquo;article<\/a><\/p>\n<p style=\"margin-left: 14pt;\"><span style=\"color: navy; font-family: Verdana; font-size: 12pt;\"><strong>6. \u00ab Malgr\u00e9 toutes les hontes de la Commune, j\u2019aime mieux \u00eatre avec ces vaincus qu\u2019avec [leurs] vainqueurs. \u00bb<br><\/strong><\/span><span style=\"color: maroon; font-family: Arial; font-size: 12pt;\">Louis Nathaniel Rossel<br><\/span><\/p>\n<p style=\"margin-left: 14pt;\"><span style=\"color: #7030a0; font-family: Arial;\"><em>Mot du jour du Lundi 29 mars 2021<br><\/em><\/span><\/p>\n<p><span style=\"color: #777777; font-family: Arial;\">La commune fut d&rsquo;abord une aventure humaine.<br><\/span><\/p>\n<p><span style=\"color: #777777; font-family: Arial;\">J&rsquo;ai voulu \u00e9voquer certaines de ces femmes et de ces hommes qui ont particip\u00e9 \u00e0 cette insurrection.<br><\/span><\/p>\n<p><span style=\"color: #777777; font-family: Arial;\">Et j&rsquo;ai commence par le seul officier qui a ralli\u00e9 la Commune.<br><\/span><\/p>\n<p><span style=\"color: #777777; font-family: Arial;\">Le Colonel Louis Rossel qui fut admir\u00e9 par De Gaulle<br><\/span><\/p>\n<p><span style=\"color: #777777; font-family: Arial;\">Il se rallia, essaya d&rsquo;apporter de l&rsquo;organisation aux communeux et se d\u00e9couragea devant leur indiscipline<br><\/span><\/p>\n<p><span style=\"color: #777777; font-family: Arial;\">Mais au moment ultime, il choisit leur camp et pr\u00e9f\u00e9ra \u00eatre fusill\u00e9 que se rallier aux versaillais.<br><\/span><\/p>\n<p><a style=\"color: #0000ff;\" href=\"https:\/\/lemotdujour.fr\/?p=10965\">Lire l&rsquo;article<\/a><\/p>\n<p style=\"margin-left: 14pt;\"><span style=\"color: navy; font-family: Verdana; font-size: 12pt;\"><strong>7. \u00ab&nbsp;Gustave Courbet, la Commune et la destruction de la colonne Vend\u00f4me.&nbsp; \u00bb<br><\/strong><\/span><span style=\"color: maroon; font-family: Arial; font-size: 12pt;\">Une histoire du temps de la commune<br><\/span><\/p>\n<p style=\"margin-left: 14pt;\"><span style=\"color: #7030a0; font-family: Arial;\"><em>Mot du jour du Mardi 30 mars 2021<br><\/em><\/span><\/p>\n<p><span style=\"color: #777777; font-family: Arial;\">Le peintre Gustave Courbet fut aussi de la partie.<br><\/span><\/p>\n<p><span style=\"color: #777777; font-family: Arial;\">Il joua un r\u00f4le \u00e9minent dans les affaires culturelles qui jou\u00e8rent un si grand r\u00f4le dans la Commune.<br><\/span><\/p>\n<p><span style=\"color: #777777; font-family: Arial;\">On l&rsquo;accusa de la destruction de la colonne Vend\u00f4me.<br><\/span><\/p>\n<p><span style=\"color: #777777; font-family: Arial;\">On le condamna \u00e0 rembourser sa reconstruction.<br><\/span><\/p>\n<p><span style=\"color: #777777; font-family: Arial;\">Il fut ruin\u00e9 et mourut en exil.<br><\/span><\/p>\n<p><a style=\"color: #0000ff;\" href=\"https:\/\/lemotdujour.fr\/?p=10977\">Lire l&rsquo;article<\/a><\/p>\n<p style=\"margin-left: 14pt;\"><span style=\"color: navy; font-family: Verdana; font-size: 12pt;\"><strong>8. \u00ab&nbsp;S\u2019il y a des mis\u00e9reux dans la soci\u00e9t\u00e9, des gens sans asile, sans v\u00eatements et sans pain, c\u2019est que la soci\u00e9t\u00e9 dans laquelle nous vivons est mal organis\u00e9e.&nbsp;\u00bb<br><\/strong><\/span><span style=\"color: maroon; font-family: Arial; font-size: 12pt;\">Louise Michel<br><\/span><\/p>\n<p style=\"margin-left: 14pt;\"><span style=\"color: #7030a0; font-family: Arial;\"><em>Mot du jour du Jeudi 1 avril 2021<br><\/em><\/span><\/p>\n<p><span style=\"color: #777777; font-family: Arial;\">S&rsquo;il est un nom d&rsquo;une h\u00e9ro\u00efne de la Commune qui est c\u00e9l\u00e8bre c&rsquo;est celui de Louise Michel<br><\/span><\/p>\n<p><span style=\"color: #777777; font-family: Arial;\">La presse versaillaise la nomme \u00ab la Louve avide de sang \u00bb.<br><\/span><\/p>\n<p><span style=\"color: #777777; font-family: Arial;\">Elle \u00e9tait institutrice et anarchiste.<br><\/span><\/p>\n<p><span style=\"color: #777777; font-family: Arial;\">Elle participa avec ardeur \u00e0 cette aventure.<br><\/span><\/p>\n<p><span style=\"color: #777777; font-family: Arial;\">Elle fut exil\u00e9e en Nouvelle Cal\u00e9donie et continua l\u00e0 bas d&rsquo;essayer de mettre en \u0153uvre son humanisme.<br><\/span><\/p>\n<p><a style=\"color: #0000ff;\" href=\"https:\/\/lemotdujour.fr\/?p=10993\">Lire l&rsquo;article<\/a><\/p>\n<p style=\"margin-left: 14pt;\"><span style=\"color: navy; font-family: Verdana; font-size: 12pt;\"><strong>9. \u00ab&nbsp;Pas de r\u00e9volution sans les femmes&nbsp;\u00bb<br><\/strong><\/span><span style=\"color: maroon; font-family: Arial; font-size: 12pt;\">Carolyn J. Eichner<br><\/span><\/p>\n<p style=\"margin-left: 14pt;\"><span style=\"color: #7030a0; font-family: Arial;\"><em>Mot du jour du Vendredi 2 avril 2021<br><\/em><\/span><\/p>\n<p><span style=\"color: #777777; font-family: Arial;\">Si Louise Michel fut la plus c\u00e9l\u00e8bre des communardes, elle ne fut pas seule.<br><\/span><\/p>\n<p><span style=\"color: #777777; font-family: Arial;\">Il y eut aussi Andr\u00e9 L\u00e9o, \u00c9lisabeth Dmitrieff et Paule Mink.<br><\/span><\/p>\n<p><span style=\"color: #777777; font-family: Arial;\">Et d&rsquo;autres\u2026<br><\/span><\/p>\n<p><span style=\"color: #777777; font-family: Arial;\">Dans ce mot je pus aussi parler de ce magnifique outil historique qu&rsquo;est le \u00abMaitron\u00bb<br><\/span><\/p>\n<p><a style=\"color: #0000ff;\" href=\"https:\/\/lemotdujour.fr\/?p=11001\">Lire l&rsquo;article<\/a><\/p>\n<p style=\"margin-left: 14pt;\"><span style=\"color: navy; font-family: Verdana; font-size: 12pt;\"><strong>10. \u00ab Si nous r\u00e9ussissions \u00e0 transformer radicalement le r\u00e9gime social, la r\u00e9volution du 18 mars serait la plus efficace de celles qui ont eu lieu jusqu\u2019\u00e0 pr\u00e9sent. \u00bb<br>\n<\/strong><\/span><span style=\"color: maroon; font-family: Arial; font-size: 12pt;\">L\u00e9o Frankel<br>\n<\/span><\/p>\n<p style=\"margin-left: 14pt;\"><span style=\"color: #7030a0; font-family: Arial;\"><em>Mot du jour du Mardi 6 avril 2021<br>\n<\/em><\/span><\/p>\n<p><span style=\"color: #777777; font-family: Arial;\">L\u00e9o Frankel fut le seul \u00e9lu \u00e9tranger de la Commune de Paris et le plus jeune des communards internationalistes. .<br>\n<\/span><\/p>\n<p><span style=\"color: #777777; font-family: Arial;\"><img loading=\"lazy\" decoding=\"async\" class=\" wp-image-11198 alignright\" src=\"https:\/\/lemotdujour.fr\/wp-content\/uploads\/2021\/04\/13placedelacommunedeparis02.jpg\" alt=\"\" width=\"312\" height=\"305\" srcset=\"https:\/\/lemotdujour.fr\/wp-content\/uploads\/2021\/04\/13placedelacommunedeparis02.jpg 383w, https:\/\/lemotdujour.fr\/wp-content\/uploads\/2021\/04\/13placedelacommunedeparis02-300x294.jpg 300w\" sizes=\"auto, (max-width: 312px) 100vw, 312px\" \/>Il y eut d\u2019autres \u00e9trangers qui particip\u00e8rent \u00e0 la r\u00e9volte du commune ; mais ils n\u2019\u00e9taient pas \u00e9lu et ne faisaient pas partie du Conseil de le Commune<br>\n<\/span><\/p>\n<p><span style=\"color: #777777; font-family: Arial;\">Il \u00e9tait d\u2019origine juive, son p\u00e8re \u00e9tait m\u00e9decin. Il \u00e9tait n\u00e9 en 1844 \u00e0 Budapest.<br>\n<\/span><\/p>\n<p><span style=\"color: #777777; font-family: Arial;\">Il \u00e9tait proche de Karl Marx.<br>\n<\/span><\/p>\n<p><span style=\"color: #777777; font-family: Arial;\">A la fin de la semaine sanglante, il parvint \u00e0 s&rsquo;enfuir et \u00e0 rejoindre Marx \u00e0 Londres.<br>\n<\/span><\/p>\n<p><a style=\"color: #0000ff;\" href=\"https:\/\/lemotdujour.fr\/?p=11009\">Lire l&rsquo;article<\/a><\/p>\n<p style=\"margin-left: 14pt;\"><span style=\"color: navy; font-family: Verdana; font-size: 12pt;\"><strong>11. \u00ab&nbsp;Tant qu\u2019un homme pourra mourir de faim \u00e0 la porte d\u2019un palais o\u00f9 tout regorge, il n\u2019y aura rien de stable dans les institutions humaines.&nbsp;\u00bb<br><\/strong><\/span><span style=\"color: maroon; font-family: Arial; font-size: 12pt;\">Eug\u00e8ne Varlin<br><\/span><\/p>\n<p style=\"margin-left: 14pt;\"><span style=\"color: #7030a0; font-family: Arial;\"><em>Mot du jour du Jeudi 8 avril 2021<br><\/em><\/span><\/p>\n<p><span style=\"color: #777777; font-family: Arial;\">Quand je m\u2019empare d\u2019un sujet et que j\u2019essaie de l\u2019approfondir un peu, je fais des rencontres.<br><\/span><\/p>\n<p><span style=\"color: #777777; font-family: Arial;\">Et dans mes rencontres avec les femmes et les hommes du pass\u00e9 qui ont fait la Commune, Eug\u00e8ne Varlin occupe une place particuli\u00e8re, comme celle d\u2019un juste. Un juste qui est mort en martyr.<br><\/span><\/p>\n<p><span style=\"color: #777777; font-family: Arial;\">Il \u00e9tait dans le concret plut\u00f4t que dans les concepts et tenta de mettre en place des institutions qui aidaient les ouvriers et les pauvres de la soci\u00e9t\u00e9.<br><\/span><\/p>\n<p><span style=\"color: #777777; font-family: Arial;\">Il \u00e9tait de tous les combats progressistes pour les droits des femmes, pour l\u2019\u00e9mancipation intellectuelle des travailleurs, pour leur instruction int\u00e9grale et polytechnique.<br><\/span><\/p>\n<p><span style=\"color: #777777; font-family: Arial;\">Il fut lynch\u00e9 dans des conditions atroces \u00e0 la fin de la semaine sanglante<br><\/span><\/p>\n<p><a style=\"color: #0000ff;\" href=\"https:\/\/lemotdujour.fr\/?p=11022\">Lire l&rsquo;article<\/a><\/p>\n<p style=\"margin-left: 14pt;\"><span style=\"color: navy; font-family: Verdana; font-size: 12pt;\"><strong>12. \u00ab&nbsp;La Commune, c\u2019\u00e9tait la joie, la f\u00eate&nbsp;: pour la premi\u00e8re fois, ils ne sont plus la vile multitude mais enfin des \u00eatres humains, libres, beaucoup vont vivre cette libert\u00e9 et cette joie jusqu\u2019\u00e0 se faire tuer.&nbsp;\u00bb<br><\/strong><\/span><span style=\"color: maroon; font-family: Arial; font-size: 12pt;\">Mich\u00e8le Audin<br><\/span><\/p>\n<p style=\"margin-left: 14pt;\"><span style=\"color: #7030a0; font-family: Arial;\"><em>Mot du jour du Vendredi 9 avril 2021<br><\/em><\/span><\/p>\n<p><span style=\"color: #777777; font-family: Arial;\">Dans ce mot du jour, j&rsquo;ai voulu parler de tous les autres communeux.<br><\/span><\/p>\n<p><span style=\"color: #777777; font-family: Arial;\">Ceux qui dirigeaient mais aussi toutes celles et ceux qui animaient ce mouvement.<br><\/span><\/p>\n<p><span style=\"color: #777777; font-family: Arial;\">La Commune fut aussi une extraordianire lib\u00e9ration de la parole.<br><\/span><\/p>\n<p><span style=\"color: #777777; font-family: Arial;\">Les \u00e9glises furent utilis\u00e9es pour se r\u00e9unir et \u00e9changer sur tous les sujets du monde.<br><\/span><\/p>\n<p><span style=\"color: #777777; font-family: Arial;\">Mich\u00e8le Audin exprima cette effervescence par une formule lumineuse.<br><\/span><\/p>\n<p><a style=\"color: #0000ff;\" href=\"https:\/\/lemotdujour.fr\/?p=11028\">Lire l&rsquo;article<\/a><\/p>\n<p style=\"margin-left: 14pt;\"><span style=\"color: navy; font-family: Verdana; font-size: 12pt;\"><strong>13. \u00ab&nbsp;Une fois perdus le bon Dieu et les lendemains qui chantent, que reste-t-il ?&nbsp;\u00bb<br><\/strong><\/span><span style=\"color: maroon; font-family: Arial; font-size: 12pt;\">R\u00e9gis Debray<br><\/span><\/p>\n<p style=\"margin-left: 14pt;\"><span style=\"color: #7030a0; font-family: Arial;\"><em>Mot du jour du Lundi 12 avril 2021<br><\/em><\/span><\/p>\n<p><span style=\"color: #777777; font-family: Arial;\">Emmanuel Macron osa cette phrase \u00ab [Versailles, c\u2019est un lieu] o\u00f9 la R\u00e9publique [\u2026] s\u2019\u00e9tait retranch\u00e9e quand elle \u00e9tait menac\u00e9e\u2026\u00bb<br><\/span><\/p>\n<p><span style=\"color: #777777; font-family: Arial;\">L&rsquo;obs r\u00e9unit Melenchon et Nora pour d\u00e9battre de la Commune.<br><\/span><\/p>\n<p><span style=\"color: #777777; font-family: Arial;\">Mais R\u00e9gis Debray rappelle que la Commune fut aussi la poursuite d&rsquo;une utopie.<br><\/span><\/p>\n<p><span style=\"color: #777777; font-family: Arial;\">Et parall\u00e8lement, elle combattit l\u2019\u00c9glise.<br><\/span><\/p>\n<p><span style=\"color: #777777; font-family: Arial;\">Quand on ne croit plus ni \u00e0 l&rsquo;un ni \u00e0 l&rsquo;autre que reste t&rsquo;il ?<br><\/span><\/p>\n<p><a style=\"color: #0000ff;\" href=\"https:\/\/lemotdujour.fr\/?p=11042\">Lire l&rsquo;article<\/a><\/p>\n<p style=\"margin-left: 14pt;\"><span style=\"color: navy; font-family: Verdana; font-size: 12pt;\"><strong>14. \u00ab La Commune ne se laisse pas r\u00e9duire \u00e0 un \u00e9v\u00e9nement seulement parisien. \u00bb<br>\n<\/strong><\/span><span style=\"color: maroon; font-family: Arial; font-size: 12pt;\">Maurice Moissonnier<br>\n<\/span><\/p>\n<p style=\"margin-left: 14pt;\"><span style=\"color: #7030a0; font-family: Arial;\"><em>Mot du jour du Mardi 13 avril 2021<br>\n<\/em><\/span><\/p>\n<p><span style=\"color: #777777; font-family: Arial;\"><img loading=\"lazy\" decoding=\"async\" class=\"wp-image-11197 alignleft\" src=\"https:\/\/lemotdujour.fr\/wp-content\/uploads\/2021\/04\/Hommage_aux_massacres_de_la_commune_de_Lyon.jpg\" alt=\"\" width=\"454\" height=\"340\" srcset=\"https:\/\/lemotdujour.fr\/wp-content\/uploads\/2021\/04\/Hommage_aux_massacres_de_la_commune_de_Lyon.jpg 1280w, https:\/\/lemotdujour.fr\/wp-content\/uploads\/2021\/04\/Hommage_aux_massacres_de_la_commune_de_Lyon-300x225.jpg 300w, https:\/\/lemotdujour.fr\/wp-content\/uploads\/2021\/04\/Hommage_aux_massacres_de_la_commune_de_Lyon-1024x768.jpg 1024w, https:\/\/lemotdujour.fr\/wp-content\/uploads\/2021\/04\/Hommage_aux_massacres_de_la_commune_de_Lyon-768x576.jpg 768w\" sizes=\"auto, (max-width: 454px) 100vw, 454px\" \/>La Commune ne fut pas qu&rsquo;un ph\u00e9nom\u00e8ne parisien.<br>\n<\/span><\/p>\n<p><span style=\"color: #777777; font-family: Arial;\">D&rsquo;autres communes de province entr\u00e8rent dans cette lutte.<br>\n<\/span><\/p>\n<p><span style=\"color: #777777; font-family: Arial;\">Mais si la commune de Paris ne dura que 72 jours, les autres furent encore plus courtes.<br>\n<\/span><\/p>\n<p><span style=\"color: #777777; font-family: Arial;\">Parmi ces villes, Lyon avait une tradition de lutte qui venait des canuts.<br>\n<\/span><\/p>\n<p><span style=\"color: #777777; font-family: Arial;\">Mais ce fut un autre quartier que la Croix Rousse qui cette fois fut le plus pugnace : celui de la Guillloti\u00e8re.<br>\n<\/span><\/p>\n<p><a style=\"color: #0000ff;\" href=\"https:\/\/lemotdujour.fr\/?p=11052\">Lire l&rsquo;article<\/a><\/p>\n<p style=\"margin-left: 14pt;\"><span style=\"color: navy; font-family: Verdana; font-size: 12pt;\"><strong>15. \u00ab Je suis avec vous ! j\u2019ai cette sombre joie. Ceux qu\u2019on accable, ceux qu\u2019on frappe et qu\u2019on foudroie m\u2019attirent; je me sens leur fr\u00e8re. \u00bb<br>\n<\/strong><\/span><span style=\"color: maroon; font-family: Arial; font-size: 12pt;\">Victor Hugo, \u00ab L\u2019ann\u00e9e terrible \u00bb \u2013 \u00ab A ceux qu\u2019on foule aux pieds \u00bb<br>\n<\/span><\/p>\n<p style=\"margin-left: 14pt;\"><span style=\"color: #7030a0; font-family: Arial;\"><em>Mot du jour du Mercredi 14 avril 2021<br>\n<\/em><\/span><\/p>\n<p><span style=\"color: #777777; font-family: Arial;\"><img loading=\"lazy\" decoding=\"async\" class=\"wp-image-11211 alignright\" src=\"https:\/\/lemotdujour.fr\/wp-content\/uploads\/2021\/04\/Les-massacres-300x212.jpg\" alt=\"\" width=\"423\" height=\"299\" srcset=\"https:\/\/lemotdujour.fr\/wp-content\/uploads\/2021\/04\/Les-massacres-300x212.jpg 300w, https:\/\/lemotdujour.fr\/wp-content\/uploads\/2021\/04\/Les-massacres.jpg 600w\" sizes=\"auto, (max-width: 423px) 100vw, 423px\" \/>La plupart des grands \u00e9crivains \u00e9taient contre la Commune.<br>\n<\/span><\/p>\n<p><span style=\"color: #777777; font-family: Arial;\">Victor Hugo qui enterra un de ses enfants le jour qui vit d\u00e9buter la commune fut aussi hostile au d\u00e9but du mouvement.<br>\n<\/span><\/p>\n<p><span style=\"color: #777777; font-family: Arial;\">Mais devant la violence de la r\u00e9pression il prit partie pour les victimes.<br>\n<\/span><\/p>\n<p><span style=\"color: #777777; font-family: Arial;\">Il avait d\u00e9j\u00e0 \u00e9crit un po\u00e8me admirable sur Louise Michel qu&rsquo;il connaissait d&rsquo;avant la Commune.<br>\n<\/span><\/p>\n<p><span style=\"color: #777777; font-family: Arial;\">Dans soin recueil l&rsquo;ann\u00e9e terrible il eut des mots sublimes sur ceux de la Commune.<br>\n<\/span><\/p>\n<p><a style=\"color: #0000ff;\" href=\"https:\/\/lemotdujour.fr\/?p=11066\">Lire l&rsquo;article<\/a><\/p>\n<p style=\"margin-left: 14pt;\"><span style=\"color: navy; font-family: Verdana; font-size: 12pt;\"><strong>16. \u00abDeux jours avant l\u2019entr\u00e9e des Versaillais dans Paris, la Commune avait consacr\u00e9 deux heures de son temps \u00e0 parler de la culture ! \u00bb<br><\/strong><\/span><span style=\"color: maroon; font-family: Arial; font-size: 12pt;\">Jean-Louis Robert<br><\/span><\/p>\n<p style=\"margin-left: 14pt;\"><span style=\"color: #7030a0; font-family: Arial;\"><em>Mot du jour du Jeudi 15 avril 2021<br><\/em><\/span><\/p>\n<p><span style=\"color: #777777; font-family: Arial;\">Et pour finir\u2026.<br><\/span><\/p>\n<p><span style=\"color: #777777; font-family: Arial;\">J&rsquo;ai d&rsquo;abord \u00e9voqu\u00e9 une nouvelle fois, la magnifique \u0153uvre de Raphael Meyssan : \u00abLes Damn\u00e9s de la Commune \u00bb<br><\/span><\/p>\n<p><span style=\"color: #777777; font-family: Arial;\">Et puis reprenant un article d&rsquo;un historien j&rsquo;ai soulign\u00e9 que deux jours avant l\u2019entr\u00e9e des Versaillais dans Paris, la Commune avait consacr\u00e9 deux heures de son temps \u00e0 parler de la culture !<br><\/span><\/p>\n<p><span style=\"color: #777777; font-family: Arial;\"> La libert\u00e9 de la cr\u00e9ation et l\u2019importance de la Culture constituent une des plus nobles \u0153uvres que la Commune tenta de promouvoir.<br><\/span><\/p>\n<p><a style=\"color: #0000ff;\" href=\"https:\/\/lemotdujour.fr\/?p=11083\">Lire l&rsquo;article<\/a><\/p>\n\n\n<p><\/p>\n","protected":false},"excerpt":{"rendered":"<p>La commune de Paris dura 72 jours Elle d\u00e9buta le 18 mars 1871, lorsque la la population parisienne et les gardes nationaux refus\u00e8rent de rendre les canons, achet\u00e9s avec l\u2019argent d\u2019une souscription publique, au gouvernement de la France dirig\u00e9 par<\/p>\n","protected":false},"author":1,"featured_media":0,"parent":2543,"menu_order":-1,"comment_status":"closed","ping_status":"closed","template":"","meta":{"footnotes":""},"class_list":["post-11154","page","type-page","status-publish","hentry"],"_links":{"self":[{"href":"https:\/\/lemotdujour.fr\/index.php?rest_route=\/wp\/v2\/pages\/11154","targetHints":{"allow":["GET"]}}],"collection":[{"href":"https:\/\/lemotdujour.fr\/index.php?rest_route=\/wp\/v2\/pages"}],"about":[{"href":"https:\/\/lemotdujour.fr\/index.php?rest_route=\/wp\/v2\/types\/page"}],"author":[{"embeddable":true,"href":"https:\/\/lemotdujour.fr\/index.php?rest_route=\/wp\/v2\/users\/1"}],"replies":[{"embeddable":true,"href":"https:\/\/lemotdujour.fr\/index.php?rest_route=%2Fwp%2Fv2%2Fcomments&post=11154"}],"version-history":[{"count":18,"href":"https:\/\/lemotdujour.fr\/index.php?rest_route=\/wp\/v2\/pages\/11154\/revisions"}],"predecessor-version":[{"id":11219,"href":"https:\/\/lemotdujour.fr\/index.php?rest_route=\/wp\/v2\/pages\/11154\/revisions\/11219"}],"up":[{"embeddable":true,"href":"https:\/\/lemotdujour.fr\/index.php?rest_route=\/wp\/v2\/pages\/2543"}],"wp:attachment":[{"href":"https:\/\/lemotdujour.fr\/index.php?rest_route=%2Fwp%2Fv2%2Fmedia&parent=11154"}],"curies":[{"name":"wp","href":"https:\/\/api.w.org\/{rel}","templated":true}]}}